{"id":17446,"date":"2021-05-23T20:27:04","date_gmt":"2021-05-23T19:27:04","guid":{"rendered":"https:\/\/www.alliesofhumanity.org\/budskapen\/book-one\/questions-about-aliens\/"},"modified":"2021-05-27T20:54:33","modified_gmt":"2021-05-27T19:54:33","slug":"questions-about-aliens","status":"publish","type":"page","link":"https:\/\/www.alliesofhumanity.org\/sv\/budskapen\/book-one\/questions-about-aliens\/","title":{"rendered":"Sj\u00e4tte budskapet \u2014 Fr\u00e5gor och Svar"},"content":{"rendered":"\t\t<div data-elementor-type=\"wp-page\" data-elementor-id=\"17446\" class=\"elementor elementor-17446 elementor-2180\" data-elementor-post-type=\"page\">\t\t\t\t\t\t<section class=\"elementor-section elementor-top-section elementor-element elementor-element-693f849d elementor-section-boxed elementor-section-height-default elementor-section-height-default\" data-id=\"693f849d\" data-element_type=\"section\">\t\t\t\t\t\t<div class=\"elementor-container elementor-column-gap-default\">\t\t\t\t\t<div class=\"elementor-column elementor-col-100 elementor-top-column elementor-element elementor-element-5261b52\" data-id=\"5261b52\" data-element_type=\"column\">\t\t\t<div class=\"elementor-widget-wrap elementor-element-populated\">\t\t\t\t\t\t<div class=\"elementor-element elementor-element-b652b7d elementor-widget elementor-widget-text-editor\" data-id=\"b652b7d\" data-element_type=\"widget\" data-widget_type=\"text-editor.default\">\t\t\t\t<div class=\"elementor-widget-container\">\t\t\t\t\t\t\t\t\t<p class=\"nm-body-western\" lang=\"\" style=\"text-align: center;\"><em>Dessa fr\u00e5gor st\u00e4lldes till New Knowledge Library av m\u00e5nga f\u00f6rstag\u00e5ngsl\u00e4sare av Bundsf\u00f6rvanternas material.<\/em><\/p><p class=\"nm-body-western\" lang=\"\" style=\"text-align: center;\">______________________<\/p><p class=\"nm-body-western\" lang=\"\">Med tanke p\u00e5 den information vi hittills f\u00f6rmedlat anser vi det viktigt att besvara de fr\u00e5gor som st\u00e4llts om v\u00e5r verklighet och betydelsen av de budskap vi har kommit f\u00f6r att \u00f6verl\u00e4mna.<\/p><h2 class=\"nm-body-western\" style=\"text-align: center;\"><b>~<\/b><\/h2><h4 class=\"nm-body-western\">Med tanke p\u00e5 avsaknaden av tillf\u00f6rlitliga bevis, varf\u00f6r ska m\u00e4nniskor tro p\u00e5 vad ni ber\u00e4ttar f\u00f6r dem om Interventionen?<\/h4><p class=\"nm-body-western\" lang=\"\">Till att b\u00f6rja med, m\u00e5ste det finnas en hel del bevis f\u00f6r bes\u00f6ket i er v\u00e4rld. Vi har f\u00e5tt veta att s\u00e5 \u00e4r fallet. Dock har De Osynliga \u00e4ven ber\u00e4ttat f\u00f6r oss att m\u00e4nniskor inte vet hur de ska tolka dessa bevis och att de tolkar det p\u00e5 sitt eget s\u00e4tt \u2013 ger det den inneb\u00f6rd de f\u00f6redrar, en inneb\u00f6rd som f\u00f6r det mesta ska f\u00e5 dem att k\u00e4nna sig lugna och trygga. Vi \u00e4r s\u00e4kra p\u00e5 att det finns tillr\u00e4ckligt med bevis som ger st\u00f6d \u00e5t att Interventionen p\u00e5g\u00e5r i v\u00e4rlden, om man bara tar sig tid att se efter och utforska saken. Att era regeringar eller religi\u00f6sa ledare inte avsl\u00f6jar s\u00e5dana saker betyder inte att en s\u00e5dan stor h\u00e4ndelse inte sker mittibland er.<\/p><h2 class=\"nm-body-western\" style=\"text-align: center;\"><b>~<\/b><\/h2><h4 class=\"nm-body-western\">Hur kan m\u00e4nniskor veta att ni \u00e4r verkliga?<\/h4><p>Vi kan inte bevisa att vi \u00e4r verkliga genom att visa oss f\u00f6r er i fysisk form och d\u00e4rf\u00f6r m\u00e5ste ni urskilja inneb\u00f6rden och angel\u00e4genheten i det vi s\u00e4ger. I det h\u00e4r l\u00e4get \u00e4r det inte bara en fr\u00e5ga om tro. Det kr\u00e4vs ett djupare igenk\u00e4nnande, en Kunskap, en genklang. Vi tror att det vi s\u00e4ger \u00e4r sant, men det garanterar inte att v\u00e5ra ord tas emot s\u00e5 som vi avser. Vi kan inte p\u00e5verka hur v\u00e5rt budskap tas emot. Det finns m\u00e4nniskor som kr\u00e4ver om\u00f6jliga bevis. F\u00f6r andra \u00e4r detta inte n\u00f6dv\u00e4ndigt, ty de k\u00e4nner en inre bekr\u00e4ftelse.<\/p><p>Under tiden f\u00f6rblir vi kanske omtvistade, men vi hoppas och litar p\u00e5 att v\u00e5ra ord kan \u00f6verv\u00e4gas seri\u00f6st och att de bevis som faktiskt existerar, och de \u00e4r avsev\u00e4rda, kan samlas in och unders\u00f6kas av dem som \u00e4r villiga till engagemang och intresse f\u00f6r saken.<\/p><p>Som vi ser det finns det inget st\u00f6rre problem, utmaning eller tillf\u00e4lle som f\u00f6rtj\u00e4nar er uppm\u00e4rksamhet.<\/p><p>Ni \u00e4r p\u00e5 v\u00e4g att inse n\u00e5got nytt. Detta kr\u00e4ver tillit och sj\u00e4lvf\u00f6rtroende. M\u00e5nga kommer att avvisa v\u00e5ra ord helt enkelt d\u00e4rf\u00f6r att de inte tror att vi \u00f6verhuvudtaget skulle kunna finnas. Andra kommer kanske att tro att vi utg\u00f6r del av en manipulation som v\u00e4rlden \u00e4r utsatt f\u00f6r. Vi kan inte kontrollera dessa reaktioner. Vi kan endast tillk\u00e4nnage v\u00e5rt budskap och v\u00e5r n\u00e4rvaro i ert liv, hur avl\u00e4gsen denna n\u00e4rvaro \u00e4n \u00e4r. Det \u00e4r inte v\u00e5r n\u00e4rvaro h\u00e4r som \u00e4r viktigast, men det budskap vi kommit f\u00f6r att delge och det st\u00f6rre perspektiv och medvetande som vi kan tillhandah\u00e5lla. Er utbildning m\u00e5ste b\u00f6rja n\u00e5gonstans. All utbildning b\u00f6rjar med en \u00f6nskan att veta.<\/p><p>Vi hoppas genom v\u00e5ra budskap kunna vinna \u00e5tminstone en del av ert f\u00f6rtroende s\u00e5 att vi kan b\u00f6rja avsl\u00f6ja vad vi \u00e4r h\u00e4r f\u00f6r att erbjuda.<\/p><h2 class=\"nm-body-western\" style=\"text-align: center;\"><b>~<\/b><\/h2><h4 class=\"nm-body-western\">Vad vill ni s\u00e4ga till dem som anser att Interventionen \u00e4r n\u00e5got positivt?<\/h4><p>Vi f\u00f6rst\u00e5r att alla himmelska krafter f\u00f6rv\u00e4ntas vara f\u00f6rknippade med er andliga medvetenhet, traditioner och grundl\u00e4ggande trosuppfattningar. Tanken att det finns prosaiskt liv i universum utmanar s\u00e5dana grundl\u00e4ggande antaganden. Ur v\u00e5rt perspektiv och med erfarenhet fr\u00e5n v\u00e5ra egna kulturer f\u00f6rst\u00e5r vi dessa f\u00f6rv\u00e4ntningar. F\u00f6r l\u00e4nge sedan t\u00e4nkte vi sj\u00e4lva p\u00e5 samma s\u00e4tt. Men vi var tvungna att ge upp dem n\u00e4r vi stod ansikte mot ansikte med det St\u00f6rre Samfundets verklighet och konsekvensen av fr\u00e4mmande krafters bes\u00f6k.<\/p><p>Ni lever i ett storslaget fysiskt universum. Det \u00e4r fullt av liv. D\u00e4r finns or\u00e4kneliga livsformer som representerar exempel p\u00e5 m\u00e5nga olika niv\u00e5er av utvecklad intelligens och andlig medvetenhet. Det inneb\u00e4r att ni i det St\u00f6rre Samfundet kommer att m\u00f6ta i stort sett alla niv\u00e5er av utveckling.<\/p><p>Ni \u00e4r emellertid isolerade och reser f\u00f6r n\u00e4rvarande inte i rymden. Och \u00e4ven om ni hade m\u00f6jlighet att n\u00e5 andra v\u00e4rldar s\u00e5 \u00e4r universum enormt, och ingen kan \u00e4nnu ta sig fr\u00e5n ena \u00e4nden av galaxen till den andra med n\u00e5gon st\u00f6rre hastighet. Det fysiska universum f\u00f6rblir d\u00e4rf\u00f6r enormt och ofattbart. Ingen har bem\u00e4strat dess lagar. Ingen har er\u00f6vrat dess territorium. Ingen kan g\u00f6ra anspr\u00e5k p\u00e5 fullst\u00e4ndig dominans eller kontroll. Livet g\u00f6r oss p\u00e5 detta s\u00e4tt \u00f6dmjuka. Detta \u00e4r sant \u00e4ven p\u00e5 platser l\u00e5ngt bortom era gr\u00e4nser. Ni b\u00f6r d\u00e4rf\u00f6r f\u00f6rv\u00e4nta er att m\u00f6ta intelligenser som f\u00f6retr\u00e4der goda krafter, okunniga krafter och krafter som \u00e4r mera neutrala ang\u00e5ende er. N\u00e4r det g\u00e4ller det St\u00f6rre Samfundets rymdf\u00e4rder och utforskning kommer emellertid frambrytande raser som ni, s\u00e5 gott som undantagsl\u00f6st, att m\u00f6ta resursutforskare och kollektiv som \u00e4r ute f\u00f6r egen vinning i sin f\u00f6rsta kontakt med liv i det St\u00f6rre Samfundet.<\/p><p>Ang\u00e5ende bes\u00f6kets positiva tolkning \u00e4r det delvis en m\u00e4nsklig f\u00f6rv\u00e4ntan och den naturliga f\u00f6rhoppningen om ett positivt utfall och att s\u00f6ka hj\u00e4lp fr\u00e5n det St\u00f6rre Samfundet f\u00f6r problem som m\u00e4nskligheten inte har kunnat l\u00f6sa p\u00e5 egen hand. Det \u00e4r normalt att f\u00f6rv\u00e4nta sig s\u00e5dana saker, s\u00e4rskilt om man beaktar att era bes\u00f6kare har st\u00f6rre f\u00f6rm\u00e5gor \u00e4n ni sj\u00e4lva. En stor del av problemet vid tolkningen av det omfattande bes\u00f6ket har emellertid att g\u00f6ra med bes\u00f6karnas avsikt och agenda. Ty \u00f6verallt uppmuntrar de folk att betrakta deras n\u00e4rvaro h\u00e4r som helt och h\u00e5llet v\u00e4lg\u00f6rande f\u00f6r m\u00e4nskligheten och dess behov.<\/p><h2 class=\"nm-body-western\" style=\"text-align: center;\"><b>~<\/b><\/h2><h4 class=\"nm-body-western\">Om denna Intervention har p\u00e5g\u00e5tt s\u00e5 l\u00e4nge, varf\u00f6r kom ni inte tidigare?<\/h4><p class=\"nm-body-western\" lang=\"\">Vid ett tidigare tillf\u00e4lle, f\u00f6r m\u00e5nga \u00e5r sedan, bes\u00f6kte \u00e5tskilliga grupper av bundsf\u00f6rvanter er v\u00e4rld i ett f\u00f6rs\u00f6k att f\u00f6rmedla ett hoppfullt budskap, att f\u00f6rbereda m\u00e4nskligheten. Men tyv\u00e4rr, det var ingen som f\u00f6rstod deras budskap, utan budskapen missbrukades av det f\u00e5tal som kunde ta emot dem. I deras sl\u00e4pt\u00e5g har bes\u00f6karna fr\u00e5n kollektiven anhopats och samlats h\u00e4r. Vi har vetat att detta skulle h\u00e4nda, ty er v\u00e4rld \u00e4r alltf\u00f6r v\u00e4rdefull att l\u00e4mna d\u00e4rh\u00e4n, och som vi sagt tidigare, den existerar inte i en avl\u00e4gsen och undanskymd del av universum. Er v\u00e4rld har varit f\u00f6rem\u00e5l f\u00f6r observation under l\u00e5ng tid av de som vill anv\u00e4nda den i eget intresse.<\/p><h2 class=\"nm-body-western\" style=\"text-align: center;\"><b>~<\/b><\/h2><h4 class=\"nm-body-western\">Varf\u00f6r kan inte v\u00e5ra bundsf\u00f6rvanter hejda Interventionen?<\/h4><p>Vi \u00e4r endast h\u00e4r f\u00f6r att observera och ge r\u00e5d. M\u00e4nsklighetens viktiga beslut ligger i era egna h\u00e4nder. Ingen annan kan fatta beslut \u00e5t er. Inte ens era b\u00e4sta v\u00e4nner l\u00e5ngt bortom er v\u00e4rld kan ingripa, ty det skulle orsaka krig, och er v\u00e4rld skulle bli ett slagf\u00e4lt mellan krigf\u00f6rande krafter. Och om era v\u00e4nner skulle avg\u00e5 med segern kommer ni att bli fullst\u00e4ndigt beroende av dem, of\u00f6rm\u00f6gna att ta hand om er sj\u00e4lva eller uppr\u00e4tth\u00e5lla er egen s\u00e4kerhet i universum. Vi k\u00e4nner ingen v\u00e4lvillig ras som skulle ta p\u00e5 sig en s\u00e5dan b\u00f6rda. Och det skulle faktiskt inte vara till er f\u00f6rdel. Ty ni skulle bli ett underlydande samh\u00e4lle \u00e5t en annan makt och regeras p\u00e5 avst\u00e5nd.<\/p><p>Detta \u00e4r inte p\u00e5 n\u00e5got s\u00e4tt gynnsamt f\u00f6r er, och av den anledningen sker det inte heller. Likv\u00e4l kommer bes\u00f6karna att utm\u00e5la sig sj\u00e4lva som fr\u00e4lsare och r\u00e4ddare av m\u00e4nskligheten. De kommer att utnyttja er godtrogenhet. De kommer att utnyttja era f\u00f6rv\u00e4ntningar, och de kommer fullt ut att f\u00f6rs\u00f6ka dra f\u00f6rdel av er tillit.<\/p><p>D\u00e4rf\u00f6r \u00e4r det v\u00e5r uppriktiga \u00f6nskan att v\u00e5ra ord kan tj\u00e4na som ett motgift mot deras n\u00e4rvaro och mot deras manipulation och missbruk. Ty era r\u00e4ttigheter kr\u00e4nks. Ert territorium infiltreras. Era regeringar \u00f6vertygas. Och era religi\u00f6sa ideologier och ingivelser leds i ny riktning.<\/p><p>Sanningen ang\u00e5ende detta m\u00e5ste uppdagas. Och vi kan endast f\u00f6rlita oss p\u00e5 att ni kan ta emot denna sanning. Vi kan endast hoppas att \u00f6vertalningsf\u00f6rs\u00f6ket inte har g\u00e5tt f\u00f6r l\u00e5ngt.<\/p><h2 class=\"nm-body-western\" style=\"text-align: center;\"><b>~<\/b><\/h2><h4 class=\"nm-body-western\">Vilka realistiska m\u00e5l kan vi s\u00e4tta, och vilka medel m\u00e5ste vi ta till f\u00f6r att inte m\u00e4nskligheten ska f\u00f6rlora sitt sj\u00e4lvbest\u00e4mmande?<\/h4><p>Det f\u00f6rsta steget \u00e4r medvetenhet. M\u00e5nga m\u00e4nniskor m\u00e5ste bli medvetna om att jorden \u00e4r utsatt f\u00f6r bes\u00f6k, att fr\u00e4mmande makter verkar h\u00e4r i hemlighet och f\u00f6rs\u00f6ker undanh\u00e5lla sin agenda och sina f\u00f6rehavanden fr\u00e5n m\u00e4nsklig uppm\u00e4rksamhet. Det m\u00e5ste bli uppenbart att deras n\u00e4rvaro h\u00e4r utg\u00f6r en stor utmaning f\u00f6r m\u00e4nsklig frihet och sj\u00e4lvbest\u00e4mmande. Agendan som de fr\u00e4mjar och Passiviseringsprogrammet de befordrar m\u00e5ste motarbetas med sans och vett. Denna motaktion m\u00e5ste \u00e4ga rum. Det finns m\u00e5nga m\u00e4nniskor i v\u00e4rlden nu som kan f\u00f6rst\u00e5 detta. D\u00e4rf\u00f6r \u00e4r det f\u00f6rsta steget medvetenhet.<\/p><p>N\u00e4sta steg \u00e4r utbildning. Det \u00e4r n\u00f6dv\u00e4ndigt f\u00f6r m\u00e5nga m\u00e4nniskor i olika kulturer och l\u00e4nder att l\u00e4ra om livet i det St\u00f6rre Samfundet och b\u00f6rja komma till insikt om vad som v\u00e4ntar dem och \u00e4ven vad man h\u00e5ller p\u00e5 med just nu.<\/p><p>Realistiska m\u00e5l \u00e4r d\u00e4rf\u00f6r medvetenhet och utbildning. Detta skulle i sig sj\u00e4lvt motverka bes\u00f6karnas agenda i v\u00e4rlden. De agerar just nu med ytterst lite motst\u00e5nd. De st\u00f6ter p\u00e5 obetydlig opposition. Alla som f\u00f6rs\u00f6ker se dem som \u201dm\u00e4nsklighetens bundsf\u00f6rvanter\u201d m\u00e5ste l\u00e4ra sig att s\u00e5 \u00e4r inte fallet. Kanske r\u00e4cker inte v\u00e5ra ord, med de utg\u00f6r en b\u00f6rjan.<\/p><h2 class=\"nm-body-western\" style=\"text-align: center;\"><b>~<\/b><\/h2><h4 class=\"nm-body-western\">Var finns denna utbildning?<\/h4><p class=\"nm-body-western\" lang=\"\">Utbildningen finns i det St\u00f6rre Samfundets V\u00e4g till Kunskap som just nu introduceras i v\u00e4rlden. Trots att den inneb\u00e4r en ny insikt ang\u00e5ende liv och andlighet i universum \u00e4r den f\u00f6rbunden med all den genuina andlighet som redan finns i er v\u00e4rld \u2013 andlighet som v\u00e4rdes\u00e4tter m\u00e4nsklig frihet och inneb\u00f6rden av sann religiositet, och som v\u00e4rdes\u00e4tter samarbete, fred och harmoni inom den m\u00e4nskliga familjen. Undervisningen i V\u00e4gen till Kunskap frammanar d\u00e4rf\u00f6r alla de stora sanningar som redan finns i er v\u00e4rld och ger dessa en omf\u00e5ngsrikare kontext och ett st\u00f6rre uttrycksf\u00e4lt. P\u00e5 s\u00e5 s\u00e4tt ers\u00e4tter det St\u00f6rre Samfundets V\u00e4g till Kunskap inte v\u00e4rldens religioner, men erbjuder en rymligare kontext inom vilken religionerna kan vara verkligt meningsfulla och relevanta f\u00f6r er tids\u00e5lder.<\/p><h4 class=\"nm-body-western\">Hur sprider vi ert budskap till andra?<\/h4><p class=\"nm-body-western\" lang=\"\">Sanningen finns inom varje m\u00e4nniska. Om ni kan tala till sanningen i en m\u00e4nniska v\u00e4cks den till liv och blir starkare . V\u00e5r stora f\u00f6rhoppning, De Osynligas hopp, de andliga krafter som tj\u00e4nar er v\u00e4rld, och hoppet hos dem som v\u00e4rdes\u00e4tter m\u00e4nsklig frihet och \u00f6nskar se att ert intr\u00e4de i det St\u00f6rre Samfundet f\u00f6rverkligas framg\u00e5ngsrikt, f\u00f6rlitar sig p\u00e5 denna sanning som lever i alla m\u00e4nniskor. Vi kan inte p\u00e5tvinga er denna medvetenhet. Vi kan endast avsl\u00f6ja den f\u00f6r er och f\u00f6rlita oss p\u00e5 att ni och andra svarar an p\u00e5 storslagenheten hos den Kunskap som Skaparen har f\u00f6rl\u00e4nat er.<\/p><h2 class=\"nm-body-western\" style=\"text-align: center;\"><b>~<\/b><\/h2><h4 class=\"nm-body-western\">Vilken \u00e4r m\u00e4nsklighetens styrka n\u00e4r det g\u00e4ller att mots\u00e4tta sig Interventionen?<\/h4><p>Genom att observera er v\u00e4rld, och genom vad De Osynliga har ber\u00e4ttat f\u00f6r oss om saker vi inte kan se, f\u00f6rst\u00e5r vi att ni, trots de stora problemen i er v\u00e4rld, \u00e4r tillr\u00e4ckligt sj\u00e4lvst\u00e4ndiga f\u00f6r att kunna motarbeta Interventionen. Detta till skillnad mot m\u00e5nga andra v\u00e4rldar, d\u00e4r individuell frihet aldrig ens b\u00f6rjat etableras. Efterhand som dessa v\u00e4rldar st\u00f6ter p\u00e5 fr\u00e4mmande makter och upplever det St\u00f6rre Samfundets verkliga liv begr\u00e4nsas p\u00e5tagligt deras m\u00f6jlighet att etablera frihet och oberoende.<\/p><p>D\u00e4rf\u00f6r ligger er stora styrka i att ni redan vet vad m\u00e4nsklig frihet inneb\u00e4r och att detta v\u00e4rdes\u00e4tts och uppskattas av m\u00e5nga i er v\u00e4rld, om \u00e4n kanske inte av alla. Ni \u00e4r medvetna om att ni har n\u00e5got ni kan f\u00f6rlora.. Ni v\u00e4rdes\u00e4tter det ni redan har, i den utstr\u00e4ckning det har etablerats. Ni vill inte styras av fr\u00e4mmande makter. Ni vill inte ens styras av m\u00e4nskliga auktoriteter. Detta \u00e4r d\u00e4rf\u00f6r en b\u00f6rjan.<\/p><p>Eftersom er v\u00e4rld har rika andliga traditioner vilka utvecklat Kunskap i m\u00e4nniskor samt utvecklat hennes samarbetsf\u00f6rm\u00e5ga och medvetenhet, s\u00e5 har medvetenheten om Kunskap redan etablerats. \u00c5terigen, i andra v\u00e4rldar d\u00e4r Kunskap aldrig etablerades finns ringa hopp att med framg\u00e5ng etablera den vid tr\u00f6skeln till intr\u00e4de i det St\u00f6rre Samfundet. Kunskapen \u00e4r stark nog hos tillr\u00e4ckligt m\u00e5nga m\u00e4nniskor h\u00e4r f\u00f6r att de ska kunna l\u00e4ra sig om livets verklighet i det St\u00f6rre Samfundet och f\u00f6rst\u00e5 vad som just nu p\u00e5g\u00e5r mittibland dem. Av denna anledning \u00e4r vi hoppfulla, ty vi f\u00f6rlitar oss p\u00e5 m\u00e4nsklig visdom. Vi litar p\u00e5 att folk kan h\u00f6ja sig \u00f6ver egoism, sj\u00e4lvupptagenhet och sj\u00e4lvbevarelsedrift f\u00f6r att betrakta livet i ett st\u00f6rre sammanhang och k\u00e4nna st\u00f6rre ansvar f\u00f6r sina medm\u00e4nniskor.<\/p><p>Kanske \u00e4r v\u00e5rt f\u00f6rtroende grundl\u00f6st, men vi f\u00f6rlitar oss p\u00e5 att De Osynliga har givit oss goda r\u00e5d ang\u00e5ende det. Som en f\u00f6ljd av detta uts\u00e4tter vi oss sj\u00e4lva f\u00f6r risk genom att befinna oss i n\u00e4rheten av er v\u00e4rld och bevittna vad som h\u00e4nder bortom era gr\u00e4nser, h\u00e4ndelser som har en direkt betydelse f\u00f6r er framtid och ert \u00f6de.<\/p><p>M\u00e4nskligheten har stor potential. Medvetenheten om era problem \u00f6kar \u2013 bristen p\u00e5 samarbete mellan nationer, milj\u00f6f\u00f6rst\u00f6relsen, era minskande resurser och s\u00e5 vidare. Om dessa problem vore ok\u00e4nda f\u00f6r er befolkning, om dessa fr\u00e5gor hade hemligh\u00e5llits i en s\u00e5dan utstr\u00e4ckning att folk inte k\u00e4nde till dem, d\u00e5 vore vi inte lika hoppfulla. Men, faktum kvarst\u00e5r att m\u00e4nskligheten har m\u00f6jligheten och chansen att hindra vilken som helst intervention i v\u00e4rlden.<\/p><h2 class=\"nm-body-western\" style=\"text-align: center;\"><b>~<\/b><\/h2><h4 class=\"nm-body-western\">Kommer detta att utveckla sig till en milit\u00e4r invasion?<\/h4><p>Som vi sagt tidigare, er v\u00e4rld \u00e4r alltf\u00f6r v\u00e4rdefull f\u00f6r att uts\u00e4ttas f\u00f6r en milit\u00e4r invasion. Ingen av dem som bes\u00f6ker er v\u00e4rld vill f\u00f6rst\u00f6ra dess infrastruktur eller dess naturtillg\u00e5ngar. Det \u00e4r av den anledningen som bes\u00f6karna inte vill f\u00f6rinta m\u00e4nskligheten, men ist\u00e4llet f\u00f6rs\u00f6ker utnyttja m\u00e4nskligheten att tj\u00e4na deras kollektiv.<\/p><p>F\u00f6r att motverka detta f\u00f6rser vi er med utbildning och vi informerar om den f\u00f6rberedelsemetod som \u00e4r p\u00e5 v\u00e4g in i v\u00e4rlden nu. Om ni inte redan k\u00e4nde till m\u00e4nsklig frihet, om ni inte redan var medvetna om er v\u00e4rlds inhemska problem, d\u00e5 skulle vi inte kunna anf\u00f6rtro er med en s\u00e5dan f\u00f6rberedelse. Och vi skulle inte tro att v\u00e5ra ord gav genklang med sanningen inom er. Det \u00e4r inte milit\u00e4r invasion som hotar er. Det \u00e4r kraften som finns i lockelser och \u00f6vertalning. Detta hot bygger p\u00e5 er egen svaghet, er sj\u00e4lvupptagenhet, er okunnighet om livet i det St\u00f6rre Samfundet och p\u00e5 er blinda optimism ang\u00e5ende er framtid och livets konsekvenser bortom era egna gr\u00e4nser.<\/p><p>F\u00f6r att motverka detta ger vi er en undervisning och informerar om ett s\u00e4tt att f\u00f6rbereda er. Om ni inte redan k\u00e4nde till vad m\u00e4nsklig frihet inneb\u00e4r, om ni inte redan vore medvetna om v\u00e4rldens inhemska problem, skulle vi inte kunna anf\u00f6rtro er en s\u00e5dan f\u00f6rberedelse och vi skulle inte lita p\u00e5 att v\u00e5ra ord skulle genklinga med den sanningen i er.<\/p><h2 class=\"nm-body-western\" style=\"text-align: center;\"><b>~<\/b><\/h2><h4 class=\"nm-body-western\">Kan ni p\u00e5verka m\u00e4nniskor lika kraftfullt som bes\u00f6karna g\u00f6r, men med goda avsikter?<\/h4><p>V\u00e5r avsikt \u00e4r inte att p\u00e5verka individer. Vi avser endast att p\u00e5visa problemet och den verklighet ni \u00e4r p\u00e5 v\u00e4g in i. De Osynliga f\u00f6rser er med de faktiska resurserna f\u00f6r er f\u00f6rberedelse, ty det kommer fr\u00e5n Skaparen av allt liv. I detta avseende p\u00e5verkar De Osynliga individer f\u00f6r det goda. Men det finns f\u00f6rbeh\u00e5ll. Som vi sagt tidigare, ert sj\u00e4lvbest\u00e4mmande m\u00e5ste st\u00e4rkas. Er styrka m\u00e5ste \u00f6ka. Samarbete inom den m\u00e4nskliga familjen m\u00e5ste uppmuntras.<\/p><p>Det finns gr\u00e4nser f\u00f6r hur mycket vi kan hj\u00e4lpa. V\u00e5r grupp \u00e4r liten. Vi finns inte mittibland er. Den angel\u00e4gna f\u00f6rst\u00e5elsen av er nya verklighet m\u00e5ste f\u00f6rmedlas fr\u00e5n individ till individ. Den kan inte tvingas p\u00e5 er av en fr\u00e4mmande makt, \u00e4ven om det vore f\u00f6r ert eget b\u00e4sta. Om vi fr\u00e4mjade en s\u00e5dant plan f\u00f6r \u00f6vertalning skulle vi inte gynna er frihet och sj\u00e4lvbest\u00e4mmande. I detta avseende kan ni inte bete er som barn. Ni m\u00e5ste bli vuxna och ta ansvar. Det \u00e4r er frihet som st\u00e5r p\u00e5 spel. Det \u00e4r er v\u00e4rld som hotas. Det \u00e4r ert samarbete med varandra som beh\u00f6vs.<\/p><p>Ni har nu en bra anledning att ena er ras, ty ingen av er kommer att vinna n\u00e5got utan era medm\u00e4nniskor. Ingen nation kommer att triumfera om n\u00e5gon annan nation faller under fr\u00e4mmande makts kontroll. M\u00e4nsklig frihet m\u00e5ste vara total. Samarbetet m\u00e5ste \u00e4ga rum i hela v\u00e4rlden. Ty nu befinner sig alla i samma situation. Bes\u00f6karna favoriserar inte n\u00e5gon grupp, ras eller nation mer \u00e4n n\u00e5gon annan. De s\u00f6ker endast minsta m\u00f6jliga motst\u00e5nd f\u00f6r att etablera sin n\u00e4rvaro och sitt herrav\u00e4lde i er v\u00e4rld.<\/p><h2 class=\"nm-body-western\" style=\"text-align: center;\"><b>~<\/b><\/h2><h4 class=\"nm-body-western\">Hur omfattande \u00e4r deras infiltration av m\u00e4nskligheten?<\/h4><p class=\"nm-body-western\" lang=\"\">Bes\u00f6karna har en markant n\u00e4rvaro i de mest utvecklade nationerna i er v\u00e4rld, speciellt i Europa, Ryssland, Japan och F\u00f6renta Staterna. Dessa anses vara de starkaste nationerna, med st\u00f6rst makt och inflytande. Det \u00e4r dessa l\u00e4nder bes\u00f6karna kommer att koncentrera sig p\u00e5. De bortf\u00f6r emellertid folk fr\u00e5n hela v\u00e4rlden, och de breddar sitt Passiviseringsprogram till alla som de sn\u00e4rjer, om dessa personer \u00e4r mottagliga f\u00f6r deras inflytande. Bes\u00f6karnas n\u00e4rvaro \u00e4r d\u00e4rf\u00f6r global, men de koncentrerar sig p\u00e5 dem som de hoppas blir deras allierade. Dessa utg\u00f6rs av de nationer, regeringar och religi\u00f6sa ledare som besitter st\u00f6rsta makt och dominans \u00f6ver m\u00e4nskligt t\u00e4nkande och tro.<\/p><h2 class=\"nm-body-western\" style=\"text-align: center;\"><b>~<\/b><\/h2><h4 class=\"nm-body-western\">Hur l\u00e5ng tid har vi p\u00e5 oss?<\/h4><p class=\"nm-body-western\" lang=\"\">Hur l\u00e5ng tid har ni p\u00e5 er? Ni har en viss tid p\u00e5 er, men vi vet inte hur l\u00e5ng. Vi kommer emellertid med ett angel\u00e4get budskap. Det \u00e4r inte ett problem som man enkelt kan bortse ifr\u00e5n eller f\u00f6rneka. Som vi ser det utg\u00f6r detta problem den viktigaste utmaning m\u00e4nskligheten st\u00e5r inf\u00f6r. Det \u00e4r av st\u00f6rsta vikt, h\u00f6gsta prioritet. Ni \u00e4r sent ute med er f\u00f6rberedelse. Detta orsakades av m\u00e5nga anledningar bortom er kontroll. Men det finns tid, om ni kan svara an. Utg\u00e5ngen \u00e4r os\u00e4ker men \u00e4n finns hopp om framg\u00e5ng.<\/p><h2 class=\"nm-body-western\" style=\"text-align: center;\"><b>~<\/b><\/h2><h4 class=\"nm-body-western\">Hur kan vi koncentrera oss p\u00e5 denna Intervention n\u00e4r vi har en o\u00e4ndlig m\u00e4ngd andra globala problem just nu?<\/h4><p class=\"nm-body-western\" lang=\"\">F\u00f6rst och fr\u00e4mst anser vi att det inte finns n\u00e5gra andra problem i v\u00e4rlden som \u00e4r lika viktiga som detta. Som vi ser det kommer allt ni kan l\u00f6sa p\u00e5 egen hand att ha ganska liten betydelse i framtiden om ni f\u00f6rlorar er frihet. Vad skulle ni hoppas att vinna? Vad skulle ni hoppas uppn\u00e5 eller s\u00e4kerst\u00e4lla om ni inte \u00e4r fria i det St\u00f6rre Samfundet? Allt vad ni uppn\u00e5tt skulle \u00f6verl\u00e4mnas till era nya herrar; all er rikedom skulle tilldelas dem. Och trots att era bes\u00f6kare inte \u00e4r grymma s\u00e5 \u00e4r de fullst\u00e4ndigt h\u00e4ngivna sin agenda. Ni \u00e4r endast v\u00e4rdefulla i den m\u00e5n ni \u00e4r anv\u00e4ndbara f\u00f6r deras syfte. Det \u00e4r av denna anledning som vi inte tycker att det finns n\u00e5gra viktigare problem som m\u00e4nskligheten st\u00e5r inf\u00f6r.<\/p><p class=\"image-quote float-right\"><img decoding=\"async\" src=\"https:\/\/www.alliesofhumanity.org\/wp-content\/uploads\/2020\/12\/quote-book1-briefing6-1.png\" alt=\"\" \/><\/p><blockquote id=\"quote-2\" class=\"text-quote float-right bg-black\">De viktigaste fr\u00e5gorna ni m\u00e5ste st\u00e4lla er sj\u00e4lva \u00e4r kanske: \u201d\u00c4r vi m\u00e4nniskor ensamma i universum eller i v\u00e5r egen v\u00e4rld? \u00c4r vi bes\u00f6kta just nu? \u00c4r detta bes\u00f6k f\u00f6rdelaktigt f\u00f6r oss? Beh\u00f6ver vi f\u00f6rbereda oss?<\/blockquote><h2 class=\"nm-body-western\" style=\"text-align: center;\"><b>~<\/b><\/h2><h4 class=\"nm-body-western\">Vilka kan t\u00e4nkas svara an p\u00e5 denna situation?<\/h4><p class=\"nm-body-western\" lang=\"\">Ang\u00e5ende vem som kan svara an s\u00e5 finns det m\u00e5nga m\u00e4nniskor i dagens v\u00e4rld som har en inneboende kunskap om det St\u00f6rre Samfundet och \u00e4r lyh\u00f6rda f\u00f6r det. Det finns m\u00e5nga andra som redan har bortf\u00f6rts av bes\u00f6karna men som inte har gett efter f\u00f6r dem eller deras \u00f6vertalningsf\u00f6rs\u00f6k. Och det finns m\u00e5nga andra som \u00e4r bekymrade om v\u00e4rldens framtid och som \u00e4r medvetna om de faror m\u00e4nskligheten st\u00e5r inf\u00f6r. M\u00e4nniskor som tillh\u00f6r alla eller n\u00e5gon av dessa tre kategorier \u00e4r kanske bland de f\u00f6rsta som svarar an mot det St\u00f6rre Samfundets verklighet och f\u00f6rberedelse. De kommer fr\u00e5n m\u00e5nga olika yrkesgrupper, olika l\u00e4nder, olika religi\u00f6s bakgrund eller olika samh\u00e4llsklasser. De finns bokstavligen \u00f6ver hela v\u00e4rlden. Det \u00e4r p\u00e5 dessa m\u00e4nniskor och deras gensvar som de stora Andliga Krafterna som skyddar och \u00f6vervakar m\u00e4nsklig v\u00e4lf\u00e4rdf\u00f6rlitar sig.<\/p><h2 class=\"nm-body-western\" style=\"text-align: center;\"><b>~<\/b><\/h2><h4 class=\"nm-body-western\">Ni s\u00e4ger att m\u00e4nniskor bortf\u00f6rs \u00f6ver hela v\u00e4rlden. Hur kan man skydda sig sj\u00e4lva eller andra fr\u00e5n att bli kidnappade?<\/h4><p>Ju starkare ni blir i Kunskap och ju mer medvetna ni blir om bes\u00f6karnas n\u00e4rvaro, desto ointressantare blir ni f\u00f6r deras unders\u00f6kningar och manipulation. Ju mer ni anv\u00e4nder era m\u00f6ten med dem f\u00f6r att vinna kunskap om dem, desto mer av en risk blir ni f\u00f6r dem. Som vi har sagt tidigare, de s\u00f6ker minsta m\u00f6jliga motst\u00e5nd. De vill ha individer som \u00e4r medg\u00f6rliga och fogliga. De vill ha individer som orsakar dem f\u00e5 problem och lite bekymmer. Men allteftersom ni blir starka med Kunskap kommer ni att befinna er bortom deras kontroll d\u00e4rf\u00f6r att d\u00e5 kan de inte sn\u00e4rja ert sinne eller ert hj\u00e4rta. Och \u00f6ver tid kommer ni att ha f\u00f6rm\u00e5gan att se in i deras sinnen, vilket de inte \u00f6nskar. D\u00e5 utg\u00f6r ni en fara f\u00f6r dem, en utmaning, och de kommer att undvika er om de kan.<\/p><p>Bes\u00f6karna vill inte bli avsl\u00f6jade. De vill inte ha konflikt. De \u00e4r \u00f6verdrivet sj\u00e4lvs\u00e4kra p\u00e5 att de kan uppn\u00e5 sina m\u00e5l utan st\u00f6rre motst\u00e5nd fr\u00e5n den m\u00e4nskliga familjen. Men n\u00e4r v\u00e4l s\u00e5dant motst\u00e5nd uppst\u00e5r, n\u00e4r Kunskapens kraft vaknar i individen, d\u00e5 m\u00f6ter bes\u00f6karna ett respektingivande hinder. Deras intervention h\u00e4r hindras och blir sv\u00e5rare att genomf\u00f6ra. Och deras \u00f6vertalning av dem som har makt blir sv\u00e5rare att uppn\u00e5. Det viktiga \u00e4r d\u00e4rf\u00f6r individens gensvar p\u00e5 och engagemang f\u00f6r sanningen.<\/p><p>Bli medvetna om bes\u00f6karnas n\u00e4rvaro. Ge inte efter f\u00f6r \u00f6vertalningsf\u00f6rs\u00f6ket att deras n\u00e4rvaro h\u00e4r \u00e4r av andlig natur eller att det inneb\u00e4r en stor f\u00f6rdel eller fr\u00e4lsning av m\u00e4nskligheten. St\u00e5 emot \u00f6vertalningen. Se till att f\u00e5 tillbaka er inre styrka, den stora g\u00e5va ni f\u00e5tt av Skaparen. Bli en kraft att r\u00e4kna med betr\u00e4ffande alla som f\u00f6rs\u00f6ker inkr\u00e4kta p\u00e5 eller f\u00f6rneka era grundl\u00e4ggande r\u00e4ttigheter.<\/p><p>Det \u00e4r s\u00e5 den Andliga Kraften kommer till uttryck. Det \u00e4r Skaparens Vilja att en enad m\u00e4nsklighet ska tr\u00e4da in i det St\u00f6rre Samfundet, fri fr\u00e5n fr\u00e4mmande intervention och herrav\u00e4lde. Det \u00e4r Skaparens Vilja att ni ska f\u00f6rbereda er f\u00f6r en framtid som blir helt olik ert f\u00f6rflutna. Vi \u00e4r h\u00e4r i Skaparens tj\u00e4nst, och d\u00e4rf\u00f6r tj\u00e4nar v\u00e5r n\u00e4rvaro och v\u00e5ra ord detta syfte.<\/p><h2 class=\"nm-body-western\" style=\"text-align: center;\"><b>~<\/b><\/h2><h4 class=\"nm-body-western\">Om bes\u00f6karna m\u00f6ter motst\u00e5nd fr\u00e5n m\u00e4nskligheten eller fr\u00e5n vissa individer, kommer de d\u00e5 i st\u00f6rre antal eller kommer de att l\u00e4mna oss?<\/h4><p>De \u00e4r inte m\u00e5nga till antalet. Om de skulle m\u00f6ta avsev\u00e4rt motst\u00e5nd skulle de tvingas attdra sig tillbaka och smida nya planer. De \u00e4r helt s\u00e4kra p\u00e5 att deras mission kan genomf\u00f6ras utan st\u00f6rre motst\u00e5nd. Men om st\u00f6rre hinder uppkommer, d\u00e5 skulle deras intervention och p\u00e5verkan hindras och de m\u00e5ste finna andra s\u00e4tt att f\u00e5 kontakt med m\u00e4nskligheten.<\/p><p>Vi litar p\u00e5 att den m\u00e4nskliga familjen kan uppb\u00e5da tillr\u00e4ckligt motst\u00e5nd och sammanh\u00e5llning f\u00f6r att motverka dessa p\u00e5tryckningar. Det \u00e4r p\u00e5 detta som vi grundar v\u00e5rt hopp och v\u00e5ra anstr\u00e4ngningar.<\/p><h2 class=\"nm-body-western\" style=\"text-align: center;\"><b>~<\/b><\/h2><h4 class=\"nm-body-western\">Vilka \u00e4r de viktigaste fr\u00e5gorna vi och andra m\u00e5ste st\u00e4lla oss avseende detta problem med fr\u00e4mmande infiltration?<\/h4><p>De viktigaste fr\u00e5gorna ni m\u00e5ste st\u00e4lla er sj\u00e4lva \u00e4r kanske: \u201d\u00c4r vi m\u00e4nniskor ensamma i universum eller i v\u00e5r egen v\u00e4rld? \u00c4r vi bes\u00f6kta just nu? \u00c4r detta bes\u00f6k f\u00f6rdelaktigt f\u00f6r oss? Beh\u00f6ver vi f\u00f6rbereda oss?<\/p><p>Dessa fr\u00e5gor \u00e4r mycket grundl\u00e4ggande, men de m\u00e5ste st\u00e4llas. Det finns emellertid m\u00e5nga fr\u00e5gor som inte kan besvaras, ty ni vet inte tillr\u00e4ckligt om livet i det St\u00f6rre Samfundet och ni \u00e4r \u00e4nnu inte s\u00e4kra p\u00e5 att ni har f\u00f6rm\u00e5gan att motarbeta dessa influenser. Det finns mycket som saknas i m\u00e4nsklig utbildning, som huvudsakligen har riktat in sig p\u00e5 det f\u00f6rg\u00e5ngna. M\u00e4nskligheten framtr\u00e4der ur en relativt l\u00e5ng isolering. Dess utbildning, dess v\u00e4rdegrunder och dess institutioner \u2013 allt detta etablerades under tillst\u00e5nd av isolering. Er isolering \u00e4r nu till\u00e4nda, f\u00f6r alltid. Det har alltid varit k\u00e4nt att detta skulle intr\u00e4ffa. Det var oundvikligt att s\u00e5 skulle vara fallet. Er utbildning och era v\u00e4rdegrunder m\u00e5ste d\u00e4rf\u00f6r anpassas till ett nytt sammanhang. Och denna anpassning m\u00e5ste ske snabbt p\u00e5 grund av Interventionens karakt\u00e4r.<\/p><p>Det kommer att finnas m\u00e5nga fr\u00e5gor som ni inte kan besvara. Ni blir tvungna att leva med dem. Er kunskap om det St\u00f6rre Samfundet \u00e4r obetydlig. Ni m\u00e5ste n\u00e4rma er den med betydande sans och f\u00f6rsiktighet. Ni m\u00e5ste motverka era egna tendenser att f\u00f6rs\u00f6ka g\u00f6ra situationen angen\u00e4m eller trygg. Ni m\u00e5ste utveckla en objektivitet ang\u00e5ende livet, och ni m\u00e5ste se bortom era egna personliga angel\u00e4genheter f\u00f6r att komma i ett l\u00e4ge d\u00e4r ni svarar an mot de enorma krafter och h\u00e4ndelser som skapar er v\u00e4rld och er framtid.<\/p><h2 class=\"nm-body-western\" style=\"text-align: center;\"><b>~<\/b><\/h2><h4 class=\"nm-body-western\">Vad h\u00e4nder om inte tillr\u00e4ckligt m\u00e5nga m\u00e4nniskor kan svara an?<\/h4><p class=\"nm-body-western\" lang=\"\">Vi \u00e4r s\u00e4kra p\u00e5 att tillr\u00e4ckligt m\u00e5nga m\u00e4nniskor kan svara an och b\u00f6rja sin utbildning om livet i det St\u00f6rre Samfundet f\u00f6r att ingjuta l\u00f6fte och hopp hos den m\u00e4nskliga familjen. Om detta inte kan uppn\u00e5s d\u00e5 m\u00e5ste de som v\u00e4rdes\u00e4tter sin frihet och som har denna utbildning dra sig tillbaka. Dessa m\u00e4nniskor kommer att n\u00f6dgas h\u00e5lla Kunskapen levande i v\u00e4rlden eftersom v\u00e4rlden blir totalt underkuvad. Detta utg\u00f6r ett mycket allvarligt alternativ, och har tyv\u00e4rr skett i andra v\u00e4rldar. Resan tillbaka till friheten fr\u00e5n en s\u00e5dan situation \u00e4r ganska sv\u00e5r. Vi hoppas att detta inte blir ert \u00f6de, och det \u00e4r d\u00e4rf\u00f6r vi \u00e4r h\u00e4r f\u00f6r att ge er denna information. Som vi sagt tidigare finns det tillr\u00e4ckligt med m\u00e4nniskor i v\u00e4rlden som kan motst\u00e5 och motarbeta bes\u00f6karnas syften, hindra deras inflytande p\u00e5 m\u00e4nskliga angel\u00e4genheter och m\u00e4nskliga v\u00e4rden.<\/p><h2 class=\"nm-body-western\" style=\"text-align: center;\"><b>~<\/b><\/h2><h4>Ni talar om andra v\u00e4rldar som tr\u00e4tt fram i det St\u00f6rre Samfundet. Kan ni ber\u00e4tta om framg\u00e5ngar och misslyckanden som kan vara till hj\u00e4lp f\u00f6r v\u00e5r egen situation?<\/h4><p>Framg\u00e5ngar har f\u00f6rekommit annars skulle vi inte vara h\u00e4r. Som talesman f\u00f6r v\u00e5r grupp kan jag informera att v\u00e5r v\u00e4rld var i h\u00f6gsta grad infiltrerad innan vi ins\u00e5g v\u00e5r bel\u00e4genhet. V\u00e5r utbildning initierades genom ankomsten av en grupp liknande v\u00e5r egen, som gav oss insikt och besked om v\u00e5r situation. Vi hade fr\u00e4mmande resursj\u00e4gare i v\u00e5r v\u00e4rld som samverkade med v\u00e5r regering. De som hade makten vid tillf\u00e4llet \u00f6vertygades att handel och kommers skulle vara gynnsamt f\u00f6r oss, ty vi var p\u00e5 v\u00e4g mot resursbrist.<\/p><p>Trots att v\u00e5r ras var enad, till skillnad mot er egen, b\u00f6rjade vi bli helt beroende av ny teknologi och alla m\u00f6jligheter som presenterades f\u00f6r oss. Och n\u00e4r detta \u00e4gde rum h\u00e4nde ett maktskifte. Vi blev konsumenter. Bes\u00f6karna blev leverant\u00f6rer. Allteftersom tiden gick utsattes vi f\u00f6r f\u00f6rbeh\u00e5ll och inskr\u00e4nkningar, listigt till att b\u00f6rja med.<\/p><p>V\u00e5ra religi\u00f6sa doktriner och \u00f6vertygelser p\u00e5verkades ocks\u00e5 av bes\u00f6karna, som visade intresse f\u00f6r v\u00e5ra andliga v\u00e4rden men som \u00f6nskade ge oss en ny f\u00f6rst\u00e5else, en f\u00f6rst\u00e5else som grundade sig p\u00e5 kollektivt t\u00e4nkande och samverkan mellan sinnen i \u00f6verensst\u00e4mmelse med varandra. Detta presenterades f\u00f6r v\u00e5r ras som ett uttryck f\u00f6r andlighet och uppn\u00e5dd insikt. En del av oss blev \u00f6vertygade, men genom att vi fick goda r\u00e5d av v\u00e5ra bundsf\u00f6rvanter bortom v\u00e5r v\u00e4rld, bundsf\u00f6rvanter i likhet med oss sj\u00e4lva, s\u00e5 startade vi en motst\u00e5ndsr\u00f6relse och med tiden lyckades vi tvinga bes\u00f6karna att l\u00e4mna v\u00e5r v\u00e4rld.<\/p><p>Sedan dess har vi l\u00e4rt oss en hel del om det St\u00f6rre Samfundet. Handeln som vi uppr\u00e4tth\u00e5ller \u00e4r mycket selektiv, med endast ett f\u00e5tal l\u00e4nder. Vi har kunnat undvika kollektiven och har bevarat v\u00e5r frihet. Men vi fick betala dyrt f\u00f6r v\u00e5r framg\u00e5ng, ty m\u00e5nga av oss dog i denna konflikt. Vi \u00e4r en framg\u00e5ngssaga, men inte utan att betala ett pris. Det finns andra i v\u00e5r grupp som har upplevt liknande sv\u00e5righeter i sina mellanhavanden med intervenerande makter i det St\u00f6rre Samfundet. Och eftersom vi till slut l\u00e4rde oss att f\u00e4rdas bortom v\u00e5ra gr\u00e4nser l\u00e4rde vi oss att samarbeta med varandra. Vi kunde l\u00e4ra oss vad andlighet innebar i det St\u00f6rre Samfundet. Och De Osynliga, som \u00e4ven tj\u00e4nar v\u00e5r v\u00e4rld, hj\u00e4lpte oss med den viktiga \u00f6verg\u00e5ngen fr\u00e5n isolering till det St\u00f6rre Samfundets medvetenhet.<\/p><p>Men vi k\u00e4nner till m\u00e5nga som har misslyckats. Kulturer d\u00e4r den inf\u00f6dda befolkningen inte hade etablerat individuell frihet eller upplevt f\u00f6rdelarna av samarbete, trots att de avancerat teknologiskt, hade inte det fundament som beh\u00f6vs f\u00f6r att etablera eget oberoende i universum. Deras f\u00f6rm\u00e5ga att st\u00e5 emot kollektiven var mycket begr\u00e4nsad. Uppmuntrade av l\u00f6ften om st\u00f6rre makt, fantastisk teknologi och stora rikedomar, och sporrade av de skenbara f\u00f6rdelarna med handel i det St\u00f6rre Samfundet, gav de upp sitt sj\u00e4lvbest\u00e4mmande. Slutligen blev de fullst\u00e4ndigt beroende av de som f\u00f6rs\u00f6rjde dem och som tillskansade sig kontroll \u00f6ver deras resurser och deras infrastrukturer.<\/p><p>Ni kan s\u00e4kert f\u00f6rest\u00e4lla er hur s\u00e5 kunde bli fallet. \u00c4ven i er egen v\u00e4rld, enligt er egen historia, har ni sett sm\u00e5 nationer falla offer under herrav\u00e4ldet fr\u00e5n st\u00f6rre nationer. Det kan ni se \u00e4ven idag. D\u00e4rf\u00f6r \u00e4r dessa id\u00e9er inte helt fr\u00e4mmande f\u00f6r er. I det St\u00f6rre Samfundet, liksom i er v\u00e4rld, dominerar de starka de svaga om de kan. S\u00e5 fungerar livet \u00f6verallt. Och det \u00e4r av denna anledning vi uppmuntrar er att \u00f6ka er medvetenhet och f\u00f6rberedelse f\u00f6r att ni ska bli starka och st\u00e4rka ert sj\u00e4lvbest\u00e4mmande.<\/p><p>Det \u00e4r kanske en stor besvikelse f\u00f6r m\u00e5nga av er att inse och l\u00e4ra att frihet \u00e4r s\u00e4llsynt i universum. Allteftersom nationer blir starkare och mer teknologiska fordrar de mer och mer likformighet och foglighet bland sina befolkningar. I den m\u00e5n de breder ut sig i det St\u00f6rre Samfundet och invecklar sig i det St\u00f6rre Samfundets angel\u00e4genheter minskar toleransen f\u00f6r individualitet till en punkt d\u00e4r stora, rika och kraftfulla nationer regeras med en str\u00e4nghet som ni skulle anse vara avskyv\u00e4rd.<\/p><p>I detta avseende m\u00e5ste ni l\u00e4ra er att teknologiska framsteg och andliga framsteg inte \u00e4r samma sak, en l\u00e4xa som m\u00e4nskligheten m\u00e5ste acceptera och som ni m\u00e5ste l\u00e4ra er om ni ska ut\u00f6va er naturliga visdom i dessa angel\u00e4genheter.<\/p><p>Er v\u00e4rld \u00e4r mycket eftertraktad. Den har en biologisk m\u00e5ngfald. Ni befinner er p\u00e5 en p\u00e4rla som ni m\u00e5ste f\u00f6rsvara om ni ska vara dess f\u00f6rvaltare och njuta av dess f\u00f6rm\u00e5ner. T\u00e4nk p\u00e5 de m\u00e4nniskor i er v\u00e4rld som har f\u00f6rlorat sin frihet d\u00e4rf\u00f6r att de levde p\u00e5 en plats som ans\u00e5gs v\u00e4rdefull av andra. Nu \u00e4r det hela m\u00e4nskligheten som \u00e4r i fara.<\/p><h2 class=\"nm-body-western\" style=\"text-align: center;\"><b>~<\/b><\/h2><h4 class=\"nm-body-western\">Eftersom bes\u00f6karna \u00e4r s\u00e5 skickliga att projicera tankar och p\u00e5verka m\u00e4nniskors Mentala Milj\u00f6, hur kan vi vara s\u00e4kra p\u00e5 att det vi ser \u00e4r verkligt?<\/h4><p>Den enda grunden f\u00f6r omd\u00f6mesgill varseblivning \u00e4r att utveckla Kunskap. Om ni endast tror p\u00e5 det ni ser d\u00e5 kommer ni endast att tro p\u00e5 vad som f\u00f6revisas er. Vi har informerats att det finns m\u00e5nga m\u00e4nniskor med den uppfattningen. Dock har vi l\u00e4rt oss att de Vise \u00f6verallt m\u00e5ste vidga sitt perspektiv och sk\u00e4rpa sin urskillningsf\u00f6rm\u00e5ga. Det \u00e4r sant att era bes\u00f6kare kan projicera bilder av era helgon och era religi\u00f6sa f\u00f6rebilder. Fast\u00e4n detta inte praktiseras s\u00e5 ofta kan det utan tvivel anv\u00e4ndas f\u00f6r att mana till engagemang och h\u00e4ngivenhet bland dem som redan fallit f\u00f6r s\u00e5dana \u00f6vertygelser. I detta avseende kommer er andlighet att utg\u00f6ra er svaghet och d\u00e4rf\u00f6r m\u00e5ste ni anv\u00e4nda Visdom.<\/p><p>D\u00e4rf\u00f6r har Skaparen sk\u00e4nkt er Kunskap som grund f\u00f6r tillf\u00f6rlitlig urskillningsf\u00f6rm\u00e5ga. Ni kan f\u00f6rst\u00e5 det ni ser ifall ni ifr\u00e5gas\u00e4tter att det \u00e4r verkligt. Men f\u00f6r att g\u00f6ra det m\u00e5ste ni ha denna grund, och det \u00e4r av den anledningen som undervisning i V\u00e4gen till Kunskap \u00e4r s\u00e5 fundamental f\u00f6r att kunna studera det St\u00f6rre Samfundets Andlighet. Utan denna kunskap kommer m\u00e4nniskor att tro vad de \u00f6nskar tro, och de kommer att f\u00f6rlita sig p\u00e5 vad de ser och vad de f\u00f6revisas. Och deras m\u00f6jlighet till frihet kommer redan att vara f\u00f6rlorad, ty den till\u00e4ts aldrig att v\u00e4xa till sig till att b\u00f6rja med.<\/p><h2 class=\"nm-body-western\" style=\"text-align: center;\"><b>~<\/b><\/h2><h4 class=\"nm-body-western\">Ni talar om att h\u00e5lla Kunskapen levande. Hur m\u00e5nga beh\u00f6vs f\u00f6r att h\u00e5lla Kunskapen levande i v\u00e4rlden?<\/h4><p class=\"nm-body-western\" lang=\"\">Vi kan inte ge er en exakt siffra, men den m\u00e5ste vara tillr\u00e4ckligt stor f\u00f6r att v\u00e4cka uppm\u00e4rksamhet i era egna samh\u00e4llen. Om budskapet endast n\u00e5r ett f\u00e5tal kommer de inte att kunna g\u00f6ra sig h\u00f6rda eller ha den samlade styrkan. De m\u00e5ste dela med sig av sin kunskap. Den finns inte enbart f\u00f6r deras egen uppbyggelse. \u00c5tskilliga fler m\u00e5ste informeras om detta budskap, m\u00e5nga fler \u00e4n som kan ta emot det idag.<\/p><h2 class=\"nm-body-western\" style=\"text-align: center;\"><b>~<\/b><\/h2><h4 class=\"nm-body-western\">Finns det en fara i att presentera detta budskap?<\/h4><p>Det \u00e4r alltid farligt att presentera sanningen, inte bara i er v\u00e4rld, men \u00f6verallt. Folk drar f\u00f6rdel av r\u00e5dande omst\u00e4ndigheter. Bes\u00f6karna kommer att erbjuda f\u00f6rdelar till dem som har makten, de som kan ta emot dessa f\u00f6rdelar och som inte \u00e4r starka i Kunskap. M\u00e4nniskor blir vana vid dessa f\u00f6rdelar och bygger sina liv p\u00e5 dem. Detta g\u00f6r dem motstr\u00e4viga och \u00e4ven fientliga mot att veta sanningen, en sanning som fordrar deras ansvar och tj\u00e4nande av andra och som kan hota grunden f\u00f6r deras v\u00e4lst\u00e5nd och vad de uppn\u00e5tt.<\/p><p>Det \u00e4r av denna anledning vi h\u00e5ller oss dolda och inte vandrar omkring i er v\u00e4rld. Bes\u00f6karna skulle definitivt f\u00f6rg\u00f6ra oss om de kunde finna oss. Men m\u00e4nskligheten kan ocks\u00e5 s\u00f6ka f\u00f6rg\u00f6ra oss p\u00e5 grund av det vi representerar och den utmaning och den nya verklighet som vi framl\u00e4gger bevis f\u00f6r. Alla \u00e4r inte redo att ta emot sanningen, trots det stora behovet av den.<\/p><h2 class=\"nm-body-western\" style=\"text-align: center;\"><b>~<\/b><\/h2><h4 class=\"nm-body-western\">Kan individer som \u00e4r starka i Kunskap p\u00e5verka bes\u00f6karna?<\/h4><p class=\"nm-body-western\" lang=\"\">M\u00f6jligheten till framg\u00e5ng i detta avseende \u00e4r mycket begr\u00e4nsad. Ni har att g\u00f6ra med ett kollektiv av varelser som har uppfostrats att vara undergivna, vars liv och erfarenhet har omg\u00e4rdats och p\u00e5verkats av en kollektiv mentalitet. De kan inte t\u00e4nka sj\u00e4lva. Av den anledningen tror vi inte att ni kan p\u00e5verka dem. Det finns endast ett f\u00e5tal bland er som har styrkan att g\u00f6ra detta, och \u00e4ven f\u00f6r dem skulle m\u00f6jligheten att lyckas vara mycket begr\u00e4nsad. Svaret m\u00e5ste d\u00e4rf\u00f6r bli \u201dNej\u201d. Realistiskt sett kan ni inte vinna \u00f6ver dem.<\/p><h2 class=\"nm-body-western\" style=\"text-align: center;\"><b>~<\/b><\/h2><h4 class=\"nm-body-western\">Vad \u00e4r det f\u00f6r skillnad mellan kollektiven och en enad m\u00e4nsklighet?<\/h4><p>Kollektiven best\u00e5r av olika raser samt de som \u00e4r avlade att tj\u00e4na dessa raser. M\u00e5nga utomjordiska varelser som finns i v\u00e4rlden \u00e4r avlade som tj\u00e4nare \u00e5t kollektiven. Deras genetiska arv har sedan l\u00e4nge fr\u00e5ntagits dem. De \u00e4r avlade att tj\u00e4na, p\u00e5 samma s\u00e4tt som ni avlar djur att tj\u00e4na er. Det m\u00e4nskliga samarbete vi fr\u00e4mjar syftar till att bevara individers sj\u00e4lvbest\u00e4mmande och skapa en styrkeposition utifr\u00e5n vilken m\u00e4nskligheten kan samverka, inte bara med kollektiven men \u00e4ven med andra som kommer att bes\u00f6ka er i framtiden.<\/p><p>Ett kollektiv grundar sig p\u00e5 en tro, en upps\u00e4ttning grundregler och en auktoritet. I kollektivet betonas total lojalitet f\u00f6r en id\u00e9 eller ett ideal. Detta tar sig inte bara uttryck i era bes\u00f6kares utbildning, men \u00e4ven i deras genetiska kod. Det \u00e4r av denna anledning de beter sig som de g\u00f6r. Det utg\u00f6r b\u00e5de deras styrka och deras svaghet. De \u00e4r mycket starka i den Mentala Milj\u00f6n eftersom deras sinnen \u00e4r sammankopplade. Men de \u00e4r svaga eftersom de inte kan t\u00e4nka f\u00f6r sig sj\u00e4lva. De kan inte hantera komplexiteter eller motg\u00e5ngar speciellt framg\u00e5ngsrikt.<\/p><p>En man eller kvinna med Kunskap skulle vara obegripliga f\u00f6r dem.<\/p><p>M\u00e4nskligheten m\u00e5ste f\u00f6rena sig f\u00f6r att bevara sin frihet, men detta \u00e4r en mycket annorlunda tilldragelse till skillnad mot ett kollektiv. Vi kallar dem \u201dkollektiv\u201d eftersom de utg\u00f6rs av flockar fr\u00e5n olika raser och nationaliteter. Kollektiv \u00e4r inte en ras. Trots att det finns m\u00e5nga raser i det St\u00f6rre Samfundet som styrs av en dominant auktoritet s\u00e5 \u00e4r kollektiv en sammanslutning av lojaliteter ut\u00f6ver den egna v\u00e4rldens ras.<\/p><p>Kollektiv kan ut\u00f6va stor styrka. Men p\u00e5 grund av att det finns m\u00e5nga kollektiv tenderar de att bek\u00e4mpa varandra, och inget av dem kan p\u00e5 s\u00e5 vis bli dominerande. Olika nationer i det St\u00f6rre Samfundet har dessutom l\u00e5ngvariga dispyter sinsemellan som \u00e4r sv\u00e5ra att \u00f6verbrygga. Kanske har de under l\u00e5nga tider konkurrerat om samma resurser. Kanske konkurrerar de med varandra f\u00f6r att s\u00e4lja de resurser de har. Kollektiv \u00e4r emellertid n\u00e5got alldeles s\u00e4rskilt. Enligt v\u00e5r uppfattning \u00e4r kollektiv inte baserat p\u00e5 en ras och en v\u00e4rld. De \u00e4r ett resultat av er\u00f6vring och dominans. D\u00e4rf\u00f6r utg\u00f6rs era bes\u00f6kare av varelser fr\u00e5n olika raser med skilda niv\u00e5er av auktoritet och ledarskap.<\/p><h2 class=\"nm-body-western\" style=\"text-align: center;\"><b>~<\/b><\/h2><h4 class=\"nm-body-western\">Kunde andra v\u00e4rldar som enat sig framg\u00e5ngsrikt uppr\u00e4tth\u00e5lla individuellt t\u00e4nkande?<\/h4><p class=\"nm-body-western\" lang=\"\">I viss m\u00e5n. Ert liv i v\u00e4rlden har varit ganska enkelt j\u00e4mf\u00f6rt med platser d\u00e4r andra raser utvecklats. De flesta platser med intelligent liv har koloniserats, ty det finns inte m\u00e5nga jordiska planeter i stil med er egen som har ett s\u00e5dant \u00f6verfl\u00f6d av biologiska resurser. Deras frihet beror i stor utstr\u00e4ckning p\u00e5 det \u00f6verfl\u00f6d som finns i deras egna milj\u00f6er. Men de har alla framg\u00e5ngsrikt omintetgjort fr\u00e4mmande infiltration och etablerat sj\u00e4lvbest\u00e4mda f\u00f6rbindelser f\u00f6r handel, kommers och kommunikation. Detta \u00e4r s\u00e4llsynta f\u00e4rdigheter som m\u00e5ste f\u00f6rtj\u00e4nas och skyddas.<\/p><h2 class=\"nm-body-western\" style=\"text-align: center;\"><b>~<\/b><\/h2><h4 class=\"nm-body-western\">Vad kr\u00e4vs f\u00f6r att \u00e5stadkomma m\u00e4nsklig enighet?<\/h4><p>M\u00e4nskligheten \u00e4r mycket s\u00e5rbar i det St\u00f6rre Samfundet. Denna s\u00e5rbarhet kan med tiden fr\u00e4mja ett grundl\u00e4ggande samarbete inom den m\u00e4nskliga familjen, ty ni m\u00e5ste f\u00f6rena er och b\u00f6rja samverka f\u00f6r att \u00f6verleva och utvecklas. Det beh\u00f6vs f\u00f6r att ta del av det St\u00f6rre Samfundets medvetenhet. Om det grundar sig p\u00e5 principerna f\u00f6r m\u00e4nsklig insats, frihet och sj\u00e4lvuttryck kan ni uppn\u00e5 ett mycket starkt och betydande sj\u00e4lvstyre. Men samarbetet i v\u00e4rlden m\u00e5ste \u00f6ka. M\u00e4nniskor kan inte leva enbart f\u00f6r sin egen skull eller fokusera p\u00e5 egna personliga m\u00e5l p\u00e5 bekostnad av alla andra. En del kan uppleva detta som att f\u00f6rlora sin frihet. Vi ser det som en garanti f\u00f6r framtida frihet. Ty med tanke p\u00e5 de allm\u00e4nt r\u00e5dande attityderna i dagens v\u00e4rld skulle er framtida frihet vara mycket sv\u00e5rt att s\u00e4kerst\u00e4lla eller bibeh\u00e5lla. Lyssna noga. De som drivs av sin sj\u00e4lviskhet utg\u00f6r perfekta kandidater f\u00f6r fr\u00e4mmande p\u00e5verkan och manipulation. Om de innehar maktpositioner kommer de att \u00f6verl\u00e4mna sina nationers rikedom, frihet och resurser f\u00f6r att uppn\u00e5 egna f\u00f6rdelar.<\/p><p>D\u00e4rf\u00f6r kr\u00e4vs ett \u00f6kat samarbete. Det \u00e4r utan tvivel uppenbart \u00e4ven i er egen v\u00e4rld. Men det \u00e4r helt annorlunda i kollektivets liv, d\u00e4r raser har dominerats och kontrollerats, d\u00e4r de eftergivna dras in i kollektiven och alla andra alieneras eller undanr\u00f6js Ett s\u00e5dant tillv\u00e4gag\u00e5ngss\u00e4tt kan inte vara bra f\u00f6r kollektivets medlemmar \u00e4ven om kollektivet genom detta uppn\u00e5r en avsev\u00e4rd makt. Dock \u00e4r detta den v\u00e4g m\u00e5nga i det St\u00f6rre Samfundet har tagit. Vi vill inte se att m\u00e4nskligheten r\u00e5kar ut f\u00f6r detta. Det skulle vara en stor tragedi och f\u00f6rlust.<\/p><h2 class=\"nm-body-western\" style=\"text-align: center;\"><b>~<\/b><\/h2><h4 class=\"nm-body-western\">P\u00e5 vilket s\u00e4tt skiljer sig det m\u00e4nskliga perspektivet fr\u00e5n ert eget?<\/h4><p>En av skillnaderna \u00e4r att vi har utvecklat ett perspektiv med utg\u00e5ngspunkt i det St\u00f6rre Samfundet, vilket \u00e4r ett mindre sj\u00e4lvcentrerat s\u00e4tt att se p\u00e5 v\u00e4rlden. Det \u00e4r ett syns\u00e4tt som erbjuder stor sk\u00e4rpa och klarhet ang\u00e5ende de obetydliga problem ni m\u00f6ter i er vardag. Om ni kan l\u00f6sa ett stort problem kan ni \u00e4ven l\u00f6sa mindre. Ni har ett stort problem. Alla v\u00e4rldens m\u00e4nniskor st\u00e5r inf\u00f6r detta problem. Det kan f\u00f6rena er och f\u00e5 er att \u00f6vervinna era l\u00e5ngvariga skiljaktigheter och konflikter. S\u00e5 stort och kraftfullt \u00e4r det. Det \u00e4r d\u00e4rf\u00f6r vi s\u00e4ger att det finns en m\u00f6jlighet f\u00f6r r\u00e4ddning inom ramen f\u00f6r de omst\u00e4ndigheter som hotar er v\u00e4lf\u00e4rd och er framtid.<\/p><p>Vi vet att kraften i Kunskap som finns inom varje enskild m\u00e4nniska kan \u00f6ppna m\u00e4nniskan inklusive alla hennes relationer f\u00f6r st\u00f6rre prestation, medvetenhet och f\u00f6rm\u00e5ga. Detta m\u00e5ste ni sj\u00e4lva uppt\u00e4cka.<\/p><p>V\u00e5ra liv \u00e4r mycket annorlunda. Vi har friheten att v\u00e4lja och v\u00e5rt val \u00e4r d\u00e4rf\u00f6r tydligt och meningsfullt och grundat p\u00e5 v\u00e5r egen insikt. I v\u00e5r grupp finns representanter fr\u00e5n m\u00e5nga olika v\u00e4rldar. Vi har samlats f\u00f6r att tj\u00e4na m\u00e4nskligheten. Vi representerar ett st\u00f6rre f\u00f6rbund som \u00e4r mera andligt till sin natur.<\/p><h2 class=\"nm-body-western\" style=\"text-align: center;\"><b>~<\/b><\/h2><h4 class=\"nm-body-western\">Detta budskap f\u00f6rmedlas genom en person. Varf\u00f6r kontaktar ni inte alla om det \u00e4r s\u00e5 viktigt?<\/h4><p>Det \u00e4r endast en fr\u00e5ga om effektivitet. Vi styr inte \u00f6ver vem som \u00e4r vald att ta emot oss. Det \u00e4r en fr\u00e5ga f\u00f6r De Osynliga, de som ni med r\u00e4tta kan kalla f\u00f6r \u201d\u00c4nglar\u201d. Vi ser dem p\u00e5 det s\u00e4ttet. De har valt denna person, en person som inte \u00e4r framst\u00e5ende eller har n\u00e5gon speciell samh\u00e4llsst\u00e4llning i v\u00e4rlden, en individ som valts p\u00e5 grund av sina kvaliteter och sin anknytning till det St\u00f6rre Samfundet. Vi \u00e4r glada att vi har en som vi kan tala genom. Om vi talade genom flera personer skulle de kanske bli oense sinsemellan, och budskapet skulle f\u00f6rvanskas och f\u00f6rloras.<\/p><p>Fr\u00e5n v\u00e5r egen l\u00e4rotid vet vi att \u00f6verf\u00f6ringen av andlig visdom vanligen g\u00f6rs genom en person, med bist\u00e5nd fr\u00e5n andra. Denne individ m\u00e5ste uth\u00e4rda b\u00f6rdan och risken att vara den utvalde. Vi respekterar honom f\u00f6r detta, och vi inser vilken b\u00f6rda det kan utg\u00f6ra. S\u00e5dant kan misstolkas och det \u00e4r d\u00e4rf\u00f6r de Vise m\u00e5ste f\u00f6rbli dolda. Vi m\u00e5ste f\u00f6rbli dolda. Han m\u00e5ste f\u00f6rbli dold. P\u00e5 s\u00e5 s\u00e4tt kan budskapet f\u00f6rmedlas och budb\u00e4raren skyddas. Ty budskapet kommer att uts\u00e4ttas f\u00f6r fientlighet. Bes\u00f6karna kommer att s\u00e4tta sig emot det och g\u00f6r det redan. Deras motst\u00e5nd kan vara avsev\u00e4rt men kommer huvudsakligen att riktas mot budb\u00e4raren sj\u00e4lv. Det \u00e4r av denna anledning som budb\u00e4raren m\u00e5ste skyddas.<\/p><p>Vi inser att svaren p\u00e5 dessa fr\u00e5gor kommer att ge upphov till fler fr\u00e5gor. Och m\u00e5nga av dem kan inte besvaras, kanske f\u00f6r l\u00e5ng tid fram\u00f6ver. De Vise \u00f6verallt m\u00e5ste leva med fr\u00e5gor som de inte kan besvara. Det \u00e4r genom deras t\u00e5lamod och uth\u00e5llighet som verkliga svar kan mogna fram, upplevas och inf\u00f6rlivas.<\/p>\t\t\t\t\t\t\t\t<\/div>\t\t\t\t<\/div>\t\t\t\t\t<\/div>\t\t<\/div>\t\t\t\t\t<\/div>\t\t<\/section>\t\t\t\t<\/div><p>\t\t<\/p>","protected":false},"excerpt":{"rendered":"<p>Dessa fr\u00e5gor st\u00e4lldes till New Knowledge Library av m\u00e5nga f\u00f6rstag\u00e5ngsl\u00e4sare av Bundsf\u00f6rvanternas material. ______________________ Med tanke p\u00e5 den information vi hittills f\u00f6rmedlat anser vi det viktigt att besvara de fr\u00e5gor som st\u00e4llts om v\u00e5r verklighet och betydelsen av de budskap vi har kommit f\u00f6r att \u00f6verl\u00e4mna. ~ Med tanke p\u00e5 avsaknaden av tillf\u00f6rlitliga bevis, varf\u00f6r [&hellip;]<\/p>\n","protected":false},"author":2,"featured_media":0,"parent":3733,"menu_order":6,"comment_status":"closed","ping_status":"closed","template":"page.php","meta":{"_acf_changed":false,"footnotes":""},"class_list":["post-17446","page","type-page","status-publish","hentry"],"acf":[],"yoast_head":"<!-- This site is optimized with the Yoast SEO plugin v26.5 - https:\/\/yoast.com\/wordpress\/plugins\/seo\/ -->\n<title>Fr\u00e5gor och Svar om Utomjordiska Varelser<\/title>\n<meta name=\"description\" content=\"Critical questions about aliens; are aliens visiting Earth? Why would they come? What could this mean for you, and humanity as a whole?\" \/>\n<meta name=\"robots\" content=\"index, follow, max-snippet:-1, max-image-preview:large, max-video-preview:-1\" \/>\n<link rel=\"canonical\" href=\"https:\/\/www.alliesofhumanity.org\/sv\/budskapen\/book-one\/questions-about-aliens\/\" \/>\n<meta property=\"og:locale\" content=\"sv_SE\" \/>\n<meta property=\"og:type\" content=\"article\" \/>\n<meta property=\"og:title\" content=\"Fr\u00e5gor och Svar om Utomjordiska Varelser\" \/>\n<meta property=\"og:description\" content=\"Critical questions about aliens; are aliens visiting Earth? Why would they come? What could this mean for you, and humanity as a whole?\" \/>\n<meta property=\"og:url\" content=\"https:\/\/www.alliesofhumanity.org\/sv\/budskapen\/book-one\/questions-about-aliens\/\" \/>\n<meta property=\"og:site_name\" content=\"The Allies of Humanity\" \/>\n<meta property=\"article:publisher\" content=\"https:\/\/www.facebook.com\/alliesofhumanity\/\" \/>\n<meta property=\"article:modified_time\" content=\"2021-05-27T19:54:33+00:00\" \/>\n<meta property=\"og:image\" content=\"https:\/\/www.alliesofhumanity.org\/wp-content\/uploads\/2021\/01\/og-socialmedia-aoh.jpg\" \/>\n\t<meta property=\"og:image:width\" content=\"1200\" \/>\n\t<meta property=\"og:image:height\" content=\"630\" \/>\n\t<meta property=\"og:image:type\" content=\"image\/jpeg\" \/>\n<meta name=\"twitter:card\" content=\"summary_large_image\" \/>\n<meta name=\"twitter:title\" content=\"Fr\u00e5gor och Svar om Utomjordiska Varelser\" \/>\n<meta name=\"twitter:site\" content=\"@earthallies\" \/>\n<meta name=\"twitter:label1\" content=\"Ber\u00e4knad l\u00e4stid\" \/>\n\t<meta name=\"twitter:data1\" content=\"41 minuter\" \/>\n<script type=\"application\/ld+json\" class=\"yoast-schema-graph\">{\"@context\":\"https:\/\/schema.org\",\"@graph\":[{\"@type\":\"WebPage\",\"@id\":\"https:\/\/www.alliesofhumanity.org\/sv\/budskapen\/book-one\/questions-about-aliens\/\",\"url\":\"https:\/\/www.alliesofhumanity.org\/sv\/budskapen\/book-one\/questions-about-aliens\/\",\"name\":\"Fr\u00e5gor och Svar om Utomjordiska Varelser\",\"isPartOf\":{\"@id\":\"https:\/\/www.alliesofhumanity.org\/sv\/#website\"},\"datePublished\":\"2021-05-23T19:27:04+00:00\",\"dateModified\":\"2021-05-27T19:54:33+00:00\",\"description\":\"Critical questions about aliens; are aliens visiting Earth? Why would they come? What could this mean for you, and humanity as a whole?\",\"breadcrumb\":{\"@id\":\"https:\/\/www.alliesofhumanity.org\/sv\/budskapen\/book-one\/questions-about-aliens\/#breadcrumb\"},\"inLanguage\":\"sv-SE\",\"potentialAction\":[{\"@type\":\"ReadAction\",\"target\":[\"https:\/\/www.alliesofhumanity.org\/sv\/budskapen\/book-one\/questions-about-aliens\/\"]}]},{\"@type\":\"BreadcrumbList\",\"@id\":\"https:\/\/www.alliesofhumanity.org\/sv\/budskapen\/book-one\/questions-about-aliens\/#breadcrumb\",\"itemListElement\":[{\"@type\":\"ListItem\",\"position\":1,\"name\":\"Budskapen\",\"item\":\"https:\/\/www.alliesofhumanity.org\/sv\/budskapen\/\"},{\"@type\":\"ListItem\",\"position\":2,\"name\":\"Bok Ett\",\"item\":\"https:\/\/www.alliesofhumanity.org\/sv\/budskapen\/book-one\/\"},{\"@type\":\"ListItem\",\"position\":3,\"name\":\"Sj\u00e4tte budskapet \u2014 Fr\u00e5gor och Svar\"}]},{\"@type\":\"WebSite\",\"@id\":\"https:\/\/www.alliesofhumanity.org\/sv\/#website\",\"url\":\"https:\/\/www.alliesofhumanity.org\/sv\/\",\"name\":\"The Allies of Humanity\",\"description\":\"\",\"potentialAction\":[{\"@type\":\"SearchAction\",\"target\":{\"@type\":\"EntryPoint\",\"urlTemplate\":\"https:\/\/www.alliesofhumanity.org\/sv\/?s={search_term_string}\"},\"query-input\":{\"@type\":\"PropertyValueSpecification\",\"valueRequired\":true,\"valueName\":\"search_term_string\"}}],\"inLanguage\":\"sv-SE\"}]}<\/script>\n<!-- \/ Yoast SEO plugin. -->","yoast_head_json":{"title":"Fr\u00e5gor och Svar om Utomjordiska Varelser","description":"Critical questions about aliens; are aliens visiting Earth? Why would they come? What could this mean for you, and humanity as a whole?","robots":{"index":"index","follow":"follow","max-snippet":"max-snippet:-1","max-image-preview":"max-image-preview:large","max-video-preview":"max-video-preview:-1"},"canonical":"https:\/\/www.alliesofhumanity.org\/sv\/budskapen\/book-one\/questions-about-aliens\/","og_locale":"sv_SE","og_type":"article","og_title":"Fr\u00e5gor och Svar om Utomjordiska Varelser","og_description":"Critical questions about aliens; are aliens visiting Earth? Why would they come? What could this mean for you, and humanity as a whole?","og_url":"https:\/\/www.alliesofhumanity.org\/sv\/budskapen\/book-one\/questions-about-aliens\/","og_site_name":"The Allies of Humanity","article_publisher":"https:\/\/www.facebook.com\/alliesofhumanity\/","article_modified_time":"2021-05-27T19:54:33+00:00","og_image":[{"width":1200,"height":630,"url":"https:\/\/www.alliesofhumanity.org\/wp-content\/uploads\/2021\/01\/og-socialmedia-aoh.jpg","type":"image\/jpeg"}],"twitter_card":"summary_large_image","twitter_title":"Fr\u00e5gor och Svar om Utomjordiska Varelser","twitter_site":"@earthallies","twitter_misc":{"Ber\u00e4knad l\u00e4stid":"41 minuter"},"schema":{"@context":"https:\/\/schema.org","@graph":[{"@type":"WebPage","@id":"https:\/\/www.alliesofhumanity.org\/sv\/budskapen\/book-one\/questions-about-aliens\/","url":"https:\/\/www.alliesofhumanity.org\/sv\/budskapen\/book-one\/questions-about-aliens\/","name":"Fr\u00e5gor och Svar om Utomjordiska Varelser","isPartOf":{"@id":"https:\/\/www.alliesofhumanity.org\/sv\/#website"},"datePublished":"2021-05-23T19:27:04+00:00","dateModified":"2021-05-27T19:54:33+00:00","description":"Critical questions about aliens; are aliens visiting Earth? Why would they come? What could this mean for you, and humanity as a whole?","breadcrumb":{"@id":"https:\/\/www.alliesofhumanity.org\/sv\/budskapen\/book-one\/questions-about-aliens\/#breadcrumb"},"inLanguage":"sv-SE","potentialAction":[{"@type":"ReadAction","target":["https:\/\/www.alliesofhumanity.org\/sv\/budskapen\/book-one\/questions-about-aliens\/"]}]},{"@type":"BreadcrumbList","@id":"https:\/\/www.alliesofhumanity.org\/sv\/budskapen\/book-one\/questions-about-aliens\/#breadcrumb","itemListElement":[{"@type":"ListItem","position":1,"name":"Budskapen","item":"https:\/\/www.alliesofhumanity.org\/sv\/budskapen\/"},{"@type":"ListItem","position":2,"name":"Bok Ett","item":"https:\/\/www.alliesofhumanity.org\/sv\/budskapen\/book-one\/"},{"@type":"ListItem","position":3,"name":"Sj\u00e4tte budskapet \u2014 Fr\u00e5gor och Svar"}]},{"@type":"WebSite","@id":"https:\/\/www.alliesofhumanity.org\/sv\/#website","url":"https:\/\/www.alliesofhumanity.org\/sv\/","name":"The Allies of Humanity","description":"","potentialAction":[{"@type":"SearchAction","target":{"@type":"EntryPoint","urlTemplate":"https:\/\/www.alliesofhumanity.org\/sv\/?s={search_term_string}"},"query-input":{"@type":"PropertyValueSpecification","valueRequired":true,"valueName":"search_term_string"}}],"inLanguage":"sv-SE"}]}},"_links":{"self":[{"href":"https:\/\/www.alliesofhumanity.org\/sv\/wp-json\/wp\/v2\/pages\/17446","targetHints":{"allow":["GET"]}}],"collection":[{"href":"https:\/\/www.alliesofhumanity.org\/sv\/wp-json\/wp\/v2\/pages"}],"about":[{"href":"https:\/\/www.alliesofhumanity.org\/sv\/wp-json\/wp\/v2\/types\/page"}],"author":[{"embeddable":true,"href":"https:\/\/www.alliesofhumanity.org\/sv\/wp-json\/wp\/v2\/users\/2"}],"replies":[{"embeddable":true,"href":"https:\/\/www.alliesofhumanity.org\/sv\/wp-json\/wp\/v2\/comments?post=17446"}],"version-history":[{"count":17,"href":"https:\/\/www.alliesofhumanity.org\/sv\/wp-json\/wp\/v2\/pages\/17446\/revisions"}],"predecessor-version":[{"id":17679,"href":"https:\/\/www.alliesofhumanity.org\/sv\/wp-json\/wp\/v2\/pages\/17446\/revisions\/17679"}],"up":[{"embeddable":true,"href":"https:\/\/www.alliesofhumanity.org\/sv\/wp-json\/wp\/v2\/pages\/3733"}],"wp:attachment":[{"href":"https:\/\/www.alliesofhumanity.org\/sv\/wp-json\/wp\/v2\/media?parent=17446"}],"curies":[{"name":"wp","href":"https:\/\/api.w.org\/{rel}","templated":true}]}}