{"id":17006,"date":"2021-05-13T23:43:30","date_gmt":"2021-05-13T22:43:30","guid":{"rendered":"https:\/\/www.alliesofhumanity.org\/the-briefings\/book-two\/a-call-to-action-spiritual-power\/"},"modified":"2023-12-04T23:41:30","modified_gmt":"2023-12-04T22:41:30","slug":"a-call-to-action-spiritual-power","status":"publish","type":"page","link":"https:\/\/www.alliesofhumanity.org\/hu\/the-briefings\/book-two\/a-call-to-action-spiritual-power\/","title":{"rendered":"Hatodik Jelent\u00e9s: Felh\u00edv\u00e1s a Cselekv\u00e9sre"},"content":{"rendered":"\t\t<div data-elementor-type=\"wp-page\" data-elementor-id=\"17006\" class=\"elementor elementor-17006 elementor-2497\" data-elementor-post-type=\"page\">\t\t\t\t\t\t<section class=\"elementor-section elementor-top-section elementor-element elementor-element-40979eaf elementor-section-boxed elementor-section-height-default elementor-section-height-default\" data-id=\"40979eaf\" data-element_type=\"section\">\t\t\t\t\t\t<div class=\"elementor-container elementor-column-gap-default\">\t\t\t\t\t<div class=\"elementor-column elementor-col-100 elementor-top-column elementor-element elementor-element-2ddd850a\" data-id=\"2ddd850a\" data-element_type=\"column\">\t\t\t<div class=\"elementor-widget-wrap elementor-element-populated\">\t\t\t\t\t\t<div class=\"elementor-element elementor-element-a2f08f8 elementor-widget elementor-widget-text-editor\" data-id=\"a2f08f8\" data-element_type=\"widget\" data-widget_type=\"text-editor.default\">\t\t\t\t<div class=\"elementor-widget-container\">\t\t\t\t\t\t\t\t\t<p style=\"font-weight: 400;\">Az volt a k\u00fcldet\u00e9s\u00fcnk, hogy megfigyelj\u00fck az alien Beavatkoz\u00e1st a mai vil\u00e1gban \u00e9s k\u00f6z\u00f6lj\u00fck komment\u00e1rjainkat \u00e9s perspekt\u00edv\u00e1nkat. Ez neh\u00e9z feladat \u00e9s neh\u00e9z \u00fczenet. Meg\u00e9rtj\u00fck azokat a probl\u00e9m\u00e1kat, amelyekkel az emberek szembes\u00fclhetnek e k\u00f6zlem\u00e9ny fogad\u00e1s\u00e1val. Megk\u00e9rd\u0151jelezhetik a kommunik\u00e1ci\u00f3s m\u00f3dszer\u00fcnket. Term\u00e9szetesen megk\u00e9rd\u0151jelezhetik val\u00f3s\u00e1gunkat \u00e9s identit\u00e1sunkat, valamint szavaink megb\u00edzhat\u00f3s\u00e1g\u00e1t. Megk\u00e9rd\u0151jelezhetik az \u00e1ltalunk bemutatott val\u00f3s\u00e1got. \u00c9s tal\u00e1n n\u00e9h\u00e1ny ember sz\u00e1m\u00e1ra nagy lesz a k\u00eds\u00e9rt\u00e9s, hogy tagadj\u00e1k ezeket a dolgokat.<\/p>\r<p style=\"font-weight: 400;\">M\u00e9gis, ami igaz\u00e1n lehet\u0151v\u00e9 teszi sz\u00e1modra, hogy meghalld a szavainkat \u00e9s megismerd azok hiteless\u00e9g\u00e9t, az az lesz, hogy k\u00e9pes leszel v\u00e1laszolni magadban a m\u00e9lyebb tud\u00e1ssal. Besz\u00e9deink sor\u00e1n mindv\u00e9gig a Tud\u00e1s val\u00f3s\u00e1g\u00e1ra hivatkoztunk, a benned \u00e9l\u0151 Spiritu\u00e1lis Intelligenci\u00e1ra. Besz\u00e9lt\u00fcnk k\u00f6zponti fontoss\u00e1g\u00e1r\u00f3l a Nagyobb K\u00f6z\u00f6ss\u00e9gre val\u00f3 felk\u00e9sz\u00fcl\u00e9sben. \u00dagy besz\u00e9lt\u00fcnk r\u00f3la, mint az igazi hatalomr\u00f3l, amely k\u00e9pess\u00e9 tesz arra, hogy a Beavatkoz\u00e1s minden megt\u00e9veszt\u00e9s\u00e9n \u00e9s manipul\u00e1ci\u00f3j\u00e1n t\u00fal l\u00e1ss. \u00dagy besz\u00e9lt\u00fcnk r\u00f3la, mint a benned rejl\u0151 er\u0151, amelyet a Kollekt\u00edv\u00e1k nem haszn\u00e1lnak \u00e9s nem ismernek el \u2013 a Tud\u00e1s. Ez a Tud\u00e1s nem olyan, mint egy katonai hatalom. Ez nem olyasvalami, amit arra haszn\u00e1lhatsz, hogy er\u0151vel megszerezz dolgokat, vagy hogy elnyomj vagy uralkodj m\u00e1sokon. Ez a nagyobb Spiritu\u00e1lis Intelligencia, amelyen osztozol a Teremt\u0151vel.<\/p>\r<p style=\"font-weight: 400;\">Az emberis\u00e9g nagy kih\u00edv\u00e1s el\u0151tt \u00e1ll \u00e9s nagy kock\u00e1zattal kell szemben\u00e9znie a Nagyobb K\u00f6z\u00f6ss\u00e9gbe val\u00f3 felemelked\u00e9se sor\u00e1n. Ez\u00e9rt meg kell tal\u00e1lni azt az er\u0151t, amely k\u00e9pess\u00e9 tesz arra, hogy egyes\u00edtsd n\u00e9peidet \u00e9s mint szabad \u00e9s \u00f6nrendelkez\u0151 fajk\u00e9nt foglald el a helyed a Nagyobb K\u00f6z\u00f6ss\u00e9gben. Ennek az er\u0151nek az emberek belsej\u00e9b\u0151l kell sz\u00e1rmaznia \u00e9s a j\u00f3t szolg\u00e1l\u00f3 nagyobb er\u0151k \u00e1ltal meger\u0151s\u00edtve, amelyek mind a vil\u00e1gotokban, mind a Nagyobb K\u00f6z\u00f6ss\u00e9gben l\u00e9teznek.<\/p>\r<p style=\"font-weight: 400;\">Tal\u00e1n lesznek olyan emberek, akik elutas\u00edtj\u00e1k szavainkat \u00e9s tan\u00e1csainkat \u00e9s teljesen elutas\u00edtj\u00e1k azt, amit bemutatunk. Lehetnek saj\u00e1t preferenci\u00e1ik az \u00fcgyben. Lehet, hogy megvannak a saj\u00e1t f\u00e9lelmeik \u00e9s alkalmatlannak \u00e9rzik magukat. Tal\u00e1n m\u00e1r \u00e1ldozatai lettek a Beavatkoz\u00e1s meggy\u0151z\u00e9s\u00e9nek \u00e9s nem akarj\u00e1k elhinni, hogy t\u00e9vedtek. Tal\u00e1n t\u00fals\u00e1gosan f\u00e9lnek szemben\u00e9zni ezzel a nagy kih\u00edv\u00e1ssal. Tal\u00e1n el akarnak menek\u00fclni szem\u00e9lyes gondjaik \u00e9s elfoglalts\u00e1gaik el\u0151l. De val\u00f3j\u00e1ban ennek a Spiritu\u00e1lis Intelligenci\u00e1nak az ereje \u00e9s jelenl\u00e9te van itt el\u0151h\u00edvva, amit Tud\u00e1snak nevez\u00fcnk, amely a val\u00f3di lelkiismereted forr\u00e1sa. De lehet, hogy nem veszed \u00e9szre, hogy ez az igazi forr\u00e1sa \u00e9s a k\u00f6tel\u00e9ke az univerzum minden spiritualit\u00e1s\u00e1nak. A spiritualit\u00e1s megnyilv\u00e1nul\u00e1sai \u00e9s a spiritualit\u00e1s ritu\u00e1l\u00e9i, a spiritualit\u00e1s nagy Tan\u00edt\u00f3i \u00e9s k\u00f6vetei t\u00fal sokan vannak ahhoz, hogy megsz\u00e1moljuk \u0151ket az univerzumban. A filoz\u00f3fi\u00e1k \u00e9s a m\u00f3dszertanok egyediek a kult\u00far\u00e1kra \u00e9s azok t\u00f6rt\u00e9nelm\u00e9re. De a k\u00f6z\u00e9ppontban ez a titokzatos \u00e9s m\u00e9ly er\u0151 \u00e1ll, amely k\u00e9pess\u00e9 tesz arra, hogy l\u00e1ss, tudj \u00e9s a minden \u00e9let Teremt\u0151j\u00e9vel \u00f6sszhangban cselekedj.<\/p>\r<p style=\"font-weight: 400;\">Bizony\u00e1ra jelenl\u00e9t\u00fcnket \u00e9s szavainkat el lehet utas\u00edtani \u00e9s meg lehet tagadni. De a Tud\u00e1ssal ez nem \u00edgy lesz. Mert biztosak vagyunk abban, hogy a legjobb tud\u00e1sunk szerint mutatjuk be az igazs\u00e1got. A t\u00e1voli sz\u00f6vets\u00e9geseid k\u00fcldtek minket ide, az emberis\u00e9g nagy szolg\u00e1lat\u00e1ra. K\u00fcldet\u00e9s\u00fcnk \u00e9s prezent\u00e1ci\u00f3nk integrit\u00e1sa t\u00e9nyleges \u00e9s val\u00f3di. Ez nem puszt\u00e1n n\u00e9z\u0151pont vagy felfog\u00e1s k\u00e9rd\u00e9se.<\/p>\r<p style=\"font-weight: 400;\">Erre a benned rejl\u0151 Spiritu\u00e1lis Er\u0151re kell t\u00e1maszkodnunk, \u00fczenet\u00fcnk olvas\u00f3j\u00e1ban \u00e9s befogad\u00f3j\u00e1ban. Mert val\u00f3ban t\u00f6bbet \u00e1rulunk el, mint amennyit szavaink el tudnak mondani. Az univerzum \u00e9let\u00e9nek egy teljes val\u00f3s\u00e1g\u00e1t t\u00e1rjuk fel. Kinyitjuk az ajt\u00f3t azon nagy titkok el\u00f6tt, amelyeken az emberis\u00e9g m\u00e9g nem hatolt \u00e1t \u00e9s bizonyos esetekben nem is gondolt r\u00e1.<\/p>\r<p style=\"font-weight: 400;\">B\u00e1r mi nagyon k\u00fcl\u00f6nb\u00f6z\u00fcnk t\u0151led \u00e9s hi\u00e1ba gyakoroljuk a spiritualit\u00e1sunkat olyan m\u00f3don, amely csak r\u00e1nk jellemz\u0151 \u00e9s amit te nem igaz\u00e1n tudn\u00e1l befogadni, amit hangs\u00falyozunk, az abszol\u00fat alapvet\u0151 l\u00e9nyed, term\u00e9szeted \u00e9s val\u00f3s\u00e1god szempontj\u00e1b\u00f3l.<\/p>\r<p style=\"font-weight: 400;\">A Tud\u00e1s nem egyszer\u0171en egy nagy potencia, amely benned \u00e9l. Ez a legnagyobb l\u00e9tfontoss\u00e1ggal b\u00edr\u00f3 elem, amely biztos\u00edthatja \u00e9s fenntarthatja szabads\u00e1god most \u00e9s a j\u00f6v\u0151ben egyar\u00e1nt. Van az a szabads\u00e1g, hogy a lelkiismereted szerint \u00e9lj \u00e9s van az a szabads\u00e1g, hogy megtal\u00e1ld magadban a Tud\u00e1st. Hacsak nincs meg az els\u0151 szabads\u00e1g, sokkal nehezebb lesz megtal\u00e1lni a m\u00e1sodikat. El\u0151sz\u00f6r is t\u00fal kell \u00e9lned \u00e9s szabadnak kell maradnod \u00e9s azut\u00e1n ott a lehet\u0151s\u00e9g, hogy hozz\u00e1f\u00e9rj a benned \u00e9l\u0151 nagyobb Spiritu\u00e1lis Intelligenci\u00e1hoz. Ennek a szabads\u00e1gnak \u00e9s a Tud\u00e1snak a megtal\u00e1l\u00e1sa betekint\u00e9st ny\u00fajt az univerzumban l\u00e9v\u0151 \u00e9let val\u00f3s\u00e1g\u00e1ba \u00e9s \u00e9rtelm\u00e9be. Ez nagy \u00edg\u00e9retet ad sz\u00e1motokra \u00e9s ki kell hangs\u00falyoznunk azt, ami ezt a nagyszer\u0171 \u00edg\u00e9retet adja \u2013 a Tud\u00e1st, a szabads\u00e1got, az er\u0151t. Ezek azok a dolgok, amelyeket most kultiv\u00e1lnod kell.<\/p>\r<p style=\"font-weight: 400;\">A j\u00f6v\u0151ben, a k\u00f6ztetek mint emberi l\u00e9nyek k\u00f6z\u00f6tti k\u00fcl\u00f6nbs\u00e9gek egyre kev\u00e9sb\u00e9 lesznek jelent\u0151sek. K\u00e9t dolog fogja be\u00e1rny\u00e9kolni \u0151ket. Az els\u0151 a Nagyobb K\u00f6z\u00f6ss\u00e9gb\u0151l sz\u00e1rmaz\u00f3 er\u0151k lesznek, amelyek megk\u00e9rd\u0151jelezik az alapvet\u0151 jogotokat, hogy szabad fajk\u00e9nt legyetek jelen a vil\u00e1gban. Ezzel mindenki egy cs\u00f3nakba ker\u00fcl. A m\u00e1sodik a benned l\u00e9v\u0151 Tud\u00e1s val\u00f3s\u00e1ga lesz, amely egyes\u00edteni fog titeket m\u00e1sokkal annak \u00e9rdek\u00e9ben, hogy megadja nektek ezt a Tud\u00e1st, ezt a szabads\u00e1got \u00e9s ezt az er\u0151t. Ennek a Tud\u00e1snak a felfedez\u00e9se nem csup\u00e1n egy lehet\u0151s\u00e9g \u00e9s nem csup\u00e1n a kiv\u00e9teles egy\u00e9nek c\u00e9lja. Ez k\u00e9pviseli a szabads\u00e1g\u00e9rt val\u00f3 k\u00fczdelmed esszenci\u00e1j\u00e1t.<\/p>\r<p class=\"image-quote float-right\"><img decoding=\"async\" src=\"https:\/\/www.alliesofhumanity.org\/wp-content\/uploads\/2020\/12\/quote-book2-briefing6-1.png\" alt=\"\" \/><\/p><blockquote id=\"quote-2\" class=\"text-quote float-right bg-red\"> <\/blockquote><p style=\"font-weight: 400;\">A Tud\u00e1s fel fogja fedi ezt el\u0151tted \u00e9s meger\u0151s\u00edti szavainkat. A preferenci\u00e1idon \u00e9s meggy\u0151z\u0151d\u00e9seiden t\u00fal ez minden bizonnyal igaz. Mi itt ebben b\u00edzunk, mert ebbe helyezz\u00fck el hit\u00fcnket \u2013 az emberi csal\u00e1dban rejl\u0151 alapvet\u0151 j\u00f3s\u00e1gban \u00e9s lehets\u00e9ges b\u00f6lcsess\u00e9gben. Ellenkez\u0151 esetben kudarcot vall a nagy pr\u00f3b\u00e1lkoz\u00e1sunk, hogy v\u00e9szharangot f\u00fajjunk \u00e9s egy Nagyobb K\u00f6z\u00f6ss\u00e9gi tudatoss\u00e1got hozzunk a vil\u00e1gba. Nem lesz hat\u00e9konys\u00e1ga. Ennek a kudarcnak s\u00falyos k\u00f6vetkezm\u00e9nyei vannak, mivel az emberis\u00e9g m\u00e9g nem \u00e9rti szorult helyzet\u00e9t \u00e9s azt sem, hogy mire kell t\u00e1maszkodnia a siker \u00e9rdek\u00e9ben. A Teremt\u0151 azt akarja, hogy az emberis\u00e9g szabad faj legyen az univerzumban, de ez rajtatok m\u00falik. Ez att\u00f3l f\u00fcgg, hogy miben hiszel, mit v\u00e1lasztasz \u00e9s mire helyezed a hangs\u00falyt.<\/p>\r<p style=\"font-weight: 400;\">A Beavatkoz\u00e1s nagyon titkos \u00e9s nagyon rejtett. Csak azok vannak tudat\u00e1ban a jelenl\u00e9t\u00e9nek, akiket k\u00f6zvetlen\u00fcl \u00e9rintett, vagy akikkel k\u00f6zvetlen\u00fcl kapcsolatba ker\u00fcltek \u00e9s amint azt le\u00edrtuk, jelent\u0151s r\u00e1besz\u00e9l\u00e9snek \u00e9s manipul\u00e1ci\u00f3nak vannak kit\u00e9ve. Ez\u00e9rt ki van abban a helyzetben, hogy val\u00f3ban saj\u00e1t elhat\u00e1roz\u00e1s\u00e1b\u00f3l tudjon? Olyan perspekt\u00edv\u00e1t adunk, amelyet m\u00e1sk\u00e9nt nem kaphatn\u00e1l. Betekint\u00e9st ny\u00fajtunk a Nagyobb K\u00f6z\u00f6ss\u00e9g \u00e9let\u00e9vel kapcsolatos fontos val\u00f3s\u00e1gokba, amelyekhez te nem f\u00e9rsz hozz\u00e1. \u00c9s tan\u00faskodunk azok sz\u00e1m\u00e1ra k\u00f6z\u00fcletek, akik m\u00e1r elkezdt\u00e9k \u00e9rezni ezeket a dolgokat magukban. \u00dczenet\u00fcnk e m\u00e9lyebb intu\u00edci\u00f3k meger\u0151s\u00edt\u00e9sek\u00e9nt szolg\u00e1l. De a k\u00e9rd\u00e9s tov\u00e1bbra is fenn\u00e1ll, tudod-e, amit tudsz, k\u00f6vetheted-e, amit tudsz \u00e9s tudsz-e v\u00e1laszolni \u00f6nmagad e m\u00e9lyebb r\u00e9sz\u00e9b\u0151l \u00e9s megosztani ezt m\u00e1sokkal?<\/p>\r<p style=\"font-weight: 400;\">Hamarosan el kell hagynunk vil\u00e1gotok k\u00f6rny\u00e9k\u00e9t, mert amint az els\u0151 diskurzusunkat felt\u00e1rtuk, a Beavatkoz\u00e1s tudom\u00e1st szerzett ittl\u00e9t\u00fcnkr\u0151l \u00e9s alapos \u00e9s elsz\u00e1nt kutat\u00e1sba kezdett ut\u00e1nunk. Menek\u00fcln\u00fcnk kell, miel\u0151tt ez megt\u00f6rt\u00e9nik \u00e9s m\u00e9g itt is nagy vesz\u00e9lyeket rejt mag\u00e1ban a menek\u00fcl\u00e9s\u00fcnk. T\u00e1voz\u00e1sunk nem marad \u00e9szrev\u00e9tlen. \u00c9s megk\u00eds\u00e9relnek majd k\u00f6vetni \u00e9s megtal\u00e1lni, b\u00e1rhov\u00e1 is megy\u00fcnk. Nem t\u00e9rhet\u00fcnk vissza otthoni vil\u00e1gunkba, mert ez a felfedez\u00e9s\u00fckh\u00f6z vezetne. Nagyobb t\u00e1vols\u00e1gban kell elrejt\u0151zn\u00fcnk. Abb\u00f3l a poz\u00edci\u00f3b\u00f3l nem lesz\u00fcnk tan\u00fai a Beavatkoz\u00e1s folyamatban l\u00e9v\u0151 tev\u00e9kenys\u00e9geinek.<\/p>\r<p style=\"font-weight: 400;\">Ez\u00e9rt ebben a k\u00e9t Jelent\u00e9s sorozatban mindent meg kell adnunk, amire sz\u00fcks\u00e9ged lesz az \u00f6n\u00e1ll\u00f3 tov\u00e1bbl\u00e9p\u00e9shez. Megfigyel\u0151k\u00e9nt ny\u00fajtott seg\u00edts\u00e9g\u00fcnk azonban hamarosan v\u00e9get \u00e9r. M\u00e9g ezen szavak \u00e1tad\u00e1sa k\u00f6zben is, k\u00e9szek vagyunk t\u00e1vozni. Ez\u00e9rt nagy igyekezettel, s\u00fcrg\u0151ss\u00e9ggel kommunik\u00e1lunk. M\u00e9gis el kell t\u0171n\u0151dn\u00fcnk, vajon ki tud igaz\u00e1n meghallani minket \u00e9s megsz\u00edvlelni azt, amit mondunk? \u00c9s ki fog ezen szavakra a saj\u00e1t bels\u0151 meggy\u0151z\u0151d\u00e9s\u00e9vel cselekedni? Nem az\u00e9rt vagyunk itt, hogy vezess\u00fcnk benneteket, vagy hogy az emberis\u00e9g vezet\u0151i legy\u00fcnk. Az emberis\u00e9gnek saj\u00e1t vezet\u0151kkel kell rendelkeznie. M\u00e9gis ki fogja mag\u00e1ra venni e felel\u0151ss\u00e9g k\u00f6p\u00f6nyeg\u00e9t? Kiben lesz meg a bels\u0151 meggy\u0151z\u0151d\u00e9s? Ki el\u00e9g er\u0151s a Tud\u00e1ssal ahhoz, hogy l\u00e1ssa, tudja \u00e9s \u00e9rezze az \u00e1ltalunk bemutatott val\u00f3s\u00e1got addig a pontig, ahol cselekedni tud \u00e9s elkezd a Beavatkoz\u00e1s ellen felsz\u00f3lalni?<\/p>\r<p style=\"font-weight: 400;\">Ezekre a k\u00e9rd\u00e9sekre nem tudunk v\u00e1laszolni. Csak te v\u00e1laszolhatsz r\u00e1juk. Bepillant\u00e1st tudunk ny\u00fajtani az univerzum \u00e9let\u00e9be \u00e9s alapvet\u0151 ismereteket ny\u00fajtunk a Beavatkoz\u00e1s term\u00e9szet\u00e9r\u0151l \u00e9s tev\u00e9kenys\u00e9geir\u0151l, valamint azokr\u00f3l, akik itt beavatkoznak. M\u00e9gsem tudunk minden k\u00e9rd\u00e9sre v\u00e1laszolni \u00e9s nem is olyannyira v\u00e1laszokra van sz\u00fcks\u00e9ged, mint a bels\u0151 meggy\u0151z\u0151d\u00e9sre ahhoz, hogy l\u00e1ss, tudj \u00e9s cselekedj. Legnagyobb v\u00e1gyunk az, hogy ezt el\u00e9g sok emberben \u00f6szt\u00f6n\u00f6zz\u00fck, hogy mozgalom induljon el, amely ellens\u00falyozza a Beavatkoz\u00e1st \u00e9s demonstr\u00e1lja az emberis\u00e9g nemtetsz\u00e9s\u00e9t h\u00edvatlan vend\u00e9gei ir\u00e1nt. Ez hasznos kezdet lenne. De ez csak a kezdet, mert tudatos\u00edtani kell a Nagyobb K\u00f6z\u00f6ss\u00e9g val\u00f3s\u00e1g\u00e1t. \u00c9s j\u00f3zan \u00e9s m\u00e9ly meg\u00e9rt\u00e9snek kell lennie, hogy mit kell tennie az emberis\u00e9gnek ahhoz, hogy biztos\u00edtsa szabads\u00e1g\u00e1t \u00e9s j\u00f3l\u00e9t\u00e9t ebben a nagyobb \u00e9s sokkal \u00f6sszetettebb intelligens \u00e9let ar\u00e9n\u00e1j\u00e1ban.<\/p>\r<p style=\"font-weight: 400;\">Az volt a v\u00e1gyunk, hogy ne fess\u00fcnk egy s\u00f6t\u00e9t vagy kis\u00e9rtetiesen f\u00e9lelmetes k\u00e9pet az univerzumba l\u00e9v\u0151 \u00e9letr\u0151l, mert val\u00f3ban sok b\u00e1mulatos \u00e9s csod\u00e1latos alkot\u00e1s l\u00e9tezik \u00e9s sok olyan t\u00e1rsadalom van, melyek nagyon magas tudatoss\u00e1gi \u00e1llapotokat \u00e9rtek el. Ezek azonban m\u00e9g mindig az intelligens \u00e9let megnyilv\u00e1nul\u00e1sainak kisebbs\u00e9g\u00e9ben maradnak ebben a galaxisban, olyan m\u00e9rt\u00e9kig, amilyen m\u00e9rt\u00e9kig ennek tudat\u00e1ban vagyunk \u00e9s tal\u00e1lkoztunk sok m\u00e1s egy\u00e9nnel, akik olyan dolgokat l\u00e1ttak, amiket mi soha nem l\u00e1ttunk.<\/p>\r<p style=\"font-weight: 400;\">Ahhoz, hogy az emberis\u00e9g bel\u00e9phessen az \u00e9letnek ebbe az \u00faj panor\u00e1m\u00e1j\u00e1ba, t\u00e1j\u00e9koz\u00f3dnotok kell arr\u00f3l, hogy mi van ott, mire sz\u00e1m\u00edthattok \u00e9s hogyan kell m\u0171k\u00f6dn\u00f6t\u00f6k \u00e9s viselkednetek. Senki a vil\u00e1gon nincs k\u00e9sz arra, hogy ezt a tan\u00e1csot megadja, mert honnan tudhatn\u00e1 valaki? A sz\u00f6vets\u00e9geseitekre, az emberis\u00e9g sz\u00f6vets\u00e9geseire van sz\u00fcks\u00e9g, hogy biztos\u00edts\u00e1k ezt a perspekt\u00edv\u00e1t \u00e9s ir\u00e1nymutat\u00e1st. Ellenkez\u0151 esetben egyed\u00fcl \u00e9s annyira sebezhet\u0151nek \u00e9rezn\u00e9d magad, hogy elcs\u00fcggedn\u00e9l \u00e9s beh\u00f3doln\u00e1l azok meggy\u0151z\u00e9s\u00e9nek, akik megpr\u00f3b\u00e1lj\u00e1k megszerezni az ir\u00e1ny\u00edt\u00e1st te feletted \u00e9s a vil\u00e1god felett.<\/p>\r<p style=\"font-weight: 400;\">Szeretn\u00e9nk most mondani valamit arr\u00f3l az egy\u00e9nr\u0151l, aki megkapja ezt a k\u00f6zlem\u00e9nyt. Marshall Vian Summers nem egyszer\u0171en egy ember, akit akaratlanul egy nagy feladatra v\u00e1lasztottak ki. Ebb\u0151l a c\u00e9lb\u00f3l k\u00fcldt\u00e9k a vil\u00e1gba. \u0150 egy olyan ember, akit Isteni k\u00fcldet\u00e9ssel k\u00fcldtek, hogy seg\u00edtse felk\u00e9sz\u00edteni az emberis\u00e9get a Nagyobb K\u00f6z\u00f6ss\u00e9ggel val\u00f3 tal\u00e1lkoz\u00e1sra \u00e9s k\u00e9pviselje a Nagyobb K\u00f6z\u00f6ss\u00e9gi Tan\u00edt\u00e1st a vil\u00e1gban, egy tan\u00edt\u00e1st A Tud\u00e1s \u00datj\u00e1n A Nagyobb K\u00f6z\u00f6ss\u00e9gben.<\/p>\r<p style=\"font-weight: 400;\">Sok \u00e9vvel ezel\u0151tt volt egy k\u00eds\u00e9rlet a r\u00e9sz\u00fcnkr\u0151l, hogy k\u00f6zvetlen\u00fcl el\u00e9rj\u00fck \u0151t. Egy hegyvid\u00e9ki helyre lett h\u00edvva \u00e9s felk\u00e9sz\u00fclt a vel\u00fcnk val\u00f3 kapcsolatfelv\u00e9telre. Csoportunk t\u00f6bb tagja is megtette a vesz\u00e9lyes utat ebbe a vil\u00e1gba, de k\u00fcldet\u00e9s\u00fck sajnos nem lett befejezve. Miut\u00e1n a Beavatkoz\u00e1s felfedezte \u0151ket, el kellett puszt\u00edtaniuk \u00f6nmagukat \u00e9s az \u0171rhaj\u00f3jukat, semmif\u00e9le bizony\u00edt\u00e9kot nem hagyva maguk ut\u00e1n jelenl\u00e9t\u00fcnkr\u0151l a vil\u00e1gban. Ez nagy kudarcot jelentett. \u00c9s n\u00e9gy nagyon \u00e9rt\u00e9kes egy\u00e9n elveszt\u00e9s\u00e9t. M\u00e1r csak \u00f6ten maradtunk. \u00c9s ism\u00e9t nagy vesz\u00e9llyel n\u00e9z\u00fcnk szembe.<\/p>\r<p style=\"font-weight: 400;\">Az ezzel a szem\u00e9llyel val\u00f3 kapcsolatunk el\u0151k\u00e9sz\u00edt\u00e9se hossz\u00fa \u00e9s sok k\u00e9s\u00e9ssel j\u00e1rt. El\u0151sz\u00f6r is a Nagyobb K\u00f6z\u00f6ss\u00e9gi Tan\u00edt\u00e1s befogad\u00f3j\u00e1v\u00e1 kellett v\u00e1lnia. Neki kellett az els\u0151 tan\u00edtv\u00e1ny\u00e1v\u00e1 lennie. Azt\u00e1n olyan poz\u00edci\u00f3t kellett elfoglalnia, ahonnan k\u00e9pviselni tudja e meg\u00e9rt\u00e9s \u00faj k\u00fcsz\u00f6b\u00e9t az emberis\u00e9gnek. Bizonyos embereket h\u00edvtak, hogy seg\u00edtsenek neki, de nem mindenki tudta megtenni. Sok ilyen k\u00e9sedelem, amelyek nagyr\u00e9szt rajta k\u00edv\u00fcl \u00e1lltak, k\u00e9sleltett\u00e9k el\u0151ad\u00e1sunkat. Ez az oka annak, hogy k\u00e9sve k\u00f6z\u00f6lj\u00fck besz\u00e9deinket \u00e9s jelent\u00e9seinket.<\/p>\r<p style=\"font-weight: 400;\">Nagyon nagy kih\u00edv\u00e1st jelentett ennek az egy\u00e9nnek egy ilyen felel\u0151ss\u00e9g elfogad\u00e1sa. Nem k\u00e9rte. M\u00e9gis vele sz\u00fcletett. \u00c9s a sok k\u00e9s\u00e9s ellen\u00e9re a siker es\u00e9lye egyre jobban foglalkoztat benn\u00fcnket. \u00c9ppen ez\u00e9rt ebben az id\u0151ben nagy nyomat\u00e9kkal kell besz\u00e9ln\u00fcnk. \u00c9s meg kell ism\u00e9teln\u00fcnk alapvet\u0151 \u00fczenet\u00fcnket, hogy biztosak lehess\u00fcnk benne, hogy meghallj\u00e1tok \u00e9s meg\u00e9rtitek.<\/p>\r<p style=\"font-weight: 400;\">Most minden h\u00f3nap \u00e9s minden \u00e9v \u00e9rt\u00e9kes. Minden h\u00f3napban \u00e9s minden \u00e9vben, amikor az emberis\u00e9g felk\u00e9sz\u00fcletlen marad a Nagyobb K\u00f6z\u00f6ss\u00e9gre, a helyzet egyre nehezebb\u00e9 \u00e9s s\u00falyosabb\u00e1 v\u00e1lik. K\u00e9tszer is pozici\u00f3t kellett v\u00e1ltanunk itt a Naprendszeredben. Nem mondhatunk el t\u00f6bbet, mert nem akarunk jelenl\u00e9t\u00fcnkr\u0151l bizony\u00edt\u00e9kot adni ellenfeleinknek.<\/p>\r<p style=\"font-weight: 400;\">A saj\u00e1t t\u00f6rt\u00e9nelm\u00fcnkben, nek\u00fcnk, akik megmaradtunk, ugyanolyan neh\u00e9z volt egy hasonl\u00f3 \u00fczenetet bemutatni saj\u00e1t kult\u00far\u00e1nknak. Hitetlens\u00e9g, g\u00fany, megd\u00f6bben\u00e9s fogadott benn\u00fcnket. Az az elk\u00e9pzel\u00e9s, hogy vil\u00e1gunkba olyan er\u0151k is beavatkozhatnak, akik nem voltak bar\u00e1ts\u00e1gosak vel\u00fcnk, olyan volt, amire fajaink egy\u00e1ltal\u00e1n nem voltak felk\u00e9sz\u00fclve. Mi is azt hitt\u00fck, ak\u00e1rcsak te, aki elszigetelt \u00e1llapotban \u00e9lsz, hogy kiv\u00e1lts\u00e1gosak vagyunk \u00e9s r\u00e9szes\u00fclt\u00fcnk az Isteni er\u0151k kegyeiben. Csak felt\u00e9telezhett\u00fck, hogy a kezdeti l\u00e1togat\u00e1sok, amelyeket ugyanolyan titokban v\u00e9geztek, mint a ti vil\u00e1gotokban, nagyobb hasznot hoznak. Ez volt a felt\u00e9telez\u00e9s\u00fcnk. Csak amikor egy csoport, mint mi vagyunk, tal\u00e1lkozott \u00e9s tan\u00e1csot adott bizonyos egy\u00e9neknek a saj\u00e1t vil\u00e1gunkban, hogy figyelmeztet\u00e9st \u00e9s tudatoss\u00e1got k\u00f6zvet\u00edtsen, akkor kezd\u0151dhetett meg az igazi felk\u00e9sz\u00fcl\u00e9s.<\/p>\r<p style=\"font-weight: 400;\">M\u00e9gis nyomat\u00e9kosnak kell maradnunk abban a biztos\u00edt\u00e9kunkban, hogy az emberis\u00e9gnek m\u00e9g van ideje ellens\u00falyozni \u00e9s meg\u00e1ll\u00edtani a Beavatkoz\u00e1st. Ahhoz azonban, hogy ez megt\u00f6rt\u00e9njen, ezt az egy\u00e9nt fel kell ismerni \u00e9s seg\u00edteni kell. Neked kell felsz\u00f3lalnod ennek az \u00fczenetnek a nev\u00e9ben, amelyet k\u00f6zvet\u00edt\u00fcnk \u00e9s seg\u00edtened kell \u0151t abban, hogy ennek a nev\u00e9ben besz\u00e9lj. Nagyon kev\u00e9s t\u00e1mogat\u00e1sa van a vil\u00e1gon. Nagy akad\u00e1lyok vannak. A Beavatkoz\u00e1s tud r\u00f3la \u00e9s m\u00e9g ebben a pillanatban is meg akarja akad\u00e1lyozni.<\/p>\r<p style=\"font-weight: 400;\">Ezt az \u00fczenetet, amelyet k\u00f6zvet\u00edt\u00fcnk neked, erre az egy\u00e9nre b\u00edztuk, hogy tiszta form\u00e1ban juttassa el hozz\u00e1d, olyan tiszta form\u00e1ban, amennyire csak lehets\u00e9ges. B\u00edzunk benne, hogy k\u00e9pes volt erre. Megkapta a Nagyobb K\u00f6z\u00f6ss\u00e9gi Tan\u00edt\u00e1st is, amely az egyetlen el\u0151k\u00e9sz\u00edt\u00e9s a vil\u00e1gon, amely felk\u00e9sz\u00edti az embereket a Tud\u00e1s \u00datj\u00e1ra a Nagyobb K\u00f6z\u00f6ss\u00e9gben.<\/p>\r<p style=\"font-weight: 400;\">Nagy megtiszteltet\u00e9s sz\u00e1munkra, hogy bemutathatjuk ezt az inform\u00e1ci\u00f3t. \u00c9s sajn\u00e1ljuk a sok k\u00e9sedelmet, amely megakad\u00e1lyozott benn\u00fcnket abban, hogy kor\u00e1bban adjuk \u00e1t. Hatalmas er\u0151k ellen dolgozunk \u00e9s meg kell v\u00e1rnunk azok k\u00e9szen\u00e1ll\u00e1s\u00e1t, akik befogadhatnak minket \u00e9s el tudj\u00e1k \u00fcltetni azokat a magokat, amelyeket itt bemutatunk ezekben a t\u00e1j\u00e9koztat\u00f3kban.<\/p>\r<p style=\"font-weight: 400;\">\u00c1tadtuk azt, amir\u0151l \u00fagy \u00e9rezz\u00fck, hogy elengedhetetlen a j\u00f3l\u00e9tedhez \u00e9s t\u00fal\u00e9l\u00e9sedhez. Sok m\u00e1s dolgot kihagytunk, amit tal\u00e1n nagyon leny\u0171g\u00f6z\u0151nek tal\u00e1ln\u00e1l, de amelyek nem k\u00f6zponti jelent\u0151s\u00e9g\u0171ek az ig\u00e9nyeid szempontj\u00e1b\u00f3l. Nagyon \u00fcgyelt\u00fcnk arra, hogy a l\u00e9nyeges k\u00e9rd\u00e9st ne hom\u00e1lyos\u00edtsuk el nem l\u00e9nyeges r\u00e9szletekkel. \u00c9s val\u00f3ban, a t\u00fal sok r\u00e9szlet egyszer\u0171en megmagyar\u00e1zhatatlanabb\u00e1 teszi a kommunik\u00e1ci\u00f3nkat.<\/p>\r<p style=\"font-weight: 400;\">A sz\u00f6vets\u00e9geseitek nev\u00e9ben besz\u00e9l\u00fcnk, akik jelent\u0151sek \u00e9s sok fajt k\u00e9pviselnek. Mind a kilencen k\u00fcl\u00f6nb\u00f6z\u0151 vil\u00e1gokb\u00f3l j\u00f6tt\u00fcnk \u00e9s m\u00e9gis ugyanaz a k\u00fcldet\u00e9s\u00fcnk, mert er\u0151sek vagyunk a Tud\u00e1ssal. Azt akarjuk az emberis\u00e9gnek, amit magunknak, azaz \u00f6nell\u00e1t\u00e1st, kreativit\u00e1st, behatol\u00e1smentess\u00e9get \u00e9s konfliktus \u00e9s h\u00e1bor\u00fa n\u00e9lk\u00fcli \u00e9letet. Az \u00e9letbenl\u00e9t jog\u00e1t egy magasabb c\u00e9l el\u00e9r\u00e9se \u00e9s a magasabb hivat\u00e1s megv\u00e1laszol\u00e1sa \u00e9rdek\u00e9ben, amelyet a Teremt\u0151 mindenki sz\u00e1m\u00e1ra adott lehet\u0151s\u00e9gk\u00e9nt \u2013 ezt igyeksz\u00fcnk meger\u0151s\u00edteni magunk \u00e9s az emberi csal\u00e1d sz\u00e1m\u00e1ra. M\u00e9gis, ahogy az a ti vil\u00e1gotokban is igaz, hatalmas er\u0151k \u00e9s meggy\u0151z\u00e9sek \u00e1llnak e felfedez\u00e9s \u00e9s eredm\u00e9ny \u00fatj\u00e1ban. Ez\u00e9rt a sz\u00ednfalak m\u00f6g\u00f6tt azon dolgozunk, hogy minden \u00e9rz\u0151 l\u00e9nyben a szabads\u00e1got \u00e9s a Tud\u00e1st k\u00e9pviselj\u00fck, m\u00e9g a Kollekt\u00edv\u00e1kban is, m\u00e9g az agressz\u00edv \u00e9s puszt\u00edt\u00f3 birodalmakban is, m\u00e9g a g\u00e1tl\u00e1stalanok \u00e9s \u00e1lnok egy\u00e9nekben is.<\/p>\r<p style=\"font-weight: 400;\">Az univerzumban sz\u00e1mos fajr\u00f3l tudunk, akik a Tud\u00e1st \u00e9s a Tud\u00e1s hi\u00e1ny\u00e1t demonstr\u00e1lj\u00e1k. Lehet\u0151s\u00e9ged lesz megismerni ezeket a dolgokat a j\u00f6v\u0151ben, ha be tudod biztos\u00edtani a szabads\u00e1godat most. Az emberis\u00e9g m\u00e9g csak az elej\u00e9n j\u00e1r a nagyobb teljes\u00edtm\u00e9nyeinek. M\u00e9gis jelenlegi meggondolatlans\u00e1ga, t\u00f6rzsi konfliktusai \u00e9s k\u00f6rnyezeti leroml\u00e1sa mind azt fenyegeti, hogy es\u00e9lye legyen arra, hogy jobb \u00e9let\u00e1llapotot \u00e9rjen el n\u00e9pe sz\u00e1m\u00e1ra.<\/p>\r<p style=\"font-weight: 400;\">A Beavatkoz\u00e1s most durva behatol\u00e1snak t\u0171nik egy am\u00fagy is neh\u00e9z helyzetben. De ahogy az sokszor lenni szokott, a term\u00e9szet nagy bemutat\u00f3i megv\u00e1lt\u00f3nak bizonyulnak, ha felismerhet\u0151k \u00e9s aszerint \u00e9s megfelel\u0151en hasznos\u00edthat\u00f3k. Ami \u00fagy t\u0171nik, hogy be\u00e1rny\u00e9kolja az emberis\u00e9get, az az egyetlen dolog, ami egyes\u00edtheti az emberis\u00e9get \u00e9s v\u00e9get vethet a t\u00f6rzsi konfliktusoknak. A vil\u00e1gon minden embernek tanulnia kell a Nagyobb K\u00f6z\u00f6ss\u00e9gr\u0151l \u00e9s az igazs\u00e1gr\u00f3l a vil\u00e1gba val\u00f3 Beavatkoz\u00e1sr\u00f3l. Tanulniuk kell a Beavatkoz\u00e1sr\u00f3l, miel\u0151tt bet\u00f6lti a feladat\u00e1t. Minden el\u0151rel\u00e9p\u00e9s e tekintetben \u00e1ld\u00e1s. B\u00e1rmilyen kudarc ebben a tekintetben, minden \u00e9letnek f\u00e1jdalmat okoz a vil\u00e1godban.<\/p>\r<p style=\"font-weight: 400;\">Noha egyetlen egy\u00e9nnek adt\u00e1k azt a terhet \u00e9s kiv\u00e1lts\u00e1got, hogy elhozza \u00fczenet\u00fcnket a vil\u00e1gba, \u00e9s megkapja a Nagyobb K\u00f6z\u00f6ss\u00e9gi Tan\u00edt\u00e1st, sok-sok kult\u00far\u00e1ban sok embernek kell megosztania ezt a meg\u00e9rt\u00e9st \u00e9s a felk\u00e9sz\u00fcl\u00e9st \u00e9s leford\u00edtani sok k\u00fcl\u00f6nb\u00f6z\u0151 nyelvre a vil\u00e1godban. A szabads\u00e1g ir\u00e1nti ig\u00e9ny \u00e9s a szabads\u00e1gv\u00e1gy egyetemes. \u00dczenet\u00fcnk \u00e9s A Tud\u00e1s \u00datja l\u00e9nyeg\u00e9ben a szabads\u00e1gr\u00f3l sz\u00f3l \u2013 a szabads\u00e1gr\u00f3l, hogy szabadon \u00e9lhess a saj\u00e1t vil\u00e1godban\u00a0 egy m\u00e1sik faj k\u00f6tel\u00e9ke n\u00e9lk\u00fcl \u00e9s egy m\u00e1sik faj behatol\u00e1sa vagy beavatkoz\u00e1sa n\u00e9lk\u00fcl, valamint a Tud\u00e1s megtal\u00e1l\u00e1s\u00e1nak szabads\u00e1g\u00e1r\u00f3l \u00e9s \u00f6nmagad bet\u00f6ltekez\u00e9s\u00e9r\u0151l az itteni nagy utaz\u00e1sod sor\u00e1n a fizikai \u00e9letben. Ez mind a szabads\u00e1gr\u00f3l sz\u00f3l.<\/p>\r<p style=\"font-weight: 400;\">Amikor a vil\u00e1g vall\u00e1si vezet\u0151i \u00e9s a vil\u00e1g politikai vezet\u0151i felismerik, hogy alapvet\u0151 k\u00f6z\u00f6s \u00e9rdek\u00fck \u00e9s k\u00f6z\u00f6s k\u00fcldet\u00e9s\u00fck az emberi csal\u00e1d v\u00e9delme, akkor minden er\u0151k\u00e9szlet\u00fcket felhaszn\u00e1lhatj\u00e1k e tekintetben. Ez nagym\u00e9rt\u00e9kben be\u00e1rny\u00e9kolja n\u00e9zetelt\u00e9r\u00e9seiket \u00e9s egym\u00e1ssal szembeni ellens\u00e9gesked\u00e9seiket.<\/p>\r<p style=\"font-weight: 400;\">A k\u00e9rd\u00e9s teh\u00e1t az, hogy szabad vagy-e tudni ezeket a dolgokat, amelyekr\u0151l besz\u00e9l\u00fcnk? Szabad vagy v\u00e1laszolni? Szabad vagy sz\u00f3t emelni a Beavatkoz\u00e1s ellen? A szabads\u00e1g tan\u00edt\u00e1sa most kezd\u0151dik. Ez az els\u0151 l\u00e9p\u00e9s.<\/p>\r<p style=\"font-weight: 400;\">Ez nem az ambivalencia vagy az \u00f6nel\u00e9g\u00fclts\u00e9g ideje. Ez nem az az id\u0151, amikor egyszer\u0171en a vil\u00e1gra vet\u00edtj\u00fck a s\u00e9relmeket \u00e9s a bizalmatlans\u00e1got. Amilyen m\u00e9rt\u00e9kben az emberis\u00e9g megosztott \u00e9s nincs tudat\u00e1ban a hat\u00e1rain t\u00fali \u00e9letnek, s\u00e9r\u00fcl\u00e9keny \u00e9s val\u00f3di biztons\u00e1g n\u00e9lk\u00fcli. Az egym\u00e1ssal szembeni ellenkez\u00e9setek helytelen. Az igazs\u00e1g az, hogy nincs v\u00e9dekez\u00e9sed a k\u00fcls\u0151 dolgokkal szemben.<\/p>\r<p style=\"font-weight: 400;\">Ha sikeresen megv\u00e9ded azt a jogodat, hogy a vil\u00e1g legkiemelked\u0151bb faja vagy, \u00e9s hogy szabads\u00e1gban \u00e9lj, \u00e9s a szabads\u00e1got \u00e1pold az emberi csal\u00e1don bel\u00fcl \u00e9s az emberi t\u00e1rsadalmakon bel\u00fcl, akkor lehet\u0151s\u00e9ged lesz tal\u00e1lkozni \u00e9s megismerni sz\u00f6vets\u00e9geseidet. Ez egy nagyszer\u0171 kinyilatkoztat\u00e1s \u00e9s hazat\u00e9r\u00e9s lesz sz\u00e1modra. Addig is nagy munka van h\u00e1tra. \u00c9s mindenkinek lehet\u0151s\u00e9ge van, hogy ezt a nagyszer\u0171 munk\u00e1t tegye.<\/p>\t\t\t\t\t\t\t\t<\/div>\t\t\t\t<\/div>\t\t\t\t\t<\/div>\t\t<\/div>\t\t\t\t\t<\/div>\t\t<\/section>\t\t\t\t<\/div><p>\t\t<\/p>","protected":false},"excerpt":{"rendered":"<p>Az volt a k\u00fcldet\u00e9s\u00fcnk, hogy megfigyelj\u00fck az alien Beavatkoz\u00e1st a mai vil\u00e1gban \u00e9s k\u00f6z\u00f6lj\u00fck komment\u00e1rjainkat \u00e9s perspekt\u00edv\u00e1nkat. Ez neh\u00e9z feladat \u00e9s neh\u00e9z \u00fczenet. Meg\u00e9rtj\u00fck azokat a probl\u00e9m\u00e1kat, amelyekkel az emberek szembes\u00fclhetnek e k\u00f6zlem\u00e9ny fogad\u00e1s\u00e1val. Megk\u00e9rd\u0151jelezhetik a kommunik\u00e1ci\u00f3s m\u00f3dszer\u00fcnket. Term\u00e9szetesen megk\u00e9rd\u0151jelezhetik val\u00f3s\u00e1gunkat \u00e9s identit\u00e1sunkat, valamint szavaink megb\u00edzhat\u00f3s\u00e1g\u00e1t. Megk\u00e9rd\u0151jelezhetik az \u00e1ltalunk bemutatott val\u00f3s\u00e1got. \u00c9s tal\u00e1n n\u00e9h\u00e1ny ember [&hellip;]<\/p>\n","protected":false},"author":23,"featured_media":0,"parent":16991,"menu_order":6,"comment_status":"closed","ping_status":"closed","template":"page.php","meta":{"_acf_changed":false,"footnotes":""},"class_list":["post-17006","page","type-page","status-publish","hentry"],"acf":[],"yoast_head":"<!-- This site is optimized with the Yoast SEO plugin v26.5 - https:\/\/yoast.com\/wordpress\/plugins\/seo\/ -->\n<title>A Call to Action for Spiritual Power by The Allies of Humanity<\/title>\n<meta name=\"description\" content=\"\u00a0Why the Spiritual Power within you is vitally important at this time of human and world evolution, and Contact with extraterrestrial life.\" \/>\n<meta name=\"robots\" content=\"index, follow, max-snippet:-1, max-image-preview:large, max-video-preview:-1\" \/>\n<link rel=\"canonical\" href=\"https:\/\/www.alliesofhumanity.org\/hu\/the-briefings\/book-two\/a-call-to-action-spiritual-power\/\" \/>\n<meta property=\"og:locale\" content=\"hu_HU\" \/>\n<meta property=\"og:type\" content=\"article\" \/>\n<meta property=\"og:title\" content=\"A Call to Action for Spiritual Power by The Allies of Humanity\" \/>\n<meta property=\"og:description\" content=\"\u00a0Why the Spiritual Power within you is vitally important at this time of human and world evolution, and Contact with extraterrestrial life.\" \/>\n<meta property=\"og:url\" content=\"https:\/\/www.alliesofhumanity.org\/hu\/the-briefings\/book-two\/a-call-to-action-spiritual-power\/\" \/>\n<meta property=\"og:site_name\" content=\"The Allies of Humanity\" \/>\n<meta property=\"article:publisher\" content=\"https:\/\/www.facebook.com\/alliesofhumanity\/\" \/>\n<meta property=\"article:modified_time\" content=\"2023-12-04T22:41:30+00:00\" \/>\n<meta property=\"og:image\" content=\"https:\/\/www.alliesofhumanity.org\/wp-content\/uploads\/2021\/01\/og-socialmedia-aoh.jpg\" \/>\n\t<meta property=\"og:image:width\" content=\"1200\" \/>\n\t<meta property=\"og:image:height\" content=\"630\" \/>\n\t<meta property=\"og:image:type\" content=\"image\/jpeg\" \/>\n<meta name=\"twitter:card\" content=\"summary_large_image\" \/>\n<meta name=\"twitter:title\" content=\"A Call to Action for Spiritual Power by The Allies of Humanity\" \/>\n<meta name=\"twitter:site\" content=\"@earthallies\" \/>\n<meta name=\"twitter:label1\" content=\"Becs\u00fclt olvas\u00e1si id\u0151\" \/>\n\t<meta name=\"twitter:data1\" content=\"20 perc\" \/>\n<script type=\"application\/ld+json\" class=\"yoast-schema-graph\">{\"@context\":\"https:\/\/schema.org\",\"@graph\":[{\"@type\":\"WebPage\",\"@id\":\"https:\/\/www.alliesofhumanity.org\/hu\/the-briefings\/book-two\/a-call-to-action-spiritual-power\/\",\"url\":\"https:\/\/www.alliesofhumanity.org\/hu\/the-briefings\/book-two\/a-call-to-action-spiritual-power\/\",\"name\":\"A Call to Action for Spiritual Power by The Allies of Humanity\",\"isPartOf\":{\"@id\":\"https:\/\/www.alliesofhumanity.org\/hu\/#website\"},\"datePublished\":\"2021-05-13T22:43:30+00:00\",\"dateModified\":\"2023-12-04T22:41:30+00:00\",\"description\":\"\u00a0Why the Spiritual Power within you is vitally important at this time of human and world evolution, and Contact with extraterrestrial life.\",\"breadcrumb\":{\"@id\":\"https:\/\/www.alliesofhumanity.org\/hu\/the-briefings\/book-two\/a-call-to-action-spiritual-power\/#breadcrumb\"},\"inLanguage\":\"hu\",\"potentialAction\":[{\"@type\":\"ReadAction\",\"target\":[\"https:\/\/www.alliesofhumanity.org\/hu\/the-briefings\/book-two\/a-call-to-action-spiritual-power\/\"]}]},{\"@type\":\"BreadcrumbList\",\"@id\":\"https:\/\/www.alliesofhumanity.org\/hu\/the-briefings\/book-two\/a-call-to-action-spiritual-power\/#breadcrumb\",\"itemListElement\":[{\"@type\":\"ListItem\",\"position\":1,\"name\":\"Jelent\u00e9shez\",\"item\":\"https:\/\/www.alliesofhumanity.org\/hu\/the-briefings\/\"},{\"@type\":\"ListItem\",\"position\":2,\"name\":\"Book Two\",\"item\":\"https:\/\/www.alliesofhumanity.org\/hu\/the-briefings\/book-two\/\"},{\"@type\":\"ListItem\",\"position\":3,\"name\":\"Hatodik Jelent\u00e9s: Felh\u00edv\u00e1s a Cselekv\u00e9sre\"}]},{\"@type\":\"WebSite\",\"@id\":\"https:\/\/www.alliesofhumanity.org\/hu\/#website\",\"url\":\"https:\/\/www.alliesofhumanity.org\/hu\/\",\"name\":\"The Allies of Humanity\",\"description\":\"\",\"potentialAction\":[{\"@type\":\"SearchAction\",\"target\":{\"@type\":\"EntryPoint\",\"urlTemplate\":\"https:\/\/www.alliesofhumanity.org\/hu\/?s={search_term_string}\"},\"query-input\":{\"@type\":\"PropertyValueSpecification\",\"valueRequired\":true,\"valueName\":\"search_term_string\"}}],\"inLanguage\":\"hu\"}]}<\/script>\n<!-- \/ Yoast SEO plugin. -->","yoast_head_json":{"title":"A Call to Action for Spiritual Power by The Allies of Humanity","description":"\u00a0Why the Spiritual Power within you is vitally important at this time of human and world evolution, and Contact with extraterrestrial life.","robots":{"index":"index","follow":"follow","max-snippet":"max-snippet:-1","max-image-preview":"max-image-preview:large","max-video-preview":"max-video-preview:-1"},"canonical":"https:\/\/www.alliesofhumanity.org\/hu\/the-briefings\/book-two\/a-call-to-action-spiritual-power\/","og_locale":"hu_HU","og_type":"article","og_title":"A Call to Action for Spiritual Power by The Allies of Humanity","og_description":"\u00a0Why the Spiritual Power within you is vitally important at this time of human and world evolution, and Contact with extraterrestrial life.","og_url":"https:\/\/www.alliesofhumanity.org\/hu\/the-briefings\/book-two\/a-call-to-action-spiritual-power\/","og_site_name":"The Allies of Humanity","article_publisher":"https:\/\/www.facebook.com\/alliesofhumanity\/","article_modified_time":"2023-12-04T22:41:30+00:00","og_image":[{"width":1200,"height":630,"url":"https:\/\/www.alliesofhumanity.org\/wp-content\/uploads\/2021\/01\/og-socialmedia-aoh.jpg","type":"image\/jpeg"}],"twitter_card":"summary_large_image","twitter_title":"A Call to Action for Spiritual Power by The Allies of Humanity","twitter_site":"@earthallies","twitter_misc":{"Becs\u00fclt olvas\u00e1si id\u0151":"20 perc"},"schema":{"@context":"https:\/\/schema.org","@graph":[{"@type":"WebPage","@id":"https:\/\/www.alliesofhumanity.org\/hu\/the-briefings\/book-two\/a-call-to-action-spiritual-power\/","url":"https:\/\/www.alliesofhumanity.org\/hu\/the-briefings\/book-two\/a-call-to-action-spiritual-power\/","name":"A Call to Action for Spiritual Power by The Allies of Humanity","isPartOf":{"@id":"https:\/\/www.alliesofhumanity.org\/hu\/#website"},"datePublished":"2021-05-13T22:43:30+00:00","dateModified":"2023-12-04T22:41:30+00:00","description":"\u00a0Why the Spiritual Power within you is vitally important at this time of human and world evolution, and Contact with extraterrestrial life.","breadcrumb":{"@id":"https:\/\/www.alliesofhumanity.org\/hu\/the-briefings\/book-two\/a-call-to-action-spiritual-power\/#breadcrumb"},"inLanguage":"hu","potentialAction":[{"@type":"ReadAction","target":["https:\/\/www.alliesofhumanity.org\/hu\/the-briefings\/book-two\/a-call-to-action-spiritual-power\/"]}]},{"@type":"BreadcrumbList","@id":"https:\/\/www.alliesofhumanity.org\/hu\/the-briefings\/book-two\/a-call-to-action-spiritual-power\/#breadcrumb","itemListElement":[{"@type":"ListItem","position":1,"name":"Jelent\u00e9shez","item":"https:\/\/www.alliesofhumanity.org\/hu\/the-briefings\/"},{"@type":"ListItem","position":2,"name":"Book Two","item":"https:\/\/www.alliesofhumanity.org\/hu\/the-briefings\/book-two\/"},{"@type":"ListItem","position":3,"name":"Hatodik Jelent\u00e9s: Felh\u00edv\u00e1s a Cselekv\u00e9sre"}]},{"@type":"WebSite","@id":"https:\/\/www.alliesofhumanity.org\/hu\/#website","url":"https:\/\/www.alliesofhumanity.org\/hu\/","name":"The Allies of Humanity","description":"","potentialAction":[{"@type":"SearchAction","target":{"@type":"EntryPoint","urlTemplate":"https:\/\/www.alliesofhumanity.org\/hu\/?s={search_term_string}"},"query-input":{"@type":"PropertyValueSpecification","valueRequired":true,"valueName":"search_term_string"}}],"inLanguage":"hu"}]}},"_links":{"self":[{"href":"https:\/\/www.alliesofhumanity.org\/hu\/wp-json\/wp\/v2\/pages\/17006","targetHints":{"allow":["GET"]}}],"collection":[{"href":"https:\/\/www.alliesofhumanity.org\/hu\/wp-json\/wp\/v2\/pages"}],"about":[{"href":"https:\/\/www.alliesofhumanity.org\/hu\/wp-json\/wp\/v2\/types\/page"}],"author":[{"embeddable":true,"href":"https:\/\/www.alliesofhumanity.org\/hu\/wp-json\/wp\/v2\/users\/23"}],"replies":[{"embeddable":true,"href":"https:\/\/www.alliesofhumanity.org\/hu\/wp-json\/wp\/v2\/comments?post=17006"}],"version-history":[{"count":5,"href":"https:\/\/www.alliesofhumanity.org\/hu\/wp-json\/wp\/v2\/pages\/17006\/revisions"}],"predecessor-version":[{"id":21630,"href":"https:\/\/www.alliesofhumanity.org\/hu\/wp-json\/wp\/v2\/pages\/17006\/revisions\/21630"}],"up":[{"embeddable":true,"href":"https:\/\/www.alliesofhumanity.org\/hu\/wp-json\/wp\/v2\/pages\/16991"}],"wp:attachment":[{"href":"https:\/\/www.alliesofhumanity.org\/hu\/wp-json\/wp\/v2\/media?parent=17006"}],"curies":[{"name":"wp","href":"https:\/\/api.w.org\/{rel}","templated":true}]}}