{"id":17000,"date":"2021-05-13T23:41:52","date_gmt":"2021-05-13T22:41:52","guid":{"rendered":"https:\/\/www.alliesofhumanity.org\/the-briefings\/book-two\/the-influence-upon-humanity\/"},"modified":"2023-12-04T23:36:47","modified_gmt":"2023-12-04T22:36:47","slug":"the-influence-upon-humanity","status":"publish","type":"page","link":"https:\/\/www.alliesofhumanity.org\/hu\/the-briefings\/book-two\/the-influence-upon-humanity\/","title":{"rendered":"Harmadik Jelent\u00e9s: Az Emberis\u00e9gre Gyakorolt Hat\u00e1s"},"content":{"rendered":"\t\t<div data-elementor-type=\"wp-page\" data-elementor-id=\"17000\" class=\"elementor elementor-17000 elementor-2491\" data-elementor-post-type=\"page\">\t\t\t\t\t\t<section class=\"elementor-section elementor-top-section elementor-element elementor-element-42effbc4 elementor-section-boxed elementor-section-height-default elementor-section-height-default\" data-id=\"42effbc4\" data-element_type=\"section\">\t\t\t\t\t\t<div class=\"elementor-container elementor-column-gap-default\">\t\t\t\t\t<div class=\"elementor-column elementor-col-100 elementor-top-column elementor-element elementor-element-266244ec\" data-id=\"266244ec\" data-element_type=\"column\">\t\t\t<div class=\"elementor-widget-wrap elementor-element-populated\">\t\t\t\t\t\t<div class=\"elementor-element elementor-element-a647f60 elementor-widget elementor-widget-text-editor\" data-id=\"a647f60\" data-element_type=\"widget\" data-widget_type=\"text-editor.default\">\t\t\t\t<div class=\"elementor-widget-container\">\t\t\t\t\t\t\t\t\t<p style=\"font-weight: 400;\">L\u00e9tfontoss\u00e1g\u00fa, hogy most az emberis\u00e9gre gyakorolt stimul\u00e1ci\u00f3 term\u00e9szet\u00e9r\u0151l besz\u00e9lj\u00fcnk. Mivel ez Beavatkoz\u00e1s \u00e9s nem l\u00e1togat\u00e1s, mivel \u00e1ltal\u00e1nos sz\u00e1nd\u00e9ka \u00e9s c\u00e9lja a vil\u00e1gotok uralma \u00e9s az emberi faj leig\u00e1z\u00e1sa, az alkalmazott m\u00f3dszereket arra fogj\u00e1k haszn\u00e1lni, hogy b\u00e1tor\u00edts\u00e1k, \u00f6szt\u00f6n\u00f6zz\u00e9k \u00e9s elcs\u00e1b\u00edts\u00e1k az emberis\u00e9get egy egy\u00fcttm\u0171k\u00f6d\u0151, al\u00e1rendelt szerepre a l\u00e1togat\u00f3knak. Mivel l\u00e1togat\u00f3idnak nem engedik meg, hogy egyenesen megt\u00e1madj\u00e1k ezt a vil\u00e1got, ezeket a m\u00f3dszereket kell haszn\u00e1lniuk. Mivel a vil\u00e1gon egyn\u00e9l t\u00f6bb Kollekt\u00edva m\u0171k\u00f6dik, akik e c\u00e9l el\u00e9r\u00e9s\u00e9re t\u00f6rekszenek, mindannyian alkalmazni fogj\u00e1k ezeket a m\u00f3dszereket. Ebben a Kollekt\u00edv\u00e1k nagyj\u00e1b\u00f3l ugyan\u00fagy m\u0171k\u00f6dnek.<\/p>\r<p style=\"font-weight: 400;\">Mivel nem mer\u00e9szkednek felt\u00e9rk\u00e9pezetlen vagy t\u00e1voli ter\u00fcletekre, a Kollekt\u00edv\u00e1knak ott kell \u00f6sszpontos\u00edtaniuk, ahol hatalmuk koncentr\u00e1l\u00f3dik \u00e9s ahol szervezet\u00fck hat\u00e9konyan tud m\u0171k\u00f6dni. Ebben, eg\u00e9szen \u00fcgyesekk\u00e9 v\u00e1ltak a meggy\u0151z\u00e9s erej\u00e9nek haszn\u00e1lat\u00e1ban. Els\u0151dleges c\u00e9ljuk a szok\u00e1sos csere \u00e9s kereskedelmi utakon t\u00fal az, hogy hozz\u00e1f\u00e9rjenek az olyan felt\u00f6rekv\u0151 vil\u00e1gokhoz, mint amilyen a ti\u00e9d, valamint az \u00faj \u00e1sv\u00e1nyi \u00e9s biol\u00f3giai felfedez\u00e9sekhez azokban a r\u00e9gi\u00f3kban, ahol domin\u00e1nsak. A legt\u00f6bb r\u00e9gi\u00f3ban a Kollekt\u00edv\u00e1k nem rendelkeznek katonai jelenl\u00e9ttel a saj\u00e1t biztons\u00e1gi er\u0151iken t\u00fal. Ennek eredm\u00e9nyek\u00e9nt finomabb \u00e9s id\u0151ig\u00e9nyesebb tev\u00e9kenys\u00e9geket kell v\u00e9gezni\u00fck. \u00c9s m\u00e9gis ezt itt hely\u00e9nval\u00f3nak l\u00e1tj\u00e1k, mert az emberis\u00e9g egy\u00fcttm\u0171k\u00f6d\u00e9s\u00e9t akarj\u00e1k. Seg\u00edts\u00e9ged n\u00e9lk\u00fcl nem tudnak funkcion\u00e1lni a vil\u00e1gban. Nem tudj\u00e1k bel\u00e9legezni a l\u00e9gk\u00f6r\u00f6det. Nem tudnak hozz\u00e1f\u00e9rni az er\u0151forr\u00e1saidhoz. Nem tudnak hat\u00e9konyan \u00e9lni a vil\u00e1gotok felsz\u00edn\u00e9n, ez\u00e9rt ahhoz, hogy teljes m\u00e9rt\u00e9kben kihaszn\u00e1lj\u00e1k vil\u00e1gotok er\u0151forr\u00e1sait \u00e9s vil\u00e1gotok strat\u00e9giai helyzet\u00e9t, emberi seg\u00edts\u00e9gre van sz\u00fcks\u00e9g\u00fck.<\/p>\r<p style=\"font-weight: 400;\">Val\u00f3j\u00e1ban, ezen t\u00falmen\u0151en a mai vil\u00e1gban m\u0171k\u00f6d\u0151 Kollekt\u00edv\u00e1k egy emberi komponenst szeretn\u00e9nek hozz\u00e1adni kollekt\u00edv k\u00f6z\u00f6ss\u00e9g\u00fckh\u00f6z \u00e9s mentalit\u00e1sukhoz. Nem egyszer\u0171en arr\u00f3l van sz\u00f3, hogy azt akarj\u00e1k, hogy te legy\u00e9l sz\u00e1mukra a munkaer\u0151; azt akarj\u00e1k, hogy r\u00e9sz\u00fckk\u00e9 v\u00e1lj. Ez n\u00f6veli kollekt\u00edv erej\u00fcket, \u00e9s minim\u00e1lisra cs\u00f6kkenti az emberis\u00e9g saj\u00e1t \u00e9rdek\u00e9ben t\u00f6rt\u00e9n\u0151 esetleges ellen\u00e1ll\u00e1si er\u0151fesz\u00edt\u00e9s\u00e9t a j\u00f6v\u0151ben. Ez az oka annak, hogy rengeteg id\u0151t \u00e9s energi\u00e1t kell belefektetni az emberi h\u0171s\u00e9g elnyer\u00e9s\u00e9re, az emberis\u00e9ggel val\u00f3 k\u00f6t\u0151d\u00e9sre a hybridaliz\u00e1ci\u00f3 \u00e1ltal, valamint az emberi csal\u00e1ddal val\u00f3 m\u00e9ly \u00e9s \u00e1that\u00f3 kapcsolat kialak\u00edt\u00e1s\u00e1ra.<\/p>\r<p style=\"font-weight: 400;\">Ez a vil\u00e1g annyira \u00e9rt\u00e9kes, hogy a Beavatkoz\u00e1s nem akar kock\u00e1ztatni egy emberi forradalmat a j\u00f6v\u0151ben. Voltak m\u00e1r ilyen forradalmak. Ezt saj\u00e1t tapasztalatunkb\u00f3l is igazolhatjuk. Ilyen forradalmak term\u00e9kei vagyunk mi a saj\u00e1t vil\u00e1gunkban. B\u00e1r a mi k\u00f6r\u00fclm\u00e9nyeink eg\u00e9szen elt\u00e9r\u0151ek voltak a ti\u00e9dt\u0151l, a Beavatkoz\u00e1s term\u00e9szete \u00e9s az alkalmazott m\u00f3dszerek val\u00f3j\u00e1ban meglehet\u0151sen hasonl\u00f3ak voltak. Ez\u00e9rt besz\u00e9lhet\u00fcnk tekint\u00e9llyel ebben a t\u00e9m\u00e1ban.<\/p>\r<p style=\"font-weight: 400;\">A v\u00e9grehajtand\u00f3 \u00f6szt\u00f6nz\u00e9sek att\u00f3l f\u00fcgg\u0151en v\u00e1ltoznak, hogy kit \u00e9s milyen c\u00e9lb\u00f3l \u00e9rnek el. A korm\u00e1nytermekben fog\u00e9konynak \u00e9s egy\u00fcttm\u0171k\u00f6d\u0151nek tartott egy\u00e9nek sz\u00e1m\u00e1ra az \u00f6szt\u00f6nz\u00e9s a nagyobb hatalom \u00e9s technol\u00f3gia \u00edg\u00e9rete lesz. Az emberis\u00e9g ebben az \u00e9rtelemben nagyon kiszolg\u00e1ltatott helyzetben van, mert nagyon-nagyon er\u0151s a technol\u00f3gi\u00e1ba vetett hite \u00e9s rem\u00e9nye, hogy a technol\u00f3gia megoldja minden probl\u00e9m\u00e1j\u00e1t. Ezt term\u00e9szetesen a Beavatkoz\u00e1s is t\u00e1mogatta, mert ez az egyik els\u0151dleges \u00fat, amelyen az emberis\u00e9g val\u00f3sz\u00edn\u0171leg mag\u00e1t\u00f3l a Beavatkoz\u00e1st\u00f3l v\u00e1lik f\u00fcgg\u0151v\u00e9.<\/p>\r<p class=\"image-quote float-right\"><img decoding=\"async\" src=\"https:\/\/www.alliesofhumanity.org\/wp-content\/uploads\/2020\/12\/quote-book2-briefing3-1.png\" alt=\"\" \/><\/p><blockquote id=\"quote-2\" class=\"text-quote float-right bg-black\"> <\/blockquote><p style=\"font-weight: 400;\">A korm\u00e1nyaitok hatalmi folyos\u00f3in l\u00e9v\u0151knek, azoknak, akiket fog\u00e9konynak \u00e9s egy\u00fcttm\u0171k\u00f6d\u0151nek tartanak, a nagyobb technol\u00f3gia, s\u0151t a vil\u00e1guralom \u00edg\u00e9rete lesz felaj\u00e1lva. Ez ak\u00e1r a Ment\u00e1lis K\u00f6rnyezeten kereszt\u00fcl is bemutathat\u00f3, mint ezeknek az egy\u00e9neknek az elm\u00e9j\u00e9be k\u00fcld\u00f6tt \u00f6tletek, vagy, mint m\u00e1r megt\u00f6rt\u00e9nt, szem\u00e9lyes tal\u00e1lkoz\u00e1sok t\u00f6rt\u00e9nhetnek magukkal a l\u00e1togat\u00f3kkal.<\/p>\r<p style=\"font-weight: 400;\">\u00c9s mit fognak felk\u00edn\u00e1lni az emberis\u00e9gnek? Az alapvet\u0151 technol\u00f3gi\u00e1juk egy r\u00e9sz\u00e9t fogj\u00e1k az emberis\u00e9gnek felaj\u00e1nlani, bizonyosan semmi olyat, amit fejlettnek, egyedinek, titkosnak vagy szentnek tartanak maguk sz\u00e1m\u00e1ra \u2013 alapvet\u0151 hajt\u00f3m\u0171vet az \u0171rben, alapvet\u0151 elektronikus energiahaszn\u00e1latot, termel\u00e9si m\u00f3dszereket. Nem tan\u00edtanak hatalmat a Ment\u00e1lis K\u00f6rnyezetben, mert nem akarj\u00e1k, hogy az emberis\u00e9g rendelkezzen ezzel a hatalommal, hacsak nem maguk a l\u00e1togat\u00f3k teljesen ellen\u0151rzik \u00e9s ir\u00e1ny\u00edtj\u00e1k.<\/p>\r<p style=\"font-weight: 400;\">\u00c9s ki tudna ellen\u00e1llni a ti hatalmi k\u00f6reidben egy ilyen k\u00eds\u00e9rt\u00e9snek? Sokan beh\u00f3dolnak. Ezekben az aj\u00e1nlatokban gazdags\u00e1got, hatalmat, ir\u00e1ny\u00edt\u00e1st, uralmat \u00e9s hatalmas el\u0151nyt fognak l\u00e1tni embert\u00e1rsaikkal \u00e9s m\u00e1s nemzetekkel szemben, akikkel k\u00f6zvetlen\u00fcl versenyeznek. Csak azok az egy\u00e9nek lesznek k\u00e9pesek felismerni a megt\u00e9veszt\u00e9st \u00e9s ellen\u00e1llni a k\u00eds\u00e9rt\u00e9snek, akinek a Tud\u00e1sa er\u0151s.<\/p>\r<p style=\"font-weight: 400;\">A nagy gazdas\u00e1gi er\u0151vel \u00e9s vagyonnal rendelkez\u0151 embereket is el\u00e9rik, ha egy\u00fcttm\u0171k\u00f6d\u0151nek \u00e9s befogad\u00f3nak tartj\u00e1k \u0151ket. \u00c9s m\u00e9g egyszer: ki tud k\u00f6z\u00fcl\u00fck ellen\u00e1llni egy ilyen k\u00eds\u00e9rt\u00e9snek, a gazdags\u00e1g, a hatalom \u00e9s az ellen\u0151rz\u00e9s ilyen \u00edg\u00e9ret\u00e9nek? \u00c9s ezek az \u00f6szt\u00f6nz\u00e9sek azonban nem m\u00e1sok mint csak megt\u00e9veszt\u00e9sek \u2013 eszk\u00f6z\u00f6k arra, hogy m\u00e1s embereket bevonjanak a Kollekt\u00edva tev\u00e9kenys\u00e9geibe, egy er\u0151s kapcsolat kialak\u00edt\u00e1s\u00e1nak eszk\u00f6zei. Azok az emberek, akikkel kapcsolatba l\u00e9pnek, azok az egy\u00e9nek, akik \u00e1ldozat\u00e1ul esnek ennek a megt\u00e9veszt\u00e9snek, nem fogj\u00e1k meg\u00e9rteni a m\u00f6g\u00f6tte l\u00e9v\u0151 val\u00f3di jelent\u00e9st. \u00c9s b\u00e1rmilyen er\u0151t \u00e9s hatalmat adnak nekik, az csak \u00e1tmeneti adom\u00e1ny lesz.<\/p>\r<p style=\"font-weight: 400;\">Mint mondtuk, a l\u00e1togat\u00f3knak emberi seg\u00edts\u00e9gre van sz\u00fcks\u00e9g\u00fck. Emberi vezet\u00e9sre is sz\u00fcks\u00e9g\u00fck van. A Kollekt\u00edv\u00e1knak nincs olyan sok l\u00e9tsz\u00e1muk, akik ebben a vil\u00e1gban m\u0171k\u00f6dnek, ez\u00e9rt sz\u00fcks\u00e9g\u00fck van az emberi tekint\u00e9ly hierarchi\u00e1j\u00e1ra, hogy szolg\u00e1lj\u00e1k \u0151ket. Sz\u00fcks\u00e9g\u00fck van a m\u00e1r ki\u00e9p\u00edtett infrastrukt\u00far\u00e1kra. Ism\u00e9telten, ez\u00e9rt nem l\u00e1togattak el kor\u00e1bban. Ez az oka annak, hogy a Beavatkoz\u00e1st elhalasztott\u00e1k az emberi fejl\u0151d\u00e9s e korszak\u00e1ig. A Beavatkoz\u00e1snak korm\u00e1nyokra van sz\u00fcks\u00e9ge; vall\u00e1sokra van sz\u00fcks\u00e9ge; minderre a m\u0171k\u00f6d\u0151 strukt\u00far\u00e1ra sz\u00fcks\u00e9ge van, amelyen kereszt\u00fcl szervezete \u00e1t tud \u00e1ramlani.<\/p>\r<p style=\"font-weight: 400;\">Ez\u00e9rt az elej\u00e9n sz\u00f6vets\u00e9geket kell k\u00f6tni\u00fck. K\u00f6vet\u0151ket kell szerezni\u00fck. Seg\u00edts\u00e9get kell kapniuk az egy\u00e9nekt\u0151l, k\u00fcl\u00f6n\u00f6sen azokt\u00f3l, akikr\u0151l \u00fagy gondolj\u00e1k, hogy hatalmi \u00e9s tekint\u00e9lyi poz\u00edci\u00f3kban vannak. Err\u0151l m\u00e1r besz\u00e9lt\u00fcnk jelent\u00e9seink els\u0151 r\u00e9sz\u00e9ben. \u00c9s m\u00e9gis meg kell ism\u00e9telni, mert meg kell \u00e9rtened, hogy ezek a dolgok t\u00f6rt\u00e9nnek \u00e9s m\u00e1r megt\u00f6rt\u00e9ntek.<\/p>\r<p style=\"font-weight: 400;\">Vannak olyan szem\u00e9lyek a kereskedelemben \u00e9s a korm\u00e1nyzatban, akik m\u00e1r kapcsolatban \u00e1llnak a Beavatkoz\u00e1ssal. Sz\u00e1muk n\u00f6vekedni fog, erej\u00fck \u00e9s befoly\u00e1suk n\u00f6vekedni fog ha a Beavatkoz\u00e1st nem \u00e1ll\u00edtj\u00e1k le \u00e9s egy k\u00f6zoktat\u00e1st nem siker\u00fcl l\u00e9trehozni.<\/p>\r<p style=\"font-weight: 400;\">A k\u00f6vetkez\u0151 csoport, aki c\u00e9lpontba lett v\u00e9ve a vall\u00e1si szervezeteitek vezet\u0151i. K\u00f6z\u00fcl\u00fck azok, akiket fog\u00e9konynak \u00e9s egy\u00fcttm\u0171k\u00f6d\u0151nek tartanak, c\u00e9lpontt\u00e1 v\u00e1lnak \u00e9s gondolatok \u00e9s inform\u00e1ci\u00f3k \u00e1ramlanak az elm\u00e9j\u00fckbe mindaddig, am\u00edg a k\u00f6zvetlen tal\u00e1lkoz\u00e1s meg nem t\u00f6rt\u00e9nik. Amit mindegyik\u00fcknek felaj\u00e1nlanak, az az \u00edg\u00e9ret, hogy saj\u00e1tos vall\u00e1si szervezet\u00fck \u00e9s tan\u00edt\u00e1suk uralkod\u00f3v\u00e1 v\u00e1lik egy \u00faj vil\u00e1grendben. \u00c9s m\u00e9g ezen t\u00falmen\u0151en is meg\u00edg\u00e9rik mindegyik\u00fcknek, hogy vall\u00e1si tan\u00edt\u00e1suk nagyobb, mint a t\u00f6bbi, k\u00e9pes lesz t\u00falterjedni a vil\u00e1gon \u00e9s befoly\u00e1st gyakorolni mag\u00e1ra a Nagyobb K\u00f6z\u00f6ss\u00e9gre. Melyik j\u00e1mbor vall\u00e1si vezet\u0151 tudna ellen\u00e1llni ennek a k\u00eds\u00e9rt\u00e9snek, hogy hagyom\u00e1nya n\u00f6vekedjen \u00e9s m\u00e9g e vil\u00e1g hat\u00e1rain t\u00fal is terjedjen? Nem minden vezet\u0151vel veszik fel a kapcsolatot. Csak azokkal, akiket fog\u00e9konynak \u00e9s egy\u00fcttm\u0171k\u00f6d\u0151nek tartanak, \u00e9s akik szimpatiz\u00e1nsak \u00e9s m\u0171k\u00f6d\u0151k\u00e9pesek lehetnek mag\u00e1n a Beavatkoz\u00e1son bel\u00fcl.<\/p>\r<p class=\"image-quote float-left\"><img decoding=\"async\" src=\"https:\/\/www.alliesofhumanity.org\/wp-content\/uploads\/2020\/12\/quote-book2-briefing3-2.png\" alt=\"\" \/><\/p><blockquote id=\"quote-4\" class=\"text-quote float-left bg-gray\"> <\/blockquote><p style=\"font-weight: 400;\">A Beavatkoz\u00e1sok a saj\u00e1t emberi t\u00f6rt\u00e9nelmed r\u00e9szei. Meg\u00e9rtj\u00fck, hogy ilyen dolgok sz\u00e1mtalanszor megt\u00f6rt\u00e9ntek. Ahogy a nagyobb nemzetek megpr\u00f3b\u00e1lj\u00e1k \u00e1tvenni a gyeng\u00e9bbeket, a gyeng\u00e9bb csoportok \u00e9s nemzetek vezet\u0151it hatalom \u00e9s tekint\u00e9ly \u00edg\u00e9reteivel \u00e9s technol\u00f3giai aj\u00e1nd\u00e9kokkal, puszta csecsebecs\u00e9kkel igyekeznek elcs\u00e1b\u00edtani. Milyen hat\u00e1sos is volt ez. Ez azonban nem csak a ti vil\u00e1gotokra jellemz\u0151. Az eg\u00e9sz univerzumban el\u0151fordul.<\/p>\r<p style=\"font-weight: 400;\">Vall\u00e1si szervezeteitek vezet\u0151i megadj\u00e1k a vil\u00e1gotokban val\u00f3 els\u0151bbs\u00e9g \u00edg\u00e9ret\u00e9t. M\u00e9g a hit\u00fcket is elismerik, de ez megint csak megt\u00e9veszt\u00e9s. A l\u00e1togat\u00f3kat nem \u00e9rdeklik a vall\u00e1saitok. Azt hiszik, hogy ez csak az emberis\u00e9g ostobas\u00e1ga \u00e9s babon\u00e1ja. Mivel nincs saj\u00e1t vall\u00e1suk, amelyet esetleg felismerhetn\u00e9l \u00e9s meg\u00e9rthetn\u00e9l, megpr\u00f3b\u00e1lj\u00e1k a ti\u00e9det felhaszn\u00e1lni, hogy elnyerj\u00e9k h\u0171s\u00e9gedet hozz\u00e1juk. A Kollekt\u00edv\u00e1k \u00fagy v\u00e9lik, hogy ez teljesen etikus, mert \u00fagy gondolj\u00e1k, hogy az emberis\u00e9g az \u0151 Beavatkoz\u00e1suk n\u00e9lk\u00fcl el fogja puszt\u00edtani a vil\u00e1got. Ez term\u00e9szetesen nem igaz, de ez a meggy\u0151z\u0151d\u00e9s\u00fck. \u00c9s \u00fagy \u00e9rzik, hogy ezekre a m\u00f3dszerekre van sz\u00fcks\u00e9g ahhoz, hogy biztos\u00edts\u00e1k azt a c\u00e9lt, amelyet el\u00e9rni pr\u00f3b\u00e1lnak. A Kollekt\u00edv\u00e1k igazolj\u00e1k ezeket a magatart\u00e1sokat, mert hisznek fajuk fels\u0151bbrend\u0171s\u00e9g\u00e9ben \u00e9s k\u00fcldet\u00e9s\u00fck sz\u00fcks\u00e9gess\u00e9g\u00e9ben itt a vil\u00e1gban.<\/p>\r<p style=\"font-weight: 400;\">Az a gondolatuk, hogy \u201eMi\u00e9rt hagyjuk, hogy a bennsz\u00fcl\u00f6ttek t\u00f6nkretegy\u00e9k a vil\u00e1got, ha mi ir\u00e1ny\u00edthatjuk helyett\u00fck, \u00e9s megtan\u00edthatjuk nekik kollekt\u00edv k\u00f6z\u00f6ss\u00e9g\u00fcnk nagy \u00e9rt\u00e9k\u00e9t \u00e9s haszn\u00e1t?\u201d Ez\u00e9rt nem szabad babon\u00e1s m\u00f3don tekintened a Beavatkoz\u00e1sra. A l\u00e1togat\u00f3k nem angyalok, \u00e9s nem d\u00e9monok. Ugyanazok az ig\u00e9nyek vez\u00e9rlik \u0151ket, amelyek az emberis\u00e9get, \u00e9s ugyanazokat a technik\u00e1kat fogj\u00e1k alkalmazni, amelyeket az emberis\u00e9g megpr\u00f3b\u00e1lt alkalmazni, b\u00e1r sokkal kisebb m\u00e9rt\u00e9kben, c\u00e9ljaik el\u00e9r\u00e9se \u00e9rdek\u00e9ben.<\/p>\r<p style=\"font-weight: 400;\">Ezut\u00e1n az \u00f6szt\u00f6nz\u00e9s az egy\u00e9nek k\u00e9t k\u00fcl\u00f6n\u00e1ll\u00f3 csoportj\u00e1ra lesz \u00f6sszpontos\u00edtva. Val\u00f3j\u00e1ban ezek nem egy\u00e9nek csoportjai, hanem val\u00f3j\u00e1ban egy\u00e9nek oszt\u00e1lyoz\u00e1sai. Az els\u0151k azok, akiket m\u00e9diumnak \u00e9s \u00e9rz\u00e9kenynek tartanak. Az \u00f6szt\u00f6nz\u00e9s itt az \u00e9rz\u00e9kenys\u00e9g\u00fck \u00e9rv\u00e9nyes\u00edt\u00e9se \u00e9s mag\u00e1nak a Beavatkoz\u00e1snak a kollekt\u00edv elm\u00e9j\u00e9be val\u00f3 r\u00e1besz\u00e9l\u00e9se. Itt ezeket az egy\u00e9neket arra \u00f6szt\u00f6nzik, hogy t\u00e1mogass\u00e1k a Beavatkoz\u00e1st \u00e9s b\u00edztass\u00e1k a saj\u00e1t maguk meggy\u0151z\u0151d\u00e9s\u00e9t az emberis\u00e9g gyarl\u00f3s\u00e1g\u00e1val \u00e9s b\u0171n\u00f6ss\u00e9g\u00e9vel kapcsolatban. \u00c9s azon rem\u00e9ny\u00fck, hogy valami nagyobb hatalom \u00e9rkezik a vil\u00e1gon t\u00falr\u00f3l, hogy megmentse az emberis\u00e9get saj\u00e1t pusztul\u00e1s\u00e1t\u00f3l ugyancsak nagy b\u00edztat\u00e1st fok kapni. Itt megtan\u00edtj\u00e1k nekik, hogy egy nagyobb \u00e9lett\u00e1rsul\u00e1s r\u00e9szei, amit maga a Beavatkoz\u00e1s is demonstr\u00e1l. Itt vall\u00e1si n\u00e9zeteik \u00e9s t\u00f6rekv\u00e9seik b\u00e1tor\u00edtva lesznek, de a Kollekt\u00edv\u00e1k fel\u00e9 fognak ir\u00e1nyulni.<\/p>\r<p style=\"font-weight: 400;\">Ezeknek az egy\u00e9neknek az lesz mondva, hogy b\u00edzzanak a f\u00f6ld\u00f6nk\u00edv\u00fcli jelenl\u00e9tben, amely a vil\u00e1gon van, hogy ez az\u00e9rt van itt, hogy felemelje az emberis\u00e9get, \u00e1talak\u00edtsa az emberis\u00e9get \u00e9s megmentse az emberis\u00e9get saj\u00e1t hib\u00e1it\u00f3l. Arra lesznek \u00f6szt\u00f6n\u00f6zve, hogy v\u00e1ljanak a k\u00e9pvisel\u0151ikk\u00e9, legyenek sz\u00f3sz\u00f3l\u00f3ik, hogy inspir\u00e1ljanak m\u00e1sokat, hogy hit\u00fcket \u00e9s bizalmukat a f\u00f6ld\u00f6nk\u00edv\u00fcli jelenl\u00e9tbe tegy\u00e9k, \u00e9s legyenek r\u00e9szesei ennek a tudati mozgalomnak, ennek a nagy evol\u00faci\u00f3s v\u00e1ltoz\u00e1snak, amely k\u00f6z\u00f6tt\u00fck t\u00f6rt\u00e9nik. Ezek az egy\u00e9nek azonban an\u00e9lk\u00fcl, hogy ismern\u00e9k a Beavatkoz\u00e1s val\u00f3di term\u00e9szet\u00e9t vagy sz\u00e1nd\u00e9kait, akaratlanul is annak sz\u00f3nokai \u00e9s k\u00e9pvisel\u0151i lesznek. Miut\u00e1n a l\u00e1togat\u00f3k Lecsendes\u00edt\u0151 Programj\u00e1nak r\u00e9sz\u00e9v\u00e9 v\u00e1ltak, ezek az emberek most m\u00e1sokat is lecsendes\u00edtenek, \u00e9s a Beavatkoz\u00e1shoz hozz\u00e1k \u0151ket.<\/p>\r<p style=\"font-weight: 400;\">Teh\u00e1t mik\u00f6zben a l\u00e1togat\u00f3k keresik a kapcsolatot a korm\u00e1nyzatban \u00e9s a vall\u00e1sban hatalmi poz\u00edci\u00f3ban l\u00e9v\u0151 egy\u00e9nekkel, egy\u00fattal arra is t\u00f6rekednek, hogy k\u00f6veteket hozzanak l\u00e9tre az eg\u00e9sz emberis\u00e9g k\u00f6r\u00e9ben. Azok az \u00e9rz\u00e9keny egy\u00e9nek, akik nem tudnak fog\u00e9konyak lenni a Beavatkoz\u00e1sra \u00e9s nem tudnak egy\u00fcttm\u0171k\u00f6dni vele, k\u00e9szs\u00e9geiket \u00e9s k\u00e9pess\u00e9geiket meghi\u00fas\u00edtj\u00e1k \u00e9s ellens\u00falyozz\u00e1k. Ha az ilyen szem\u00e9lyek kezdenek betekint\u00e9st nyerni a Beavatkoz\u00e1s val\u00f3di term\u00e9szet\u00e9be, val\u00f3di ment\u00e1lis zavarok c\u00e9lpontj\u00e1v\u00e1 v\u00e1lhatnak. Ezen t\u00falmen\u0151en az \u00e9rz\u00e9kenyek \u00e9s a m\u00e9diumok k\u00f6z\u00f6tt keresni fogj\u00e1k azt a n\u00e9h\u00e1ny ma \u00e9l\u0151 egy\u00e9nt a vil\u00e1gon, akik velesz\u00fcletetten \u00e9s intuit\u00edvan ismerik a let\u00e9tem\u00e9nyeket. Ezen szem\u00e9lyek felkutat\u00e1sa folyamatban van.<\/p>\r<p style=\"font-weight: 400;\">A l\u00e1togat\u00f3k meg\u00e9rtik, hogy az emberi h\u0171s\u00e9g kulcsa a hatalom, a gazdags\u00e1g \u00e9s a lelki kiteljesed\u00e9s keres\u00e9se. Itt az emberek a saj\u00e1t \u00e9rdekeik ellen fognak m\u0171k\u00f6dni, ha azt hiszik, hogy tev\u00e9kenys\u00e9g\u00fcket egy nagyobb hatalom rendeli el \u00e9s t\u00e1mogatja. Err\u0151l m\u00e1r az els\u0151 diskurzussorozatunkban besz\u00e9lt\u00fcnk. M\u00e9g egyszer ki kell fejten\u00fcnk ezt a pontot. Tal\u00e1n l\u00e1tni fogod azokat, akik m\u00e9diumnak \u00e9s \u00e9rz\u00e9kenynek vallj\u00e1k magukat, akik t\u00e1mogatj\u00e1k \u00e9s b\u00e1tor\u00edtj\u00e1k az embereket, hogy b\u00edzzanak \u00e9s higgyenek a l\u00e1togat\u00f3k jelenl\u00e9t\u00e9ben, hisz a l\u00e1togat\u00f3k egy spiritu\u00e1lis tudatoss\u00e1got, egy spiritu\u00e1lis er\u0151t, s\u0151t mag\u00e1t az evol\u00faci\u00f3t k\u00e9pviselik. A l\u00e1togat\u00f3k azt mondj\u00e1k nekik: \u201eN\u00e9zd, n\u00e1lunk nincs h\u00e1bor\u00fa. B\u00e9k\u00e9ben \u00e9s egy\u00fcttm\u0171k\u00f6d\u00e9sben \u00e9l\u00fcnk. Ezeket a dolgokat te nem \u00e9rted el. Ez\u00e9rt b\u00edzz benne, hogy mi meg tudjuk adni ezeket neked, megtan\u00edtjuk az egy\u00fcttm\u0171k\u00f6d\u00e9s m\u00f3djait, \u00e9s megtan\u00edtunk arra, hogyan \u00e9lj b\u00e9k\u00e9ben, harm\u00f3ni\u00e1ban \u00e9s kiegyens\u00falyozotts\u00e1gban.\u201d<\/p>\r<p style=\"font-weight: 400;\">Az idealist\u00e1k k\u00f6z\u00fcl ki tud ellen\u00e1llni egy ilyen k\u00eds\u00e9rt\u00e9snek, ha elvesztette hit\u00e9t az emberi szellemben? Miut\u00e1n bizonyos m\u00e9rt\u00e9kig megtagadt\u00e1k az emberi int\u00e9zm\u00e9nyeket, most a mennyek fel\u00e9 fordulnak seg\u00edts\u00e9g\u00e9rt, sugalmaz\u00e1s\u00e9rt \u00e9s mag\u00e1\u00e9rt az \u00fcdv\u00f6ss\u00e9g\u00e9rt. \u00c9s amikor a l\u00e1togat\u00f3k elviszik \u0151ket, vagy a l\u00e1togat\u00f3k kapcsolatba l\u00e9pnek vel\u00fck, az ilyen hajlamok t\u00f6k\u00e9letes helyzetbe hozz\u00e1k \u0151ket ahhoz, hogy fog\u00e9konyak legyenek a Beavatkoz\u00e1sra \u00e9s a Beavatkoz\u00e1s k\u00fcld\u00f6tteiv\u00e9 legyenek.<\/p>\r<p style=\"font-weight: 400;\">Azok, akik nem fognak egy\u00fcttm\u0171k\u00f6dni, zavar\u00f3 inform\u00e1ci\u00f3kat kapnak. M\u00e9g ment\u00e1lisan is k\u00ednozhatj\u00e1k \u0151ket, hacsak nem h\u00edvj\u00e1k seg\u00edts\u00e9g\u00fcl a L\u00e1thatatlanok erej\u00e9t, az Angyali Jelenl\u00e9tet. \u00c9s er\u0151s ellen\u00e1ll\u00e1si poz\u00edci\u00f3t kell szerezni\u00fck a Beavatkoz\u00e1ssal szemben, val\u00f3di meg\u00e9rt\u00e9ssel annak ind\u00edt\u00e9kair\u00f3l. Szavaink er\u0151t \u00e9s b\u00e1tor\u00edt\u00e1st adnak nekik. R\u00e9szben ez\u00e9rt van olyan \u00e9get\u0151 sz\u00fcks\u00e9g \u00fczenet\u00fcnkre a mai vil\u00e1gban.<\/p>\r<p style=\"font-weight: 400;\">A k\u00f6vetkez\u0151 csoport, akikkel kontaktusba fognak l\u00e9pni azok, akik saj\u00e1t vall\u00e1si hagyom\u00e1nyaik fanatikus k\u00e9pvisel\u0151i. Fundamentalizmusuk sok tekintetben nagyon k\u00f6zel \u00e1ll a Kollekt\u00edv\u00e1k filoz\u00f3fi\u00e1j\u00e1hoz \u00e9s mentalit\u00e1s\u00e1hoz. A Kollekt\u00edv\u00e1k csak egy val\u00f3s\u00e1gszeml\u00e9letet \u00e9s csak egy k\u00f6z\u00f6ss\u00e9gszeml\u00e9letet t\u00e1mogatnak, \u00e9s ezt olyan \u00e1h\u00edtattal tartj\u00e1k, hogy ez szinte egy vall\u00e1si hangs\u00faly. Azok az emberek, akik buzg\u00f3k, k\u00fcl\u00f6n\u00f6sen azok, akik tele vannak haraggal \u00e9s neheztel\u00e9ssel a vil\u00e1ggal \u00e9s azokkal szemben, akikr\u0151l \u00fagy l\u00e1tj\u00e1k, hogy szembesz\u00e1llnak vel\u00fck, els\u0151rang\u00fa jel\u00f6ltekk\u00e9 v\u00e1lnak a Kollekt\u00edv\u00e1kkal val\u00f3 egy\u00fcttm\u0171k\u00f6d\u00e9sre \u00e9s azok elpuszt\u00edt\u00e1s\u00e1ra, akik a Kollekt\u00edv\u00e1kkal szemben \u00e1llnak.<\/p>\r<p style=\"font-weight: 400;\">Ez egy nagyon neh\u00e9z \u00e9s vesz\u00e9lyes helyzet, mert a l\u00e1togat\u00f3k emberi h\u0171s\u00e9get \u00e9s emberi megb\u00edzottaikat haszn\u00e1lj\u00e1k fel puszt\u00edt\u00f3 tev\u00e9kenys\u00e9geik v\u00e9ghezvitel\u00e9re a vil\u00e1gban. Nem a l\u00e1togat\u00f3k fogj\u00e1k elpuszt\u00edtani azokat, akik nem akarnak \u00e9s nem tudnak egy\u00fcttm\u0171k\u00f6dni. Ezt a puszt\u00edt\u00e1st a l\u00e1togat\u00f3k emberi t\u00e1rsai, emberi k\u00e9pvisel\u0151ik fogj\u00e1k v\u00e9grehajtani. Ily m\u00f3don a Beavatkoz\u00e1s val\u00f3di term\u00e9szete \u00e9s c\u00e9lja rejtve marad, \u00e9s az ilyen er\u0151szakos cselekm\u00e9nyeket egyszer\u0171en emberi t\u00e9ved\u00e9snek \u00e9s emberi er\u0151szaknak tulajdon\u00edtj\u00e1k \u00e9s demonstr\u00e1lj\u00e1k a Beavatkoz\u00e1s sz\u00fcks\u00e9gess\u00e9g\u00e9t. Mert a l\u00e1togat\u00f3k ism\u00e9t azt mondj\u00e1k majd: \u201eN\u00e9zd ezeket a sz\u00f6rny\u0171 er\u0151szakos cselekedeteket! Mi nem vagyunk er\u0151szakosak. Mi nem h\u00e1bor\u00fas fegyverekkel j\u00f6v\u00fcnk. Mi nem puszt\u00edtunk el benneteket. Ez az emberi tudatlans\u00e1g \u00e9s az emberi romlotts\u00e1g eredm\u00e9nye. Mi majd megtan\u00edtjuk, hogyan tudj\u00e1l t\u00faln\u0151ni ezeken a dolgokon.\u201d Teh\u00e1t m\u00e9g a Beavatkoz\u00e1s \u00e1ltal elk\u00f6vetett er\u0151szakot is a l\u00e1togat\u00f3k arra haszn\u00e1lj\u00e1k majd, hogy t\u00e1mogass\u00e1k fels\u0151bbrend\u0171s\u00e9g\u00fcket \u00e9s hozz\u00e1j\u00e1ruljanak annak az ill\u00fazi\u00f3nak a kialakul\u00e1s\u00e1hoz, hogy \u0151k maguk nem haszn\u00e1lnak megt\u00e9veszt\u00e9st, manipul\u00e1ci\u00f3t vagy er\u0151szakot, hogy el\u0151nyt szerezzenek.<\/p>\r<p style=\"font-weight: 400;\">Vil\u00e1gos, hogy a vil\u00e1gotokban vannak olyan szem\u00e9lyek, akik nagyon fanatikusan k\u00e9pviselik vall\u00e1si meggy\u0151z\u0151d\u00e9s\u00fcket \u00e9s t\u00f6rekv\u00e9seiket. A L\u00e1thatatlanok sokat mes\u00e9ltek nek\u00fcnk err\u0151l \u00e9s term\u00e9szetesen sok m\u00e1s vil\u00e1gban is l\u00e1ttuk ezt. Ez nem egyedi az emberis\u00e9gre. M\u00e9gis, ez a vak szenved\u00e9ly egy form\u00e1ja \u00e9s a haragb\u00f3l \u00e9s az ellens\u00e9gesked\u00e9sb\u0151l t\u00e1pl\u00e1lkoz\u00f3 vak szenved\u00e9ly az egy\u00e9n sz\u00e1m\u00e1ra felem\u00e9szt\u0151 er\u0151v\u00e9 v\u00e1lik, amely er\u0151sen manipul\u00e1lhat\u00f3, \u00e9s ki van t\u00e9ve annak, hogy maga a Beavatkoz\u00e1s bitorolja.<\/p>\r<p style=\"font-weight: 400;\">Az ilyen fanatikus emberek a szigor\u00fa ragaszkod\u00e1s mozgalm\u00e1t gy\u0171jtik \u00f6ssze \u00e9s kivonj\u00e1k magukb\u00f3l azokat, akik ellenzik az ilyen szigor\u00fa ragaszkod\u00e1st. Er\u0151szak lesz alkalmazva a hitetlenek ellen \u00e9s f\u00e9lre fogj\u00e1k vetni \u0151ket. Ily m\u00f3don a Beavatkoz\u00e1s szem\u00e9ben azonos\u00edtva lesznek azok, akik ellenzik a Beavatkoz\u00e1st, \u00e9s azok, akik nem tudj\u00e1k \u00f6nk\u00e9nt t\u00e1mogatni \u00e9s ki lesznek v\u00e1logatva a vil\u00e1gotokban \u00e9l\u0151 sok ember k\u00f6z\u00f6tt. A rost\u00e1l\u00e1s pedig az emberi interakci\u00f3 szintj\u00e9n fog megt\u00f6rt\u00e9nni. Ily m\u00f3don a l\u00e1togat\u00f3k felismerik val\u00f3di \u00e9s potenci\u00e1lis ellenfeleiket. \u00c9s miut\u00e1n megszerezt\u00e9k az emberi k\u00e9pvisel\u0151k h\u00e1l\u00f3zat\u00e1t, akik fanatikusan t\u00e1mogatj\u00e1k \u00e9s el\u0151mozd\u00edtj\u00e1k vall\u00e1si \u00fcgyeiket, a Beavatkoz\u00e1s ezeket az egy\u00e9neket haszn\u00e1lja k\u00f6zvet\u00edt\u0151k\u00e9nt, amelyen kereszt\u00fcl er\u0151szakot k\u00f6vetnek el. Mindek\u00f6zben a l\u00e1togat\u00f3k l\u00e1tsz\u00f3lag f\u00f6l\u00f6tte maradnak az ilyen tev\u00e9kenys\u00e9gnek \u00e9s viselked\u00e9snek.<\/p>\r<p style=\"font-weight: 400;\">Ezen a ponton meg\u00e1llhatsz \u00e9s elgondolkodhatsz: \u201eNos, hogyan t\u00f6rt\u00e9nhetnek ilyen dolgok? Ez nagyon extr\u00e9mnek t\u0171nik! Ez annyira negat\u00edvnak t\u0171nik, olyan sz\u00f6rny\u0171nek t\u0171nik!\u201d De b\u00e1rki, aki tanulm\u00e1nyozta az emberis\u00e9g t\u00f6rt\u00e9nelm\u00e9t, l\u00e1thatja mindazok bemutat\u00e1s\u00e1t, amelyekr\u0151l besz\u00e9l\u00fcnk \u2013 a vall\u00e1si manipul\u00e1ci\u00f3, a keresztez\u00e9s, az ellenfelekkel szembeni er\u0151szak, k\u00fcl\u00f6n\u00f6sen olyan helyzetekben, amikor a bennsz\u00fcl\u00f6tt lakoss\u00e1got arra \u00f6szt\u00f6nzik, hogy elfogadj\u00e1k \u00e9s befogadj\u00e1k \u00faj l\u00e1togat\u00f3ikat. Sokkal k\u00f6nnyebb korm\u00e1nyozni azt, aki hisz a te \u00fcgyedben \u00e9s egy\u00fcttm\u0171k\u00f6d\u0151, mint azt, akit egyszer\u0171en leig\u00e1znak. Az emberis\u00e9gnek nagy ereje van ahhoz, hogy ledobja mag\u00e1r\u00f3l az al\u00e1vetetts\u00e9g bilincseit. \u00cdgy a Beavatkoz\u00e1s arra t\u00f6rekszik majd, hogy felhaszn\u00e1lja ezeket az \u00f6szt\u00f6nz\u00e9seket, hogy min\u00e9l t\u00f6bb egy\u00fcttm\u0171k\u00f6d\u00e9sre \u00e9s min\u00e9l nagyobb hitre tegyen szert jelenl\u00e9t\u00fck \u00e9s \u00fcgy\u00fckre vonatkoz\u00f3an. Az ilyen egy\u00fcttm\u0171k\u00f6d\u00e9s el\u0151mozd\u00edt\u00e1s\u00e1ra \u00e9s l\u00e9trehoz\u00e1s\u00e1ra hatalmi poz\u00edci\u00f3kban l\u00e9v\u0151 egy\u00e9neket, nagy \u00e9rz\u00e9kenys\u00e9ggel \u00e9s pszich\u00e9s k\u00e9pess\u00e9gekkel rendelkez\u0151 szem\u00e9lyeket, valamint vall\u00e1si hagyom\u00e1nyaik fanatikus k\u00e9pvisel\u0151it alkalmaz\u00e1k.<\/p>\r<p style=\"font-weight: 400;\">Vil\u00e1gotokban az emberek t\u00falnyom\u00f3 t\u00f6bbs\u00e9ge sz\u00e1m\u00e1ra a Beavatkoz\u00e1s ismeretlen \u00e9s teljesen rejtett lesz. \u00c1m azok sz\u00e1m\u00e1ra, akik tudom\u00e1st szereznek r\u00f3la, ak\u00e1r az\u00e9rt, mert elrabolt\u00e1k \u0151ket, ak\u00e1r az\u00e9rt, mert tan\u00fai voltak a vil\u00e1gotokban a Beavatkoz\u00e1s bizony\u00edt\u00e9k\u00e1nak, ezeket az egy\u00e9neket vagy arra biztatj\u00e1k, hogy higgyenek \u00e9s t\u00e1mogass\u00e1k a Beavatkoz\u00e1st, vagy f\u00e9lredobj\u00e1k \u00e9s k\u00ednz\u00e1s al\u00e1 vetik \u0151ket. M\u00e1r most is vannak olyan egy\u00e9nek a vil\u00e1gotokban, mint tudjuk, akiket f\u00e9lrevetettek \u00e9s megk\u00ednoztak, olyan dolgokat l\u00e1ttak, \u00e9reztek \u00e9s ismertek fel, amelyeket nem tudnak be\u00e9p\u00edteni a meg\u00e9rt\u00e9s\u00fckbe. Mivel nem tal\u00e1lnak egy\u00fctt\u00e9rz\u00e9st embert\u00e1rsaik k\u00f6z\u00f6tt, depresszi\u00f3ba \u00e9s \u00f6nelhat\u00e1rol\u00f3d\u00e1sba s\u00fcllyednek.<\/p>\r<p class=\"image-quote float-right\"><img decoding=\"async\" src=\"https:\/\/www.alliesofhumanity.org\/wp-content\/uploads\/2020\/12\/quote-book2-briefing3-3.png\" alt=\"\" \/><\/p><blockquote id=\"quote-6\" class=\"text-quote float-right bg-black\"> <\/blockquote><p style=\"font-weight: 400;\">Itt a l\u00e1togat\u00f3k megpr\u00f3b\u00e1lnak magukhoz k\u00f6tni, vagy kikapcsolni. Csak azok fognak tudni ellen\u00e1llni a k\u00e9sztet\u00e9snek \u00e9s a k\u00ednokt\u00f3l szabadul\u00e1st \u00e9s elszigetel\u0151d\u00e9st tal\u00e1lni, akik a Tud\u00e1sban er\u0151sek. Ez\u00e9rt kell \u00f6szt\u00f6n\u00f6zni a Tud\u00e1s \u00fatj\u00e1nak tanul\u00e1s\u00e1t.<\/p>\r<p style=\"font-weight: 400;\">Itt meg kell tanulnod ellens\u00falyozni a saj\u00e1t hajlamaidat arra vonatkoz\u00f3lag, hogy j\u00f3 kimenetelt akarj l\u00e1tni \u00e9s hogy egy rem\u00e9nyteljes \u00e1ll\u00e1spontot k\u00e9pviselj, ami sebezhet\u0151v\u00e9 tesz a meggy\u0151z\u00e9ssel \u00e9s a manipul\u00e1ci\u00f3val szemben. Tiszta szemmel, j\u00f3zan szemmel kell l\u00e1tnod, rem\u00e9ny \u00e9s f\u00e9lelem n\u00e9lk\u00fcl, de a Tud\u00e1s tisztas\u00e1g\u00e1val benned. Ha elnyerhetn\u00e9d ezt a tudatoss\u00e1got, mindaz, amit mondunk, \u00e9s mindaz, amire eml\u00e9keztet\u00fcnk, annyira nyilv\u00e1nval\u00f3 lesz sz\u00e1modra. Nem kell az \u0171rben \u00e9lned, hogy l\u00e1sd ezeket a dolgokat. Nem kell k\u00f6rbeutaznod a Nagyobb K\u00f6z\u00f6ss\u00e9get ahhoz, hogy meg\u00e9rtsd, mi t\u00f6rt\u00e9nik a vil\u00e1godban. De seg\u00edts\u00e9gre van sz\u00fcks\u00e9ged. Nagyobb perspekt\u00edv\u00e1ra van sz\u00fcks\u00e9ged. Nagyobb meg\u00e9rt\u00e9sre van sz\u00fcks\u00e9ged. B\u00e1tor\u00edt\u00e1sra van sz\u00fcks\u00e9ged, hogy tiszt\u00e1n l\u00e1ss\u00e1l \u00e9s ne add \u00e1t elm\u00e9det, sz\u00edvedet vagy vil\u00e1god semmilyen er\u0151nek, amely b\u00e9k\u00e9t, hatalmat, szabads\u00e1got vagy kiegyens\u00falyozotts\u00e1got \u00edg\u00e9r neked. Mert ezeknek a dolgoknak saj\u00e1t term\u00e9szetedb\u0151l \u00e9s tev\u00e9kenys\u00e9geidb\u0151l kell sz\u00fcletni\u00fck. Nem k\u00e9nyszer\u00edthet\u0151k r\u00e1d, \u00e9s nem is adhat\u00f3ak neked. Neked kell el\u00e9rni \u00e9s fel\u00e9p\u00edteni ezeket.<\/p>\r<p style=\"font-weight: 400;\">Ezen a ponton, az elej\u00e9n, t\u00e1j\u00e9koz\u00f3dnod kell. \u00c9s j\u00f3zannak \u00e9s b\u00f6lcsnek kell lenned. K\u00e9telkedhetsz szavainkban, de ekkora megnyugv\u00e1st sehol m\u00e1shol nem fogsz tal\u00e1lni, hiszen sz\u00f6vets\u00e9geseiteknek mi vagyunk az egyetlen k\u00e9pvisel\u0151i. A t\u00f6bbi f\u00f6ld\u00f6nk\u00edv\u00fcli er\u0151, akik jelenleg a vil\u00e1gotokba beleavatkoznak, b\u00e1r megpr\u00f3b\u00e1lhatj\u00e1k magukat az emberis\u00e9g sz\u00f6vets\u00e9geseik\u00e9nt \u00e9s megment\u0151ik\u00e9nt bemutatni, csak az\u00e9rt vannak itt, hogy elnyerj\u00e9k a h\u0171s\u00e9geteket \u00e9s \u00e1tvegy\u00e9k az ir\u00e1ny\u00edt\u00e1st a vil\u00e1gotok felett. Nincsenek bar\u00e1taid k\u00f6z\u00f6tt\u00fck. A helyzet nagyon vil\u00e1gos, de nagyon neh\u00e9z, nagy kih\u00edv\u00e1st jelent. Nem k\u00e9t\u00e9rtelm\u0171. B\u00e1r sok k\u00e9rd\u00e9sed van a Nagyobb K\u00f6z\u00f6ss\u00e9g \u00e9let\u00e9vel \u00e9s mag\u00e1val a Beavatkoz\u00e1s val\u00f3s\u00e1g\u00e1val kapcsolatban, sok olyan k\u00e9rd\u00e9s, amelyekre m\u00e9g mi sem tudunk sikeresen v\u00e1laszolni, m\u00e9gis tiszt\u00e1n l\u00e1thatod, mi t\u00f6rt\u00e9nik \u00e9s megteheted a sz\u00fcks\u00e9ges er\u0151fesz\u00edt\u00e9seket, hogy ellen\u00e1llj neki. Megvan az egy\u00e9ni \u00e9s kollekt\u00edv er\u0151d ehhez.<\/p>\r<p style=\"font-weight: 400;\">B\u00e1r a l\u00e1togat\u00f3k f\u00f6l\u00f6ttes technol\u00f3gi\u00e1val rendelkeznek, teljes k\u00fcldet\u00e9s\u00fck sikere azon m\u00falik, hogy k\u00e9pesek-e meggy\u0151zni \u00e9s \u00f6szt\u00f6n\u00f6zni az emberi h\u0171s\u00e9get. Megvan az er\u0151d, hogy ellen\u00e1llj ennek. Megvan az er\u0151d, hogy \u00e1tl\u00e1ss a megt\u00e9veszt\u00e9sen. Most nem technol\u00f3gi\u00e1ra van sz\u00fcks\u00e9ged, hanem tudatoss\u00e1gra, bel\u00e1t\u00e1sra \u00e9s bels\u0151 meggy\u0151z\u0151d\u00e9sre. A helyzet nagyon vil\u00e1gos, ha l\u00e1tod, \u00e9s ha egyszer megl\u00e1tod, nem lesz k\u00e9ts\u00e9ged afel\u0151l, hogy mi t\u00f6rt\u00e9nik \u00e9s k\u00f6r\u00fcln\u00e9zel \u00e9s nagy aggodalommal fogod l\u00e1tni, ahogy m\u00e1sok esztelen\u00fcl elfogadj\u00e1k, vagy ak\u00e1r \u00e9ppen azt b\u00e1tor\u00edtj\u00e1k, amely elveszi az emberis\u00e9gt\u0151l saj\u00e1t szabads\u00e1g\u00e1t \u00e9s \u00f6nrendelkez\u00e9s\u00e9t.<\/p>\r<p style=\"font-weight: 400;\">Mint mondtuk, ez az eg\u00e9sz jelens\u00e9g nem valami misztikus vagy \u00f6sszetett helyzet, amely meghaladja az emberi felfog\u00e1st. Ez a term\u00e9szet kifejez\u0151d\u00e9se, kifinomultabban, nagy j\u00e1rtass\u00e1ggal alak\u00edtva. Ez egy nagyobb er\u0151, aki megpr\u00f3b\u00e1lja kihaszn\u00e1lni a gyeng\u00e9bbet. Egy ilyen tev\u00e9kenys\u00e9g vagy siker\u00fcl, vagy kudarcot vall, a gyeng\u00e9bb er\u0151 er\u0151ss\u00e9g\u00e9t\u0151l \u00e9s elhat\u00e1rozotts\u00e1g\u00e1t\u00f3l f\u00fcgg\u0151en. A Kollekt\u00edv\u00e1kat megakad\u00e1lyozz\u00e1k abban, hogy egyszer\u0171en \u00e1tvegy\u00e9k a vil\u00e1gotokat. A versenyt\u00e1rsaik nem engedik \u00e9s az uralkod\u00f3 szervezetek, amelyek a cser\u00e9t \u00e9s kereskedelmet ir\u00e1ny\u00edtj\u00e1k ebben a r\u00e9gi\u00f3ban, ahol a ti vil\u00e1gotok van, nem engedik. A Kollekt\u00edva a szab\u00e1lyok szerint fog m\u0171k\u00f6dni, de ezeken szab\u00e1lyokon t\u00fal minden eszk\u00f6zt bevet c\u00e9ljainak el\u00e9r\u00e9se \u00e9s k\u00fcldet\u00e9s\u00e9nek teljes\u00edt\u00e9se \u00e9rdek\u00e9ben.<\/p>\r<p style=\"font-weight: 400;\">Nagy befoly\u00e1st helyeznek a vil\u00e1gra. Sz\u00e1mos m\u00f3dja van a kifejez\u00e9snek \u00e9s a hangs\u00falynak. Mindazon\u00e1ltal mindez egyetlen c\u00e9lt c\u00e9loz meg \u2013 hogy az emberis\u00e9get a bizalom, a h\u0171s\u00e9g \u00e9s mag\u00e1nak a Beavatkoz\u00e1snak al\u00e1vetett poz\u00edci\u00f3j\u00e1ba helyezze. Ez teljesen elfedi a vil\u00e1gotokban megk\u00eds\u00e9relt megsz\u00e1ll\u00e1s val\u00f3di term\u00e9szet\u00e9t. Ez a elfoglal\u00e1s k\u00f6nnyen felismerhet\u0151v\u00e9 v\u00e1lik, ha m\u00e1r teljesen meghonosodott, de addigra m\u00e1r t\u00fal k\u00e9s\u0151 lesz ahhoz, hogy nagy k\u00fczdelem \u00e9s \u00e1ldozatok n\u00e9lk\u00fcl ellens\u00falyozd befoly\u00e1s\u00e1t.<\/p>\r<p style=\"font-weight: 400;\">Ez\u00e9rt arra buzd\u00edtunk \u00e9s hat\u00e1rozottan b\u00e1tor\u00edtunk, hogy ezt a jelens\u00e9get helyezd tudatoss\u00e1god \u00e9s figyelmed el\u0151ter\u00e9be. Van id\u0151d le\u00e1ll\u00edtani a Beavatkoz\u00e1st. Meg lehet \u00e1ll\u00edtani. Megvan a hatalmad \u00e9s a kollekt\u00edv er\u0151d ehhez. Nem a technol\u00f3gia a h\u00e1tr\u00e1nyod. A tudatlans\u00e1g az. A kapzsis\u00e1g az. Az ellens\u00e9gesked\u00e9s az. A naivit\u00e1s az. Ezek azok a dolgok, amelyek al\u00e1\u00e1ss\u00e1k az emberis\u00e9g erej\u00e9t. Ezek a dolgok teszik lehet\u0151v\u00e9, hogy a vil\u00e1got \u00e1tv\u00e9gy\u00e9k h\u00e1bor\u00fa \u00e9s nagyar\u00e1ny\u00fa er\u0151szak n\u00e9lk\u00fcl. De a benned rejl\u0151 Tud\u00e1s ereje az, ami mindent megtesz ennek megakad\u00e1lyoz\u00e1s\u00e1ban, ha egyszer megszerzed a sz\u00fcks\u00e9ges l\u00e1t\u00e1st \u00e9s tiszt\u00e1n meg\u00e9rted a helyzetet.<\/p>\t\t\t\t\t\t\t\t<\/div>\t\t\t\t<\/div>\t\t\t\t\t<\/div>\t\t<\/div>\t\t\t\t\t<\/div>\t\t<\/section>\t\t\t\t<\/div><p>\t\t<\/p>","protected":false},"excerpt":{"rendered":"<p>L\u00e9tfontoss\u00e1g\u00fa, hogy most az emberis\u00e9gre gyakorolt stimul\u00e1ci\u00f3 term\u00e9szet\u00e9r\u0151l besz\u00e9lj\u00fcnk. Mivel ez Beavatkoz\u00e1s \u00e9s nem l\u00e1togat\u00e1s, mivel \u00e1ltal\u00e1nos sz\u00e1nd\u00e9ka \u00e9s c\u00e9lja a vil\u00e1gotok uralma \u00e9s az emberi faj leig\u00e1z\u00e1sa, az alkalmazott m\u00f3dszereket arra fogj\u00e1k haszn\u00e1lni, hogy b\u00e1tor\u00edts\u00e1k, \u00f6szt\u00f6n\u00f6zz\u00e9k \u00e9s elcs\u00e1b\u00edts\u00e1k az emberis\u00e9get egy egy\u00fcttm\u0171k\u00f6d\u0151, al\u00e1rendelt szerepre a l\u00e1togat\u00f3knak. Mivel l\u00e1togat\u00f3idnak nem engedik meg, hogy egyenesen megt\u00e1madj\u00e1k [&hellip;]<\/p>\n","protected":false},"author":23,"featured_media":0,"parent":16991,"menu_order":3,"comment_status":"closed","ping_status":"closed","template":"page.php","meta":{"_acf_changed":false,"footnotes":""},"class_list":["post-17000","page","type-page","status-publish","hentry"],"acf":[],"yoast_head":"<!-- This site is optimized with the Yoast SEO plugin v26.5 - https:\/\/yoast.com\/wordpress\/plugins\/seo\/ -->\n<title>The ET Influence Upon Humanity: Promises of power, peace, and wealth<\/title>\n<meta name=\"description\" content=\"The overall goal is the domination and subjugation of humanity, via promises of power, peace and wealth to those in positions of power.\" \/>\n<meta name=\"robots\" content=\"index, follow, max-snippet:-1, max-image-preview:large, max-video-preview:-1\" \/>\n<link rel=\"canonical\" href=\"https:\/\/www.alliesofhumanity.org\/hu\/the-briefings\/book-two\/the-influence-upon-humanity\/\" \/>\n<meta property=\"og:locale\" content=\"hu_HU\" \/>\n<meta property=\"og:type\" content=\"article\" \/>\n<meta property=\"og:title\" content=\"The ET Influence Upon Humanity: Promises of power, peace, and wealth\" \/>\n<meta property=\"og:description\" content=\"The overall goal is the domination and subjugation of humanity, via promises of power, peace and wealth to those in positions of power.\" \/>\n<meta property=\"og:url\" content=\"https:\/\/www.alliesofhumanity.org\/hu\/the-briefings\/book-two\/the-influence-upon-humanity\/\" \/>\n<meta property=\"og:site_name\" content=\"The Allies of Humanity\" \/>\n<meta property=\"article:publisher\" content=\"https:\/\/www.facebook.com\/alliesofhumanity\/\" \/>\n<meta property=\"article:modified_time\" content=\"2023-12-04T22:36:47+00:00\" \/>\n<meta property=\"og:image\" content=\"https:\/\/www.alliesofhumanity.org\/wp-content\/uploads\/2021\/01\/og-socialmedia-aoh.jpg\" \/>\n\t<meta property=\"og:image:width\" content=\"1200\" \/>\n\t<meta property=\"og:image:height\" content=\"630\" \/>\n\t<meta property=\"og:image:type\" content=\"image\/jpeg\" \/>\n<meta name=\"twitter:card\" content=\"summary_large_image\" \/>\n<meta name=\"twitter:title\" content=\"The ET Influence Upon Humanity: Promises of power, peace, and wealth\" \/>\n<meta name=\"twitter:site\" content=\"@earthallies\" \/>\n<meta name=\"twitter:label1\" content=\"Becs\u00fclt olvas\u00e1si id\u0151\" \/>\n\t<meta name=\"twitter:data1\" content=\"25 perc\" \/>\n<script type=\"application\/ld+json\" class=\"yoast-schema-graph\">{\"@context\":\"https:\/\/schema.org\",\"@graph\":[{\"@type\":\"WebPage\",\"@id\":\"https:\/\/www.alliesofhumanity.org\/hu\/the-briefings\/book-two\/the-influence-upon-humanity\/\",\"url\":\"https:\/\/www.alliesofhumanity.org\/hu\/the-briefings\/book-two\/the-influence-upon-humanity\/\",\"name\":\"The ET Influence Upon Humanity: Promises of power, peace, and wealth\",\"isPartOf\":{\"@id\":\"https:\/\/www.alliesofhumanity.org\/hu\/#website\"},\"datePublished\":\"2021-05-13T22:41:52+00:00\",\"dateModified\":\"2023-12-04T22:36:47+00:00\",\"description\":\"The overall goal is the domination and subjugation of humanity, via promises of power, peace and wealth to those in positions of power.\",\"breadcrumb\":{\"@id\":\"https:\/\/www.alliesofhumanity.org\/hu\/the-briefings\/book-two\/the-influence-upon-humanity\/#breadcrumb\"},\"inLanguage\":\"hu\",\"potentialAction\":[{\"@type\":\"ReadAction\",\"target\":[\"https:\/\/www.alliesofhumanity.org\/hu\/the-briefings\/book-two\/the-influence-upon-humanity\/\"]}]},{\"@type\":\"BreadcrumbList\",\"@id\":\"https:\/\/www.alliesofhumanity.org\/hu\/the-briefings\/book-two\/the-influence-upon-humanity\/#breadcrumb\",\"itemListElement\":[{\"@type\":\"ListItem\",\"position\":1,\"name\":\"Jelent\u00e9shez\",\"item\":\"https:\/\/www.alliesofhumanity.org\/hu\/the-briefings\/\"},{\"@type\":\"ListItem\",\"position\":2,\"name\":\"Book Two\",\"item\":\"https:\/\/www.alliesofhumanity.org\/hu\/the-briefings\/book-two\/\"},{\"@type\":\"ListItem\",\"position\":3,\"name\":\"Harmadik Jelent\u00e9s: Az Emberis\u00e9gre Gyakorolt Hat\u00e1s\"}]},{\"@type\":\"WebSite\",\"@id\":\"https:\/\/www.alliesofhumanity.org\/hu\/#website\",\"url\":\"https:\/\/www.alliesofhumanity.org\/hu\/\",\"name\":\"The Allies of Humanity\",\"description\":\"\",\"potentialAction\":[{\"@type\":\"SearchAction\",\"target\":{\"@type\":\"EntryPoint\",\"urlTemplate\":\"https:\/\/www.alliesofhumanity.org\/hu\/?s={search_term_string}\"},\"query-input\":{\"@type\":\"PropertyValueSpecification\",\"valueRequired\":true,\"valueName\":\"search_term_string\"}}],\"inLanguage\":\"hu\"}]}<\/script>\n<!-- \/ Yoast SEO plugin. -->","yoast_head_json":{"title":"The ET Influence Upon Humanity: Promises of power, peace, and wealth","description":"The overall goal is the domination and subjugation of humanity, via promises of power, peace and wealth to those in positions of power.","robots":{"index":"index","follow":"follow","max-snippet":"max-snippet:-1","max-image-preview":"max-image-preview:large","max-video-preview":"max-video-preview:-1"},"canonical":"https:\/\/www.alliesofhumanity.org\/hu\/the-briefings\/book-two\/the-influence-upon-humanity\/","og_locale":"hu_HU","og_type":"article","og_title":"The ET Influence Upon Humanity: Promises of power, peace, and wealth","og_description":"The overall goal is the domination and subjugation of humanity, via promises of power, peace and wealth to those in positions of power.","og_url":"https:\/\/www.alliesofhumanity.org\/hu\/the-briefings\/book-two\/the-influence-upon-humanity\/","og_site_name":"The Allies of Humanity","article_publisher":"https:\/\/www.facebook.com\/alliesofhumanity\/","article_modified_time":"2023-12-04T22:36:47+00:00","og_image":[{"width":1200,"height":630,"url":"https:\/\/www.alliesofhumanity.org\/wp-content\/uploads\/2021\/01\/og-socialmedia-aoh.jpg","type":"image\/jpeg"}],"twitter_card":"summary_large_image","twitter_title":"The ET Influence Upon Humanity: Promises of power, peace, and wealth","twitter_site":"@earthallies","twitter_misc":{"Becs\u00fclt olvas\u00e1si id\u0151":"25 perc"},"schema":{"@context":"https:\/\/schema.org","@graph":[{"@type":"WebPage","@id":"https:\/\/www.alliesofhumanity.org\/hu\/the-briefings\/book-two\/the-influence-upon-humanity\/","url":"https:\/\/www.alliesofhumanity.org\/hu\/the-briefings\/book-two\/the-influence-upon-humanity\/","name":"The ET Influence Upon Humanity: Promises of power, peace, and wealth","isPartOf":{"@id":"https:\/\/www.alliesofhumanity.org\/hu\/#website"},"datePublished":"2021-05-13T22:41:52+00:00","dateModified":"2023-12-04T22:36:47+00:00","description":"The overall goal is the domination and subjugation of humanity, via promises of power, peace and wealth to those in positions of power.","breadcrumb":{"@id":"https:\/\/www.alliesofhumanity.org\/hu\/the-briefings\/book-two\/the-influence-upon-humanity\/#breadcrumb"},"inLanguage":"hu","potentialAction":[{"@type":"ReadAction","target":["https:\/\/www.alliesofhumanity.org\/hu\/the-briefings\/book-two\/the-influence-upon-humanity\/"]}]},{"@type":"BreadcrumbList","@id":"https:\/\/www.alliesofhumanity.org\/hu\/the-briefings\/book-two\/the-influence-upon-humanity\/#breadcrumb","itemListElement":[{"@type":"ListItem","position":1,"name":"Jelent\u00e9shez","item":"https:\/\/www.alliesofhumanity.org\/hu\/the-briefings\/"},{"@type":"ListItem","position":2,"name":"Book Two","item":"https:\/\/www.alliesofhumanity.org\/hu\/the-briefings\/book-two\/"},{"@type":"ListItem","position":3,"name":"Harmadik Jelent\u00e9s: Az Emberis\u00e9gre Gyakorolt Hat\u00e1s"}]},{"@type":"WebSite","@id":"https:\/\/www.alliesofhumanity.org\/hu\/#website","url":"https:\/\/www.alliesofhumanity.org\/hu\/","name":"The Allies of Humanity","description":"","potentialAction":[{"@type":"SearchAction","target":{"@type":"EntryPoint","urlTemplate":"https:\/\/www.alliesofhumanity.org\/hu\/?s={search_term_string}"},"query-input":{"@type":"PropertyValueSpecification","valueRequired":true,"valueName":"search_term_string"}}],"inLanguage":"hu"}]}},"_links":{"self":[{"href":"https:\/\/www.alliesofhumanity.org\/hu\/wp-json\/wp\/v2\/pages\/17000","targetHints":{"allow":["GET"]}}],"collection":[{"href":"https:\/\/www.alliesofhumanity.org\/hu\/wp-json\/wp\/v2\/pages"}],"about":[{"href":"https:\/\/www.alliesofhumanity.org\/hu\/wp-json\/wp\/v2\/types\/page"}],"author":[{"embeddable":true,"href":"https:\/\/www.alliesofhumanity.org\/hu\/wp-json\/wp\/v2\/users\/23"}],"replies":[{"embeddable":true,"href":"https:\/\/www.alliesofhumanity.org\/hu\/wp-json\/wp\/v2\/comments?post=17000"}],"version-history":[{"count":4,"href":"https:\/\/www.alliesofhumanity.org\/hu\/wp-json\/wp\/v2\/pages\/17000\/revisions"}],"predecessor-version":[{"id":21624,"href":"https:\/\/www.alliesofhumanity.org\/hu\/wp-json\/wp\/v2\/pages\/17000\/revisions\/21624"}],"up":[{"embeddable":true,"href":"https:\/\/www.alliesofhumanity.org\/hu\/wp-json\/wp\/v2\/pages\/16991"}],"wp:attachment":[{"href":"https:\/\/www.alliesofhumanity.org\/hu\/wp-json\/wp\/v2\/media?parent=17000"}],"curies":[{"name":"wp","href":"https:\/\/api.w.org\/{rel}","templated":true}]}}