{"id":16861,"date":"2021-05-13T22:16:45","date_gmt":"2021-05-13T21:16:45","guid":{"rendered":"https:\/\/www.alliesofhumanity.org\/marshall-vian-summers\/"},"modified":"2021-05-13T22:16:51","modified_gmt":"2021-05-13T21:16:51","slug":"marshall-vian-summers","status":"publish","type":"page","link":"https:\/\/www.alliesofhumanity.org\/hu\/marshall-vian-summers\/","title":{"rendered":"Marshall Vian Summers"},"content":{"rendered":"\t\t<div data-elementor-type=\"wp-page\" data-elementor-id=\"16861\" class=\"elementor elementor-16861 elementor-2912\" data-elementor-post-type=\"page\">\t\t\t\t\t\t<section class=\"elementor-section elementor-top-section elementor-element elementor-element-7fac8697 elementor-section-boxed elementor-section-height-default elementor-section-height-default\" data-id=\"7fac8697\" data-element_type=\"section\">\t\t\t\t\t\t<div class=\"elementor-container elementor-column-gap-default\">\t\t\t\t\t<div class=\"elementor-column elementor-col-100 elementor-top-column elementor-element elementor-element-1195357f\" data-id=\"1195357f\" data-element_type=\"column\">\t\t\t<div class=\"elementor-widget-wrap elementor-element-populated\">\t\t\t\t\t\t<div class=\"elementor-element elementor-element-ba0d783 elementor-widget elementor-widget-text-editor\" data-id=\"ba0d783\" data-element_type=\"widget\" data-widget_type=\"text-editor.default\">\t\t\t\t<div class=\"elementor-widget-container\">\t\t\t\t\t\t\t\t\t<h5>\u00c9n m\u00e1r 35 \u00e9ve vagyok belemer\u00fclve a vall\u00e1sos tapasztalatokba. Ez egy roppant nagy terjedelm\u0171 \u00edr\u00e1sok t\u00e1rh\u00e1z\u00e1nak a befogad\u00e1s\u00e1t eredm\u00e9nyezte az emberi spiritualit\u00e1s term\u00e9szet\u00e9r\u0151l \u00e9s az emberis\u00e9g sors\u00e1r\u00f3l a Vil\u00e1gegyetemben l\u00e9v\u0151 intelligens \u00e9let nagyobb panor\u00e1m\u00e1j\u00e1n bel\u00fcl.<\/h5><p>Ezek az \u00edr\u00e1sok, melyek <a title=\"Go to newmessage.org\/hu\" href=\"https:\/\/newmessage.org\/hu\" target=\"_blank\" rel=\"noopener noreferrer\">A Tud\u00e1s \u00datja A Nagyobb K\u00f6z\u00f6ss\u00e9gben<\/a> cim\u0171 tan\u00edt\u00e1sokban vannak belefoglalva, egy teol\u00f3giai keretett tartalmaznak, amely sz\u00e1mba veszi az \u00e9let \u00e9s Isten jelenl\u00e9t\u00e9t a Nagyobb K\u00f6z\u00f6ss\u00e9gen bel\u00fcl, abban a hatalmas kiterjed\u00e9s\u0171 t\u00e9rben \u00e9s id\u0151ben, amit mi a Vil\u00e1gegyetem\u00fcnknek ismer\u00fcnk.<\/p><p>A kozmol\u00f3gia melyet \u00e9n fogadok sok \u00fczenetet tartalmaz, k\u00f6z\u00fcl\u00fck az egyik, hogy az emberis\u00e9g beleolvad\u00f3ban van az intelligens \u00e9let Nagyobb K\u00f6z\u00f6ss\u00e9g\u00e9be \u00e9s erre fel kell k\u00e9sz\u00fcln\u00fcnk. Az \u00fczenetben benne rejlik annak a meg\u00e9rt\u00e9se, hogy az emberis\u00e9g nincs egyed\u00fcl a Vil\u00e1gegyetemben, vagy ak\u00e1r m\u00e9g a saj\u00e1t vil\u00e1gunkon bel\u00fcl sem vagyunk egyed\u00fcl \u00e9s ezen a Nagyobb K\u00f6z\u00f6ss\u00e9gen bel\u00fcl az emberis\u00e9gnek lesznek bar\u00e1tai, versenyt\u00e1rsai \u00e9s ellenfelei.<\/p><p>Ez a nagyobb val\u00f3s\u00e1g 1997-ben dr\u00e1maian meg lett er\u0151s\u00edtve Az Emberis\u00e9g Sz\u00f6vets\u00e9gesei Jelent\u00e9s\u00e9nek els\u0151 sorozat\u00e1nak hirtelen \u00e9s v\u00e1ratlan k\u00f6zvet\u00edt\u00e9s\u00e9vel. H\u00e1rom \u00e9vvel kor\u00e1bban 1994-ben a <a title=\"Go to newmessage.org\" href=\"https:\/\/www.newmessage.org\/the-message\/volume-2\/greater-community-spirituality\" target=\"_blank\" rel=\"noopener noreferrer\">Nagyobb K\u00f6z\u00f6ss\u00e9gi Spiritualit\u00e1s-\u00daj Jelen\u00e9sek<\/a>cim\u0171 k\u00f6nyvemben megkaptam a teol\u00f3giai keretet a Sz\u00f6vets\u00e9gesek Jelent\u00e9s\u00e9nek meg\u00e9rt\u00e9s\u00e9hez. Ezen a ponton a spiritu\u00e1lis munk\u00e1lkod\u00e1somon \u00e9s \u00edr\u00e1saimon kereszt\u0171l ismert\u00e9 v\u00e1lt sz\u00e1momra, hogy az emberis\u00e9gnek vannak sz\u00f6vets\u00e9gesei a Vil\u00e1gegyetemben, aki agg\u00f3dnak a fajunk j\u00f3l\u00e9te \u00e9s j\u00f6v\u0151beli szabads\u00e1ga miatt.<\/p><p>Az el\u00f6ttem megmutatkoz\u00f3 egyre n\u00f6vekv\u0151 kozmol\u00f3gi\u00e1n bel\u00fcl az v\u00e1lt \u00e9rthet\u0151v\u00e9, hogy az intelligens \u00e9let t\u00f6rt\u00e9nelm\u00e9ben a Vil\u00e1gegyetemben az etikailag fejlett fajok k\u00f6teless\u00e9ge, hogy \u00f6r\u00f6ks\u00e9g\u00fcl hagyj\u00e1k a b\u00f6lcsess\u00e9g\u00fcket a fiatal felt\u00f6rekv\u0151 fajok sz\u00e1m\u00e1ra, mint amilyen a mi\u00e9nk is \u00e9s ennek a hagyat\u00e9knak a tov\u00e1bbad\u00e1sa, ezeknek a fiatal fajoknak az \u00fcgyeibe val\u00f3 k\u00f6zvetlen beavatkoz\u00e1sa \u00e9s k\u00f6zbenj\u00e1r\u00e1sa n\u00e9lk\u00fcl kell hogy megt\u00f6rt\u00e9njen. A sz\u00e1nd\u00e9k itt a t\u00e1j\u00e9koztat\u00e1s, nem a megzavar\u00e1s. Ez a \u201eb\u00f6lcsess\u00e9g \u00e1tad\u00e1s\u201d egy hossz\u00fa ideje fenn\u00e1ll\u00f3, etikus keretet k\u00e9pvisel a felt\u00f6rekv\u0151 fajok Kapcsolatfelv\u00e9tel\u00e9t illet\u0151en \u00e9s hogy ezt hogyan is kell kivitelezni. Az Emberis\u00e9g Sz\u00f6vets\u00e9gesei Jelent\u00e9s\u00e9nek k\u00e9t r\u00e9sze ennek a nem-beavatkoz\u00f3 \u00e9s etikus Kapcsolatfelv\u00e9tel modelj\u00e9nek az egy\u00e9rtelm\u0171 bemutat\u00e1sa. Ennek a modelnek kell lennie az \u00edr\u00e1nyad\u00f3 f\u00e9nynek \u00e9s mint\u00e1nak, amit a t\u00f6bbi fajokt\u00f3l el kell v\u00e1rjunk a vel\u00fcnk val\u00f3 kapcsolatfelv\u00e9tellel vagy a vil\u00e1gunk l\u00e1togat\u00e1s\u00e1val kapcsolatban. Ennek az etikus Kapcsolatfelf\u00e9telnek a bemutat\u00e1sa m\u00e9gis \u00e9les ellent\u00e9tben \u00e1ll a Beavatkoz\u00e1ssal, ami ma a vil\u00e1gban t\u00f6rt\u00e9nik.<\/p><p>Egy t\u00falzottan kiszolg\u00e1ltatott helyzet fel\u00e9 haladunk. Az er\u0151forr\u00e1sok kimer\u00fcl\u00e9s\u00e9nek k\u00eds\u00e9rt\u00e9s\u00e9vel, a k\u00f6rnyezet pusztul\u00e1s\u00e1val \u00e9s a emberi csal\u00e1d tov\u00e1bbi sz\u00e9thull\u00e1s\u00e1nak kock\u00e1zat\u00e1val, ez minden nappal n\u00f6vekszik, a Beavatkoz\u00e1sra \u00e9rettek vagyunk. L\u00e1tsz\u00f3lagos elszigetelts\u00e9gben \u00e9l\u00fcnk egy gazdag \u00e9s \u00e9rt\u00e9kes vil\u00e1gban, amely a partjainkon t\u00falr\u00f3l m\u00e1sok \u00e1ltal \u00e1h\u00edtott. A figyelm\u00fcnk el van terelve \u00e9s megosztottak vagyunk \u00e9s nem l\u00e1tjuk meg a hat\u00e1rainkn\u00e1l l\u00e9v\u0151 beavatkoz\u00e1sok nagy vesz\u00e9ly\u00e9t. Ez egy olyan jelens\u00e9g, amit a t\u00f6rt\u00e9nelem \u00fajra \u00e9s \u00fajra megism\u00e9telt az elszigetelt \u0151shonos emberek sors\u00e1t illet\u0151en, akik el\u0151sz\u00f6r n\u00e9ztek szembe a beavatkoz\u00e1ssal. A Vil\u00e1gegyetemben l\u00e9v\u0151 intelligens \u00e9let erej\u00e9vel \u00e9s j\u00f3t\u00e9konys\u00e1g\u00e1val kapcsolatos felt\u00e9telez\u00e9seink nem re\u00e1lisak. \u00c9s mi csak most kezdt\u00fck el sz\u00e1mba venni a vil\u00e1gunkban a saj\u00e1t magunk \u00e1ltal el\u0151id\u00e9zett \u00e1llapotot.<\/p><p class=\"float-left\"><img decoding=\"async\" src=\"https:\/\/www.alliesofhumanity.org\/wp-content\/uploads\/2020\/06\/mvs-greater-power-decisive-action.jpg\" alt=\"\" \/><\/p><p>A n\u00e9pszer\u0171tlen igazs\u00e1g az, hogy az emberi csal\u00e1d nem \u00e1ll k\u00e9szen a Kapcsolatfelv\u00e9tel k\u00f6zvetlen megtapasztal\u00e1s\u00e1ra \u00e9s semmik\u00e9ppen sem \u00e1ll k\u00e9szen a Beavatkoz\u00e1sra. El\u0151sz\u00f6r a saj\u00e1t h\u00e1zunk t\u00e1j\u00e9k\u00e1n kell rendet tenni. Mi m\u00e9g nem rendelkez\u00fcnk azzal a faji \u00e9rets\u00e9ggel, hogy az egys\u00e9g, az er\u0151 \u00e9s a tiszt\u00e1nl\u00e1t\u00e1s poz\u00edci\u00f3j\u00e1b\u00f3l vegy\u00fcnk r\u00e9sz a Nagyobb K\u00f6z\u00f6ss\u00e9g m\u00e1s fajaival. \u00c9s addig am\u00edg egy ilyen poz\u00edci\u00f3t el tudunk \u00e9rni, ha valaha el tudjuk \u00e9rni, add\u00edg semmilyen faj ne pr\u00f3b\u00e1ljon meg k\u00f6zvetlen\u00fcl beavatkozni a vil\u00e1gunkba. A Sz\u00f6vets\u00e9gesek nagyon is sz\u00fcks\u00e9ges b\u00f6lcsess\u00e9ggel \u00e9s megl\u00e1t\u00e1ssal l\u00e1tnak el minket, de m\u00e9gsem avatkoznak bele. \u0150k azt mondj\u00e1k, hogy a sorsunk a saj\u00e1t kez\u00fcnkben van \u00e9s ott is kell lennie. Ilyen a szabads\u00e1g terhe a Vil\u00e1gegyetemben.<\/p><p>Azonban a k\u00e9szenl\u00e9t\u00fcnk hi\u00e1ny\u00e1t\u00f3l f\u00fcggetlen\u00fcl, Beavatkoz\u00e1s t\u00f6rt\u00e9nik. Az emberis\u00e9gnek most fel kell k\u00e9sz\u00fclnie erre, az emberi t\u00f6rt\u00e9nelemben a legnagyobb k\u00f6vetkezm\u00e9nyekkel j\u00e1r\u00f3 k\u00fcsz\u00f6bre. Ahelyett, hogy csak alkalmi tan\u00fai lenn\u00e9nk ennek a jelens\u00e9gnek, mi ennek a teljes k\u00f6zep\u00e9n vagyunk. Ak\u00e1r tudat\u00e1ban vagyunk ak\u00e1r nem, ez az esem\u00e9ny folyamatban van. \u00c9s meg van az ereje ahhoz, hogy megv\u00e1ltoztassa az emberis\u00e9g sz\u00e1m\u00e1ra a kimenetelt. \u00c9s mindez azzal van \u00f6sszef\u00fcggesben, hogy kik vagyunk \u00e9s mi\u00e9rt vagyunk itt a vil\u00e1gban ebben az id\u0151ben.<\/p><p>A Tud\u00e1s \u00datja A Nagyobb K\u00f6z\u00f6ss\u00e9gben meg lett adva, hogy mind tan\u00edt\u00e1st, mind felk\u00e9sz\u00fcl\u00e9st ny\u00fajtson, amely sz\u00fcks\u00e9ges ahhoz, hogy szembe tudjunk n\u00e9zni ezzel a nagy k\u00fcsz\u00f6bbel, hogy meg\u00fajj\u00edtsuk az emberi szellemet \u00e9s egy \u00faj halad\u00e1si utat \u00e1ll\u00edtson fel az emberi csal\u00e1d sz\u00e1m\u00e1ra. Ez az emberi egys\u00e9g \u00e9s egy\u00fcttm\u0171k\u00f6d\u00e9s sz\u00fcks\u00e9g\u00e9nek fontoss\u00e1g\u00e1r\u00f3l, a Tud\u00e1s els\u0151bbs\u00e9g\u00e9r\u0151l, a spiritu\u00e1lis intelligenci\u00e1nkr\u00f3l, \u00e9s a nagyobb felel\u0151ss\u00e9gr\u0151l sz\u00f3l, melyet most az \u0171r k\u00fcsz\u00f6b\u00e9n\u00e9l fel kell v\u00e1llalnunk. A minden \u00e9let Teremt\u0151j\u00e9nek \u00daj \u00dczenet\u00e9t k\u00e9pviseli.<\/p><p>Az \u00e9n k\u00fcldet\u00e9sem, hogy ezt a nagyobb kozmol\u00f3gi\u00e1t \u00e9s felk\u00e9sz\u00fcl\u00e9st a vil\u00e1gba hozzam \u00e9s ezzel eggy\u00fctt egy \u00faj rem\u00e9nyt \u00e9s \u00edg\u00e9retet hozzak a k\u00fcszk\u00f6d\u0151 emberis\u00e9g sz\u00e1m\u00e1ra. A hossz\u00fa felk\u00e9sz\u00fcl\u00e9sem \u00e9s a Tud\u00e1s \u00datja A Nagyobb K\u00f6z\u00f6ss\u00e9gben l\u00e9v\u0151 m\u00e9rhetetlen tan\u00edt\u00e1sa e c\u00e9l\u00e9rt van itt. Az Emberis\u00e9g Sz\u00f6vets\u00e9geseinek Jelent\u00e9sei csak egy kis r\u00e9sze a nagyobb \u00fczenetnek. Itt az ideje, hogy v\u00e9get vess\u00fcnk a sz\u00fcntelen konfliktusoknak \u00e9s hogy felk\u00e9sz\u00fclj\u00fcnk a Nagyobb K\u00f6z\u00f6ss\u00e9gben l\u00e9v\u0151 \u00e9letre. Ahhoz, hogy ezt megtegy\u00fck, egy \u00faj meg\u00e9rt\u00e9sre van sz\u00fcks\u00e9g\u00fcnk saj\u00e1t magunkr\u00f3l, mint egy ember \u2013 egy lelk\u00fclettel sz\u00fcletett, ennek a vil\u00e1g \u0151shonos emberei \u2013 \u00e9s mint egy kiszolg\u00e1ltatott helyzetben l\u00e9v\u0151 fiatal, felt\u00f6rekv\u0151 faj a Vil\u00e1gegyetemben. Ez az \u00e9n \u00fczenetem az emberis\u00e9g sz\u00e1m\u00e1ra \u00e9s ez az ami\u00e9rt j\u00f6ttem.<\/p><p class=\"image-quote float-right\"><img decoding=\"async\" src=\"https:\/\/www.alliesofhumanity.org\/wp-content\/uploads\/2020\/12\/quote-mvs.png\" alt=\"\" \/><\/p><blockquote id=\"quote-3\" class=\"text-quote float-right bg-gray\">Egy t\u00falzottan kiszolg\u00e1ltatott helyzet fel\u00e9 haladunk. Az er\u0151forr\u00e1sok kimer\u00fcl\u00e9s\u00e9nek k\u00eds\u00e9rt\u00e9s\u00e9vel, a k\u00f6rnyezet pusztul\u00e1s\u00e1val \u00e9s a emberi csal\u00e1d tov\u00e1bbi sz\u00e9thull\u00e1s\u00e1nak kock\u00e1zat\u00e1val, ez minden nappal n\u00f6vekszik, a Beavatkoz\u00e1sra \u00e9rettek vagyunk.<\/blockquote><p>&nbsp;<\/p><p align=\"center\"><b> Marshall Vian Summers<\/b><\/p><p align=\"center\"><a title=\"Go to marshallsummers.com\" href=\"https:\/\/www.marshallsummers.com\/\" target=\"_blank\" rel=\"noopener noreferrer\">marshallsummers.com<\/a><\/p>\t\t\t\t\t\t\t\t<\/div>\t\t\t\t<\/div>\t\t\t\t\t<\/div>\t\t<\/div>\t\t\t\t\t<\/div>\t\t<\/section>\t\t\t\t<\/div><p>\t\t<\/p>","protected":false},"excerpt":{"rendered":"<p>\u00c9n m\u00e1r 35 \u00e9ve vagyok belemer\u00fclve a vall\u00e1sos tapasztalatokba. Ez egy roppant nagy terjedelm\u0171 \u00edr\u00e1sok t\u00e1rh\u00e1z\u00e1nak a befogad\u00e1s\u00e1t eredm\u00e9nyezte az emberi spiritualit\u00e1s term\u00e9szet\u00e9r\u0151l \u00e9s az emberis\u00e9g sors\u00e1r\u00f3l a Vil\u00e1gegyetemben l\u00e9v\u0151 intelligens \u00e9let nagyobb panor\u00e1m\u00e1j\u00e1n bel\u00fcl. Ezek az \u00edr\u00e1sok, melyek A Tud\u00e1s \u00datja A Nagyobb K\u00f6z\u00f6ss\u00e9gben cim\u0171 tan\u00edt\u00e1sokban vannak belefoglalva, egy teol\u00f3giai keretett tartalmaznak, amely sz\u00e1mba [&hellip;]<\/p>\n","protected":false},"author":2,"featured_media":0,"parent":0,"menu_order":4,"comment_status":"closed","ping_status":"closed","template":"page.php","meta":{"_acf_changed":false,"footnotes":""},"class_list":["post-16861","page","type-page","status-publish","hentry"],"acf":[],"yoast_head":"<!-- This site is optimized with the Yoast SEO plugin v26.5 - https:\/\/yoast.com\/wordpress\/plugins\/seo\/ -->\n<title>Marshall Vian Summers | The Allies of Humanity Briefings<\/title>\n<meta name=\"description\" content=\"Marshall Vian Summers has received a vast body of writings about the reality of extraterrestrial contact, spirituality and human destiny.\" \/>\n<meta name=\"robots\" content=\"index, follow, max-snippet:-1, max-image-preview:large, max-video-preview:-1\" \/>\n<link rel=\"canonical\" href=\"https:\/\/www.alliesofhumanity.org\/hu\/marshall-vian-summers\/\" \/>\n<meta property=\"og:locale\" content=\"hu_HU\" \/>\n<meta property=\"og:type\" content=\"article\" \/>\n<meta property=\"og:title\" content=\"Marshall Vian Summers | The Allies of Humanity Briefings\" \/>\n<meta property=\"og:description\" content=\"Marshall Vian Summers has received a vast body of writings about the reality of extraterrestrial contact, spirituality and human destiny.\" \/>\n<meta property=\"og:url\" content=\"https:\/\/www.alliesofhumanity.org\/hu\/marshall-vian-summers\/\" \/>\n<meta property=\"og:site_name\" content=\"The Allies of Humanity\" \/>\n<meta property=\"article:publisher\" content=\"https:\/\/www.facebook.com\/alliesofhumanity\/\" \/>\n<meta property=\"article:modified_time\" content=\"2021-05-13T21:16:51+00:00\" \/>\n<meta property=\"og:image\" content=\"https:\/\/www.alliesofhumanity.org\/wp-content\/uploads\/2021\/01\/og-socialmedia-aoh.jpg\" \/>\n\t<meta property=\"og:image:width\" content=\"1200\" \/>\n\t<meta property=\"og:image:height\" content=\"630\" \/>\n\t<meta property=\"og:image:type\" content=\"image\/jpeg\" \/>\n<meta name=\"twitter:card\" content=\"summary_large_image\" \/>\n<meta name=\"twitter:title\" content=\"Marshall Vian Summers | The Allies of Humanity Briefings\" \/>\n<meta name=\"twitter:site\" content=\"@earthallies\" \/>\n<meta name=\"twitter:label1\" content=\"Becs\u00fclt olvas\u00e1si id\u0151\" \/>\n\t<meta name=\"twitter:data1\" content=\"7 perc\" \/>\n<script type=\"application\/ld+json\" class=\"yoast-schema-graph\">{\"@context\":\"https:\/\/schema.org\",\"@graph\":[{\"@type\":\"WebPage\",\"@id\":\"https:\/\/www.alliesofhumanity.org\/hu\/marshall-vian-summers\/\",\"url\":\"https:\/\/www.alliesofhumanity.org\/hu\/marshall-vian-summers\/\",\"name\":\"Marshall Vian Summers | The Allies of Humanity Briefings\",\"isPartOf\":{\"@id\":\"https:\/\/www.alliesofhumanity.org\/hu\/#website\"},\"datePublished\":\"2021-05-13T21:16:45+00:00\",\"dateModified\":\"2021-05-13T21:16:51+00:00\",\"description\":\"Marshall Vian Summers has received a vast body of writings about the reality of extraterrestrial contact, spirituality and human destiny.\",\"inLanguage\":\"hu\",\"potentialAction\":[{\"@type\":\"ReadAction\",\"target\":[\"https:\/\/www.alliesofhumanity.org\/hu\/marshall-vian-summers\/\"]}]},{\"@type\":\"WebSite\",\"@id\":\"https:\/\/www.alliesofhumanity.org\/hu\/#website\",\"url\":\"https:\/\/www.alliesofhumanity.org\/hu\/\",\"name\":\"The Allies of Humanity\",\"description\":\"\",\"potentialAction\":[{\"@type\":\"SearchAction\",\"target\":{\"@type\":\"EntryPoint\",\"urlTemplate\":\"https:\/\/www.alliesofhumanity.org\/hu\/?s={search_term_string}\"},\"query-input\":{\"@type\":\"PropertyValueSpecification\",\"valueRequired\":true,\"valueName\":\"search_term_string\"}}],\"inLanguage\":\"hu\"}]}<\/script>\n<!-- \/ Yoast SEO plugin. -->","yoast_head_json":{"title":"Marshall Vian Summers | The Allies of Humanity Briefings","description":"Marshall Vian Summers has received a vast body of writings about the reality of extraterrestrial contact, spirituality and human destiny.","robots":{"index":"index","follow":"follow","max-snippet":"max-snippet:-1","max-image-preview":"max-image-preview:large","max-video-preview":"max-video-preview:-1"},"canonical":"https:\/\/www.alliesofhumanity.org\/hu\/marshall-vian-summers\/","og_locale":"hu_HU","og_type":"article","og_title":"Marshall Vian Summers | The Allies of Humanity Briefings","og_description":"Marshall Vian Summers has received a vast body of writings about the reality of extraterrestrial contact, spirituality and human destiny.","og_url":"https:\/\/www.alliesofhumanity.org\/hu\/marshall-vian-summers\/","og_site_name":"The Allies of Humanity","article_publisher":"https:\/\/www.facebook.com\/alliesofhumanity\/","article_modified_time":"2021-05-13T21:16:51+00:00","og_image":[{"width":1200,"height":630,"url":"https:\/\/www.alliesofhumanity.org\/wp-content\/uploads\/2021\/01\/og-socialmedia-aoh.jpg","type":"image\/jpeg"}],"twitter_card":"summary_large_image","twitter_title":"Marshall Vian Summers | The Allies of Humanity Briefings","twitter_site":"@earthallies","twitter_misc":{"Becs\u00fclt olvas\u00e1si id\u0151":"7 perc"},"schema":{"@context":"https:\/\/schema.org","@graph":[{"@type":"WebPage","@id":"https:\/\/www.alliesofhumanity.org\/hu\/marshall-vian-summers\/","url":"https:\/\/www.alliesofhumanity.org\/hu\/marshall-vian-summers\/","name":"Marshall Vian Summers | The Allies of Humanity Briefings","isPartOf":{"@id":"https:\/\/www.alliesofhumanity.org\/hu\/#website"},"datePublished":"2021-05-13T21:16:45+00:00","dateModified":"2021-05-13T21:16:51+00:00","description":"Marshall Vian Summers has received a vast body of writings about the reality of extraterrestrial contact, spirituality and human destiny.","inLanguage":"hu","potentialAction":[{"@type":"ReadAction","target":["https:\/\/www.alliesofhumanity.org\/hu\/marshall-vian-summers\/"]}]},{"@type":"WebSite","@id":"https:\/\/www.alliesofhumanity.org\/hu\/#website","url":"https:\/\/www.alliesofhumanity.org\/hu\/","name":"The Allies of Humanity","description":"","potentialAction":[{"@type":"SearchAction","target":{"@type":"EntryPoint","urlTemplate":"https:\/\/www.alliesofhumanity.org\/hu\/?s={search_term_string}"},"query-input":{"@type":"PropertyValueSpecification","valueRequired":true,"valueName":"search_term_string"}}],"inLanguage":"hu"}]}},"_links":{"self":[{"href":"https:\/\/www.alliesofhumanity.org\/hu\/wp-json\/wp\/v2\/pages\/16861","targetHints":{"allow":["GET"]}}],"collection":[{"href":"https:\/\/www.alliesofhumanity.org\/hu\/wp-json\/wp\/v2\/pages"}],"about":[{"href":"https:\/\/www.alliesofhumanity.org\/hu\/wp-json\/wp\/v2\/types\/page"}],"author":[{"embeddable":true,"href":"https:\/\/www.alliesofhumanity.org\/hu\/wp-json\/wp\/v2\/users\/2"}],"replies":[{"embeddable":true,"href":"https:\/\/www.alliesofhumanity.org\/hu\/wp-json\/wp\/v2\/comments?post=16861"}],"version-history":[{"count":1,"href":"https:\/\/www.alliesofhumanity.org\/hu\/wp-json\/wp\/v2\/pages\/16861\/revisions"}],"predecessor-version":[{"id":16929,"href":"https:\/\/www.alliesofhumanity.org\/hu\/wp-json\/wp\/v2\/pages\/16861\/revisions\/16929"}],"wp:attachment":[{"href":"https:\/\/www.alliesofhumanity.org\/hu\/wp-json\/wp\/v2\/media?parent=16861"}],"curies":[{"name":"wp","href":"https:\/\/api.w.org\/{rel}","templated":true}]}}